{"id":18854,"date":"2024-03-13T17:14:16","date_gmt":"2024-03-13T16:14:16","guid":{"rendered":"https:\/\/www.implantes-capilares.com\/experience-dimplant-capillaire\/"},"modified":"2025-01-04T16:41:16","modified_gmt":"2025-01-04T15:41:16","slug":"experience-dimplant-capillaire__trashed","status":"publish","type":"page","link":"https:\/\/www.implantes-capilares.com\/fr\/experience-dimplant-capillaire__trashed\/","title":{"rendered":"Exp\u00e9rience d\u2019implant capillaire"},"content":{"rendered":"\t\t<div data-elementor-type=\"wp-page\" data-elementor-id=\"18854\" class=\"elementor elementor-18854 elementor-15395\" data-elementor-post-type=\"page\">\n\t\t\t\t\t\t<section data-particle_enable=\"false\" data-particle-mobile-disabled=\"false\" class=\"elementor-section elementor-top-section elementor-element elementor-element-fba93a elementor-section-boxed elementor-section-height-default elementor-section-height-default\" data-id=\"fba93a\" data-element_type=\"section\">\n\t\t\t\t\t\t<div class=\"elementor-container elementor-column-gap-default\">\n\t\t\t\t\t<div class=\"elementor-column elementor-col-100 elementor-top-column elementor-element elementor-element-7da6ed67\" data-id=\"7da6ed67\" data-element_type=\"column\">\n\t\t\t<div class=\"elementor-widget-wrap elementor-element-populated\">\n\t\t\t\t\t\t<div class=\"elementor-element elementor-element-2fc10c18 elementor-widget elementor-widget-heading\" data-id=\"2fc10c18\" data-element_type=\"widget\" data-widget_type=\"heading.default\">\n\t\t\t\t<div class=\"elementor-widget-container\">\n\t\t\t\t\t<h1 class=\"elementor-heading-title elementor-size-default\">Avant et apr\u00e8s une greffe de cheveux.\n\n<\/h1>\t\t\t\t<\/div>\n\t\t\t\t<\/div>\n\t\t\t\t<div class=\"elementor-element elementor-element-3d7a2320 elementor-widget elementor-widget-heading\" data-id=\"3d7a2320\" data-element_type=\"widget\" data-widget_type=\"heading.default\">\n\t\t\t\t<div class=\"elementor-widget-container\">\n\t\t\t\t\t<h2 class=\"elementor-heading-title elementor-size-default\">Photographies et r\u00e9sultats d\u2019un processus complet du 1er jour au 10e mois.\n\n<\/h2>\t\t\t\t<\/div>\n\t\t\t\t<\/div>\n\t\t\t\t\t<\/div>\n\t\t<\/div>\n\t\t\t\t\t<\/div>\n\t\t<\/section>\n\t\t\t\t<section data-particle_enable=\"false\" data-particle-mobile-disabled=\"false\" class=\"elementor-section elementor-top-section elementor-element elementor-element-38b8558e elementor-section-boxed elementor-section-height-default elementor-section-height-default\" data-id=\"38b8558e\" data-element_type=\"section\">\n\t\t\t\t\t\t<div class=\"elementor-container elementor-column-gap-default\">\n\t\t\t\t\t<div class=\"elementor-column elementor-col-50 elementor-top-column elementor-element elementor-element-57596710\" data-id=\"57596710\" data-element_type=\"column\">\n\t\t\t<div class=\"elementor-widget-wrap elementor-element-populated\">\n\t\t\t\t\t\t<div class=\"elementor-element elementor-element-3700a6b3 animated-fast elementor-invisible elementor-widget elementor-widget-text-editor\" data-id=\"3700a6b3\" data-element_type=\"widget\" data-settings=\"{&quot;_animation&quot;:&quot;fadeIn&quot;,&quot;_animation_delay&quot;:500}\" data-widget_type=\"text-editor.default\">\n\t\t\t\t<div class=\"elementor-widget-container\">\n\t\t\t\t\t\t\t\t\t<p>Ici, nous vous montrons avec des images \u00e0 <b>quoi ressemble un implant capillaire avec le processus complet du d\u00e9but jusqu&rsquo;a la fin et \u00e9crit de la main du propre patient.<\/b> Nous avons effectu\u00e9 une proc\u00e9dure de greffe de cheveux avec la technique <b> FUE \u00ab Saphir \u00bb<\/b>. 2572 unit\u00e9s folliculaires ont \u00e9t\u00e9 pr\u00e9lev\u00e9es et implant\u00e9es en une seule journ\u00e9e !<\/p><p>Nous sommes actuellement en mesure d\u2019effectuer des interventions allant jusqu\u2019\u00e0 4000 unit\u00e9s folliculaires (environ 8800 cheveux) en une seule journ\u00e9e. Cette nouvelle avanc\u00e9e permet au patient d\u2019\u00e9viter de passer deux jours en salle d\u2019op\u00e9ration (ce qui se fait habituellement dans de nombreuses cliniques d\u2019implants capillaires en Europe) et, surtout, d\u2019\u00e9conomiser une grosse somme d\u2019argent puisque le prix de l\u2019intervention diminue consid\u00e9rablement.<\/p><p>De plus, en appliquant ce nouveau syst\u00e8me dit FUE \u00ab Saphir \u00bb, <b>nous avons consid\u00e9rablement am\u00e9lior\u00e9 la qualit\u00e9 du travail, <\/b>ce qui est absolument indispensable pour progresser dans ce domaine.<\/p>\t\t\t\t\t\t\t\t<\/div>\n\t\t\t\t<\/div>\n\t\t\t\t\t<\/div>\n\t\t<\/div>\n\t\t\t\t<div class=\"elementor-column elementor-col-50 elementor-top-column elementor-element elementor-element-48eb09d5\" data-id=\"48eb09d5\" data-element_type=\"column\">\n\t\t\t<div class=\"elementor-widget-wrap elementor-element-populated\">\n\t\t\t\t\t\t<div class=\"elementor-element elementor-element-02cfba2 elementor-widget elementor-widget-image\" data-id=\"02cfba2\" data-element_type=\"widget\" data-widget_type=\"image.default\">\n\t\t\t\t<div class=\"elementor-widget-container\">\n\t\t\t\t\t\t\t\t\t\t\t\t\t\t\t<img fetchpriority=\"high\" decoding=\"async\" width=\"1076\" height=\"824\" src=\"https:\/\/www.implantes-capilares.com\/wp-content\/uploads\/2022\/07\/caso-real-paciente-implante-de-pelo-en-MAY-Barcelona.jpg\" class=\"attachment-large size-large wp-image-15617\" alt=\"\" srcset=\"https:\/\/www.implantes-capilares.com\/wp-content\/uploads\/2022\/07\/caso-real-paciente-implante-de-pelo-en-MAY-Barcelona.jpg 1076w, https:\/\/www.implantes-capilares.com\/wp-content\/uploads\/2022\/07\/caso-real-paciente-implante-de-pelo-en-MAY-Barcelona-768x588.jpg 768w\" sizes=\"(max-width: 1076px) 100vw, 1076px\" \/>\t\t\t\t\t\t\t\t\t\t\t\t\t\t\t<\/div>\n\t\t\t\t<\/div>\n\t\t\t\t\t<\/div>\n\t\t<\/div>\n\t\t\t\t\t<\/div>\n\t\t<\/section>\n\t\t\t\t<section data-particle_enable=\"false\" data-particle-mobile-disabled=\"false\" class=\"elementor-section elementor-top-section elementor-element elementor-element-4f41b1e7 elementor-section-boxed elementor-section-height-default elementor-section-height-default\" data-id=\"4f41b1e7\" data-element_type=\"section\">\n\t\t\t\t\t\t<div class=\"elementor-container elementor-column-gap-default\">\n\t\t\t\t\t<div class=\"elementor-column elementor-col-100 elementor-top-column elementor-element elementor-element-7edde427\" data-id=\"7edde427\" data-element_type=\"column\">\n\t\t\t<div class=\"elementor-widget-wrap elementor-element-populated\">\n\t\t\t\t\t\t<div class=\"elementor-element elementor-element-f535638 elementor-widget elementor-widget-heading\" data-id=\"f535638\" data-element_type=\"widget\" data-widget_type=\"heading.default\">\n\t\t\t\t<div class=\"elementor-widget-container\">\n\t\t\t\t\t<h2 class=\"elementor-heading-title elementor-size-default\">R\u00e9cit rapide de mon histoire :<\/h2>\t\t\t\t<\/div>\n\t\t\t\t<\/div>\n\t\t\t\t<div class=\"elementor-element elementor-element-ed89ac3 elementor-widget elementor-widget-text-editor\" data-id=\"ed89ac3\" data-element_type=\"widget\" data-widget_type=\"text-editor.default\">\n\t\t\t\t<div class=\"elementor-widget-container\">\n\t\t\t\t\t\t\t\t\t<h4><a href=\"#antes\">* Avant de r\u00e9aliser un implant capillaire.<\/a><\/h4><h4><a href=\"#hacerse\">* Greffe de cheveux en Turquie ou en Espagne?<\/a><\/h4><h4><a href=\"#injerto\">* Greffe de cheveux en Espagne.<\/a><\/h4><h4><a href=\"#zona\">* Zone donneuse d\u2019une greffe de cheveux.<\/a><\/h4><h4><a href=\"#mi\">* Ma d\u00e9cision de me faire op\u00e9rer chez May \u00e0 <\/a><a href=\"#mi\">Barcelone.<\/a><\/h4><h4><a href=\"#preguntas\">* Questions \u00e0 poser \u00e0 une clinique capillaire.<\/a><\/h4><h4><a href=\"#proceso\">* Processus complet avec des photos avant et apr\u00e8s d\u2019un implant capillaire.<\/a><\/h4>\t\t\t\t\t\t\t\t<\/div>\n\t\t\t\t<\/div>\n\t\t\t\t<div class=\"elementor-element elementor-element-75b1062d animated-fast elementor-invisible elementor-widget elementor-widget-text-editor\" data-id=\"75b1062d\" data-element_type=\"widget\" data-settings=\"{&quot;_animation&quot;:&quot;fadeIn&quot;,&quot;_animation_delay&quot;:500}\" data-widget_type=\"text-editor.default\">\n\t\t\t\t<div class=\"elementor-widget-container\">\n\t\t\t\t\t\t\t\t\t<h2>Ci-dessous, je vais vous parler de mon exp\u00e9rience avec cette clinique.<\/h2><p>Je m\u2019appelle Javier Martin et je suis un vrai patient. La premi\u00e8re chose que vous vous demandez peut-\u00eatre est pourquoi j\u2019ai d\u00e9cid\u00e9 de partager mon exp\u00e9rience personnelle et mes photos de l\u2019ensemble du processus d\u2019un <strong>implant capillaire<\/strong>.<\/p><p>C&rsquo;est tout simple, je suis extr\u00eamement reconnaissant \u00e0 cette clinique qui m&rsquo;\u00e0 permit de <strong>r\u00e9cup\u00e9rer mon vrai visage<\/strong>, et je me suis port\u00e9 volontaire pour vous raconter comment s\u2019est d\u00e9roul\u00e9 le processus et toutes les questions qui se sont pos\u00e9es \u00e0 l\u2019\u00e9poque jusqu\u2019\u00e0 ce que<strong> mon probl\u00e8me de calvitie soit r\u00e9solut.<\/strong><\/p>\t\t\t\t\t\t\t\t<\/div>\n\t\t\t\t<\/div>\n\t\t\t\t<div class=\"elementor-element elementor-element-709db2fe elementor-widget elementor-widget-menu-anchor\" data-id=\"709db2fe\" data-element_type=\"widget\" data-widget_type=\"menu-anchor.default\">\n\t\t\t\t<div class=\"elementor-widget-container\">\n\t\t\t\t\t\t\t<div class=\"elementor-menu-anchor\" id=\"avant\"><\/div>\n\t\t\t\t\t\t<\/div>\n\t\t\t\t<\/div>\n\t\t\t\t<div class=\"elementor-element elementor-element-722612ee animated-fast elementor-invisible elementor-widget elementor-widget-text-editor\" data-id=\"722612ee\" data-element_type=\"widget\" data-settings=\"{&quot;_animation&quot;:&quot;fadeIn&quot;,&quot;_animation_delay&quot;:500}\" data-widget_type=\"text-editor.default\">\n\t\t\t\t<div class=\"elementor-widget-container\">\n\t\t\t\t\t\t\t\t\t<h3>Je pr\u00e9cise que je n\u2019ai pas \u00e9t\u00e9 pay\u00e9 pour donner ces explications et partager mon exp\u00e9rience personnelle&#8230;<\/h3><p>De plus, si vous avez besoin de me parler, la clinique peut vous donner mon num\u00e9ro de t\u00e9l\u00e9phone portable au cas o\u00f9 je pourrais vous aider pour quoique ce soit concernant le contenu que je vais partager avec vous ci-dessous (pour les incr\u00e9dules, je dois vous dire que lorsqu\u2019une personne comme moi \u00e0 tant souffert pour ce complexe, le fait d&rsquo;avoir pu r\u00e9soudre mon probl\u00e8me de calvitie, cela n\u2019a pas \u00e9t\u00e9 un probl\u00e8me pour moi de partager ici mon exp\u00e9rience afin de pour pouvoir aider toutes les personnes qui ont v\u00e9cu une situation similaire \u00e0 la mienne).<\/p>\t\t\t\t\t\t\t\t<\/div>\n\t\t\t\t<\/div>\n\t\t\t\t<div class=\"elementor-element elementor-element-7cbfd0c8 animated-fast elementor-invisible elementor-widget elementor-widget-text-editor\" data-id=\"7cbfd0c8\" data-element_type=\"widget\" data-settings=\"{&quot;_animation&quot;:&quot;fadeIn&quot;,&quot;_animation_delay&quot;:500}\" data-widget_type=\"text-editor.default\">\n\t\t\t\t<div class=\"elementor-widget-container\">\n\t\t\t\t\t\t\t\t\t<h2>Avant de r\u00e9aliser un implant capillaire.<\/h2><p>D\u2019abord, j\u2019ai \u00e9puis\u00e9 toutes les ressources avec les <strong>traitements capillaires<\/strong>\u00a0et j\u2019ai fait tout mon possible pour <strong>arr\u00eater ou diminuer la perte de cheveux et les fortifier<\/strong>, (cet article vous sera tr\u00e8s utile pour savoir quels <a href=\"https:\/\/www.implantes-capilares.com\/fr\/traitements-pour-la-perte-de-cheveux__trashed\/\"><span style=\"color: #ff6600;\">traitements capillaires&gt;&gt; <\/span><\/a>sont les plus efficaces) en allant \u00e0 des consultations sp\u00e9cialis\u00e9es sans aucun r\u00e9sultat et j\u2019ai m\u00eame \u00e9t\u00e9 tromp\u00e9 avec des traitements qui m\u2019ont \u00e9t\u00e9 vendus comme miraculeux (cela prendrait des heures a en parler) mais bon, l\u2019important est d&rsquo;avoir finalement pris la meilleure solution pour moi.<\/p><h3>Je me suis pos\u00e9 toutes sortes de questions telles que :<\/h3><p><strong>Quel est mon probl\u00e8me capillaire ?<\/strong><\/p><p><strong>Quelle peut \u00eatre la cause de la perte de cheveux ?<\/strong><\/p><p class=\"elementor-heading-title elementor-size-default\"><strong>Pourquoi la calvitie se produit-elle\u00a0?<\/strong><\/p><p>Dans mon cas pr\u00e9cis, j\u2019ai commenc\u00e9 \u00e0 perdre mes cheveux\u00a0 tr\u00e8s jeune (<strong>\u00e0 l\u2019\u00e2ge de 24 ans j\u2019\u00e9tais presque totalement chauve, <\/strong>chose que maintenant je n\u2019ai plus de mal \u00e0 reconna\u00eetre), et je crois que c\u2019est tr\u00e8s triste de se regarder dans le miroir si jeune et de ne pas se reconna\u00eetre. Avec l\u2019\u00e2ge on m\u00fbrit, mais dans mon cas je suis devenu complex\u00e9 (oui, maintenant vous allez vous dire, que c\u2019est un manque d\u2019estime de soi et bla, bla, bla&#8230;) mais il n&rsquo;y \u00e0 que la personne qui souffre qui sait ce que cela repr\u00e9sente.<\/p>\t\t\t\t\t\t\t\t<\/div>\n\t\t\t\t<\/div>\n\t\t\t\t<div class=\"elementor-element elementor-element-2d52a374 elementor-widget elementor-widget-menu-anchor\" data-id=\"2d52a374\" data-element_type=\"widget\" data-widget_type=\"menu-anchor.default\">\n\t\t\t\t<div class=\"elementor-widget-container\">\n\t\t\t\t\t\t\t<div class=\"elementor-menu-anchor\" id=\"devenir\"><\/div>\n\t\t\t\t\t\t<\/div>\n\t\t\t\t<\/div>\n\t\t\t\t<div class=\"elementor-element elementor-element-1750e9f0 animated-fast elementor-invisible elementor-widget elementor-widget-text-editor\" data-id=\"1750e9f0\" data-element_type=\"widget\" data-settings=\"{&quot;_animation&quot;:&quot;fadeIn&quot;,&quot;_animation_delay&quot;:500}\" data-widget_type=\"text-editor.default\">\n\t\t\t\t<div class=\"elementor-widget-container\">\n\t\t\t\t\t\t\t\t\t<h2>Quand j\u2019ai vraiment d\u00e9cid\u00e9 de d&rsquo;opter pour une solution d\u00e9finitive, le seul souhait \u00e0 \u00e9t\u00e9 <strong>de m&rsquo;implanter des cheveux<\/strong>.<\/h2><p>Vient maintenant la phase la plus fastidieuse et celle qui produit le plus de confusion et je vais vous expliquer pourquoi. Je vais sauter l\u2019\u00e9tape de vous expliquer quand j\u2019ai commenc\u00e9 \u00e0 chercher des informations et \u00e0 faire des recherches comme:<\/p><p><a href=\"https:\/\/www.implantes-capilares.com\/fr\/greffe-de-cheveux__trashed\/\"><span style=\"color: #ff6600;\"><strong>Qu\u2019est-ce qu\u2019une greffe de cheveux ?&gt;&gt;<\/strong><\/span><\/a><\/p><p class=\"elementor-heading-title elementor-size-default\"><a href=\"https:\/\/www.implantes-capilares.com\/como-se-hace-un-implante-capilar\/\"><span style=\"color: #ff6600;\"><strong>Comment se fait un implant capillaire ?&gt;&gt;<\/strong><\/span><\/a><\/p><p><span style=\"color: #ff6600;\"><strong>Combien d\u2019unit\u00e9s folliculaires sont n\u00e9cessaires pour une greffe de cheveux ? <\/strong><\/span><\/p><p><span style=\"color: #ff6600;\"><strong>O\u00f9 les cheveux sont-ils extraits pour une greffe de cheveux ? <\/strong><\/span><\/p><p><span style=\"color: #ff6600;\"><strong>Combien de temps dure la chirurgie de greffe de cheveux ?<\/strong><\/span><\/p><p><a href=\"https:\/\/www.implantes-capilares.com\/zona-donante\/\"><strong><span style=\"color: #ff6600;\">Qu\u2019est-ce que la zone donneuse ?&gt;&gt; <\/span><\/strong><\/a>et bien d\u2019autres questions, jusqu\u2019\u00e0 ce que vous soyez impliqu\u00e9 dans une spirale de questions continues et parfois sans issue, puisque sur internet&#8230;!!!\u00a0 Avec toute l&rsquo;information (aussi bonne que mauvaise) on ne sait plus quoi faire. Je pr\u00e9f\u00e8re donc vous donner mon avis sur la question, o\u00f9 faire une greffe de cheveux?<strong> En Turquie ou en Espagne?<\/strong><\/p>\t\t\t\t\t\t\t\t<\/div>\n\t\t\t\t<\/div>\n\t\t\t\t<div class=\"elementor-element elementor-element-7b67cfc0 animated-fast elementor-invisible elementor-widget elementor-widget-text-editor\" data-id=\"7b67cfc0\" data-element_type=\"widget\" data-settings=\"{&quot;_animation&quot;:&quot;fadeIn&quot;,&quot;_animation_delay&quot;:500}\" data-widget_type=\"text-editor.default\">\n\t\t\t\t<div class=\"elementor-widget-container\">\n\t\t\t\t\t\t\t\t\t<h2>Se faire greffer en Turquie ou en Espagne?<\/h2><p>Lorsque vous rencontrez quelqu\u2019un qui puisse vous parler de son exp\u00e9rience sur la fa\u00e7on de <strong>se faire greffer en Turquie, <\/strong>cela peut vous rassurer un peu plus, car honn\u00eatement, ce que vous voyez sur Internet peut faire peur. Oui, bien s\u00fbr, il y a de tr\u00e8s bonnes <strong>cliniques en Turquie<\/strong>, comme partout dans le monde, je pense, mais je laisse le prix pour plus tard.<\/p>\t\t\t\t\t\t\t\t<\/div>\n\t\t\t\t<\/div>\n\t\t\t\t<div class=\"elementor-element elementor-element-25f398c8 elementor-widget elementor-widget-menu-anchor\" data-id=\"25f398c8\" data-element_type=\"widget\" data-widget_type=\"menu-anchor.default\">\n\t\t\t\t<div class=\"elementor-widget-container\">\n\t\t\t\t\t\t\t<div class=\"elementor-menu-anchor\" id=\"greffage\"><\/div>\n\t\t\t\t\t\t<\/div>\n\t\t\t\t<\/div>\n\t\t\t\t<div class=\"elementor-element elementor-element-1d509f04 animated-fast elementor-invisible elementor-widget elementor-widget-text-editor\" data-id=\"1d509f04\" data-element_type=\"widget\" data-settings=\"{&quot;_animation&quot;:&quot;fadeIn&quot;,&quot;_animation_delay&quot;:500}\" data-widget_type=\"text-editor.default\">\n\t\t\t\t<div class=\"elementor-widget-container\">\n\t\t\t\t\t\t\t\t\t<p><strong>Vendre des op\u00e9rations de greffe de cheveux dans des agences de voyages ou chez des coiffeurs&#8230;<\/strong>\u00a0qu\u2019est-ce que vous voulez que je vous dise, (c\u2019est votre propre sant\u00e9 et une d\u00e9cision si difficile \u00e0 prendre), la v\u00e9rit\u00e9 est que cela ne m\u2019a pas donn\u00e9 confiance d\u00e8s le d\u00e9but. Tout semble tr\u00e8s beau, ils vous disent qu\u2019ils ont d\u00e9j\u00e0 vendu je ne sais quoi et je ne sais quoi d\u2019autre&#8230; Je ne remets pas en question cette pratique de vente. En Turquie, la v\u00e9rit\u00e9 est que si ce n\u2019\u00e9tait pas pour le prix, il n\u2019y a rien d\u2019autre que vous ne pouvez pas trouver en Espagne, ici aussi il y a des professionnels plus que qualifi\u00e9s (je le sais bien, pour avoir eu deux <strong>greffes de cheveux,<\/strong> apr\u00e8s avoir fait des recherches pendant un certain temps). Mais attention, soyez \u00e9galement prudent avec les cliniques capillaires en Espagne qui vous promettent <strong>des follicules illimit\u00e9s !<\/strong>\u00a0car ce n\u2019est pas le cas, car chaque personne a une <a href=\"https:\/\/www.implantes-capilares.com\/cuantos-implantes-de-pelo-se-pueden-hacer\/\"><br \/><span style=\"color: #ff6600;\"><strong>zone donneuse limit\u00e9e&gt;&gt;<\/strong>.<\/span><br \/><\/a><\/p>\t\t\t\t\t\t\t\t<\/div>\n\t\t\t\t<\/div>\n\t\t\t\t<div class=\"elementor-element elementor-element-238593f9 animated-fast elementor-invisible elementor-widget elementor-widget-text-editor\" data-id=\"238593f9\" data-element_type=\"widget\" data-settings=\"{&quot;_animation&quot;:&quot;fadeIn&quot;,&quot;_animation_delay&quot;:500}\" data-widget_type=\"text-editor.default\">\n\t\t\t\t<div class=\"elementor-widget-container\">\n\t\t\t\t\t\t\t\t\t<h2>Greffe de cheveux en Espagne.<\/h2><p>Il est temps de partager avec vous, pourquoi j\u2019ai d\u00e9cid\u00e9 de me faire <strong>greffer des cheveux en Espagne<\/strong> et non en Turquie.<\/p><p>Il faut \u00eatre r\u00e9aliste et si vous \u00eates chauve, n&rsquo;aez pas beaucoup d&rsquo;argent et que vous pensez que la solution est de voyager en Turquie parce que vous allez vous faire pousser une crini\u00e8re pour quelques milliers d\u2019euros, d\u00e9sol\u00e9, mais vous vous trompez lourdement.<\/p><p>Pour commencer, selon votre cas, vous aurez presque certainement besoin de deux interventions (si votre <strong>probl\u00e8me capillaire est un manque de cheveux sur tout le dessus de toute votre t\u00eate<\/strong>). Et c\u2019est l\u00e0 que j\u2019ai commenc\u00e9 \u00e0 me d\u00e9cider pour cette clinique.<\/p><h5>Prise de d\u00e9cision!<\/h5><p>D\u00e8s le premier instant, ils ont \u00e9t\u00e9 totalement honn\u00eates avec moi et <strong>m\u2019ont dit combien d\u2019implants j\u2019avais besoin et la viabilit\u00e9 de pouvoir faire une greffe de cheveux<\/strong>. Comme je l\u2019ai d\u00e9j\u00e0 mentionn\u00e9, j\u2019en ai fait deux, d\u2019abord \u00e0 l\u2019avant puis \u00e0 l\u2019arri\u00e8re. Jusque-l\u00e0, normal (m\u00eame si vous \u00eates terriblement d\u00e9\u00e7u de savoir que vous devez d\u00e9penser deux fois plus).<\/p>\t\t\t\t\t\t\t\t<\/div>\n\t\t\t\t<\/div>\n\t\t\t\t<div class=\"elementor-element elementor-element-177eb0d9 elementor-widget elementor-widget-menu-anchor\" data-id=\"177eb0d9\" data-element_type=\"widget\" data-widget_type=\"menu-anchor.default\">\n\t\t\t\t<div class=\"elementor-widget-container\">\n\t\t\t\t\t\t\t<div class=\"elementor-menu-anchor\" id=\"zone\"><\/div>\n\t\t\t\t\t\t<\/div>\n\t\t\t\t<\/div>\n\t\t\t\t<div class=\"elementor-element elementor-element-29b34e7f animated-fast elementor-invisible elementor-widget elementor-widget-text-editor\" data-id=\"29b34e7f\" data-element_type=\"widget\" data-settings=\"{&quot;_animation&quot;:&quot;fadeIn&quot;,&quot;_animation_delay&quot;:500}\" data-widget_type=\"text-editor.default\">\n\t\t\t\t<div class=\"elementor-widget-container\">\n\t\t\t\t\t\t\t\t\t<p><strong>Dans mon cas, j\u2019ai les cheveux tr\u00e8s fins et tr\u00e8s gras<\/strong>, et croyez-moi que c\u2019est un vrai probl\u00e8me puisque ce n\u2019est pas la m\u00eame chose que vous soyez <strong>chauve avec une bonne<a href=\"https:\/\/www.implantes-capilares.com\/zona-donante\/\"><span style=\"color: #ff6600;\"> zone donneuse&gt;&gt;<\/span><\/a>, ou que vous soyez chauve avec un autre probl\u00e8me.<\/strong> C\u2019est l\u00e0 qu\u2019ils doivent faire un diagnostic <a href=\"https:\/\/www.implantes-capilares.com\/fr\/?page_id=18804\"><span style=\"color: #ff6600;\"><strong>complet&gt;&gt;<\/strong><\/span><\/a> , pr\u00e9cis et \u00e9tudier le cas en d\u00e9tail, et pourquoi je vous dis cela ; parce quand votre zone donneuse est pauvre comme la mienne parce que vous avez les cheveux fins et les cheveux gras, il ne faut pas se tromper et prendre la bonne d\u00e9cision.<\/p>\t\t\t\t\t\t\t\t<\/div>\n\t\t\t\t<\/div>\n\t\t\t\t<div class=\"elementor-element elementor-element-6f9e21c0 animated-fast elementor-invisible elementor-widget elementor-widget-text-editor\" data-id=\"6f9e21c0\" data-element_type=\"widget\" data-settings=\"{&quot;_animation&quot;:&quot;fadeIn&quot;,&quot;_animation_delay&quot;:500}\" data-widget_type=\"text-editor.default\">\n\t\t\t\t<div class=\"elementor-widget-container\">\n\t\t\t\t\t\t\t\t\t<h2>Zone donneuse<\/h2><h3>La zone donneuse est l\u2019endroit o\u00f9 vos cheveux seront pr\u00e9lev\u00e9s (unit\u00e9s folliculaires est le terme correct).<\/h3><p>S\u2019ils ne font pas attention et ne sont pas pr\u00e9cis, votre r\u00eave est termin\u00e9 pour toujours (oui, c\u2019est difficile, mais c\u2019est la r\u00e9alit\u00e9). Si vous ne me croyez pas, faites des recherches sur les personnes qui sont all\u00e9es en Turquie et qui en sont revenues avec un autre probl\u00e8me encore plus compliqu\u00e9 (ils ont sacrifi\u00e9 la zone donneuse parce qu\u2019ils font des m\u00e9ga pr\u00e9l\u00e8vements, ne prenant pas soin de la zone donneuse afin d&rsquo;aller le plus vite possible), et vous savez pourquoi cela se produit g\u00e9n\u00e9ralement ; <strong>pour le prix<\/strong>.<\/p><p>Comme il s\u2019agit d\u2019un prix tr\u00e8s bas, ils ne s&rsquo;attardent pas sur les d\u00e9tails car le temps c&rsquo;est de l&rsquo;argent et il faut qu&rsquo;ils fassent un maximum de profit sans se soucier de votre bien-\u00eatre (je ne veux pas dire que toutes les cliniques sont les m\u00eames, car lorsque tant de gens y vont cela veut bien dire qu&rsquo;il y en \u00e0 aussi de bonnes. Mais si vous tombez sur une qui est mauvaise&#8230; vous allez vous retrouver avec un probl\u00e8me encore plus important.)<\/p><h3>Une exp\u00e9rience de plus.<\/h3><p>J\u2019ai vu et rencontr\u00e9 une personne du m\u00eame \u00e2ge que moi (enfin je ne suis plus si jeune que \u00e7a et depuis que j\u2019ai \u00e9t\u00e9 op\u00e9r\u00e9 \u00e7a fait quelques ann\u00e9es, h\u00e9h\u00e9), enfin, je continue ce que je voulais dire&#8230;<\/p>\t\t\t\t\t\t\t\t<\/div>\n\t\t\t\t<\/div>\n\t\t\t\t<div class=\"elementor-element elementor-element-3b035b24 elementor-widget elementor-widget-menu-anchor\" data-id=\"3b035b24\" data-element_type=\"widget\" data-widget_type=\"menu-anchor.default\">\n\t\t\t\t<div class=\"elementor-widget-container\">\n\t\t\t\t\t\t\t<div class=\"elementor-menu-anchor\" id=\"mon\"><\/div>\n\t\t\t\t\t\t<\/div>\n\t\t\t\t<\/div>\n\t\t\t\t<div class=\"elementor-element elementor-element-373ad1aa animated-fast elementor-invisible elementor-widget elementor-widget-text-editor\" data-id=\"373ad1aa\" data-element_type=\"widget\" data-settings=\"{&quot;_animation&quot;:&quot;fadeIn&quot;,&quot;_animation_delay&quot;:500}\" data-widget_type=\"text-editor.default\">\n\t\t\t\t<div class=\"elementor-widget-container\">\n\t\t\t\t\t\t\t\t\t<p>Cette personne \u00e9tait tr\u00e8s enthousiaste et maintenant elle se rend compte qu\u2019elle a d\u00fb faire toutes les <strong>retouches capillaires<\/strong> ici en Espagne, et non, il ne l&rsquo;\u00e0 pas fait pas dans cette clinique. Sa zone donneuse est tr\u00e8s ab\u00eem\u00e9e et il n&rsquo;\u00e0 pas pu faire une autre op\u00e9ration parce qu\u2019il a d\u00fb r\u00e9parer le d\u00e9sastre caus\u00e9 par la deuxi\u00e8me intervention durant laquelle ils ont implant\u00e9 des cheveux dans la zone donneuse pour la regarnir. Le pire, c\u2019est que vous remarquez que <strong>l\u2019implant n\u2019est pas naturel<\/strong> et que l\u2019arri\u00e8re de la t\u00eate (la <a href=\"https:\/\/www.implantes-capilares.com\/zona-donante\/\"><br \/><strong><br \/><span style=\"color: #ff6600;\">zone donneuse&gt;&gt;<\/span><br \/><\/strong><br \/><\/a>, on peut voir un manque de cheveux). Soyez donc tr\u00e8s prudent lorsque vous choisissez votre clinique pour faire un <strong>implant capillaire.<\/strong><\/p><p>Apr\u00e8s avoir partag\u00e9 avec vous jusqu\u2019\u00e0 pr\u00e9sent tous les aspects fondamentaux de mon processus, je finirais par vous raconter comment j\u2019ai \u00e9t\u00e9 trait\u00e9 dans cette <strong>clinique capillaire de Barcelone.<\/strong><\/p>\t\t\t\t\t\t\t\t<\/div>\n\t\t\t\t<\/div>\n\t\t\t\t<div class=\"elementor-element elementor-element-775faf6b animated-fast elementor-invisible elementor-widget elementor-widget-text-editor\" data-id=\"775faf6b\" data-element_type=\"widget\" data-settings=\"{&quot;_animation&quot;:&quot;fadeIn&quot;,&quot;_animation_delay&quot;:500}\" data-widget_type=\"text-editor.default\">\n\t\t\t\t<div class=\"elementor-widget-container\">\n\t\t\t\t\t\t\t\t\t<h2>Ma d\u00e9cision de me faire op\u00e9rer \u00e0 la clinique May \u00e0 Barcelone.<\/h2><p>J\u2019ai eu un <strong>expert capillaire<\/strong> qui s&rsquo;est charg\u00e9 de mener \u00e0 bien mon processus et aussi rencontr\u00e9 le m\u00e9decin avant l\u2019intervention. C&rsquo;est un aspect fondamental \u00e0 prendre en compte, me donnant une confiance totale avec les explications des avantages et des inconv\u00e9nients de mon <strong>intervention <\/strong>(comme je vous l\u2019ai d\u00e9j\u00e0 dit car j\u2019ai les cheveux fins, gras et une zone donneuse clairsem\u00e9e).<\/p><p>Un autre point en faveur de <span style=\"color: #000000;\"><strong>la clinique capillaire m\u00e9dicale MAY <\/strong><\/span>est qu\u2019ils vous garantissent les r\u00e9sultats par \u00e9crit (pour ce point il est pr\u00e9f\u00e9rable que vous consultiez la clinique, car ils vous l\u2019expliqueront en d\u00e9tail), mais fondamentalement, c\u2019est qu\u2019ils vous assurent la croissance de plus de 90% des cheveux implant\u00e9s. <strong>Un implant peut avoir un, deux, trois ou quatre cheveux<\/strong>.<\/p><h3><a href=\"https:\/\/maygmcapilar.com\/wp-content\/uploads\/2021\/11\/pelo-de-muneca-implante-capilar.jpg\"><img decoding=\"async\" class=\"wp-image-5457 size-thumbnail alignleft\" src=\"https:\/\/maygmcapilar.com\/wp-content\/uploads\/2021\/11\/pelo-de-muneca-implante-capilar-150x150.jpg\" alt=\"\" width=\"150\" height=\"150\" \/><\/a> <a href=\"https:\/\/maygmcapilar.com\/wp-content\/uploads\/2021\/11\/pelo-de-muneca-linea-artificial-implante-de-pelo.jpg\"><img decoding=\"async\" class=\"wp-image-5458 size-thumbnail alignleft\" src=\"https:\/\/maygmcapilar.com\/wp-content\/uploads\/2021\/11\/pelo-de-muneca-linea-artificial-implante-de-pelo-150x150.jpg\" alt=\"\" width=\"150\" height=\"150\" \/><\/a>C\u2019est le m\u00e9decin qui effectue l\u2019intervention et non les assistants ou techniciens.<\/h3><p>De plus je dois ajouter que la ligne frontale a \u00e9t\u00e9 faite naturellement (Ils \u00e9tudient votre cas pour que le r\u00e9sultat esth\u00e9tique soit totalement naturel), et ils ne font pas la ligne frontale totalement sym\u00e9trique (il faut surtout \u00e9viter d&rsquo;avoir une ligne frontale droite et r\u00e9guli\u00e8re et \u00e9viter absolument les redoutables \u00ab\u00a0cheveux de poup\u00e9e\u00a0\u00bb), car c&rsquo;est cela cela qui fait que tout le monde se rend compte que vous avez fait un <strong>implant de cheveux<\/strong> (oui, D\u2019accord, avoir des cheveux est plus que suffisant, mais le plus important c&rsquo;est la qualit\u00e9 des <strong>r\u00e9sultats dans une greffe de cheveux<\/strong>). En plus de l\u2019implant capillaire, j\u2019ai eu une <strong>mircopigmentation du cuir chevelu<\/strong> (il s\u2019agit essentiellement de recouvrir votre cuir chevelu de pigments pour le rendre plus fonc\u00e9, am\u00e9liorant encore votre apparence esth\u00e9tique).<\/p>\t\t\t\t\t\t\t\t<\/div>\n\t\t\t\t<\/div>\n\t\t\t\t<div class=\"elementor-element elementor-element-7bb48ba6 elementor-widget elementor-widget-menu-anchor\" data-id=\"7bb48ba6\" data-element_type=\"widget\" data-widget_type=\"menu-anchor.default\">\n\t\t\t\t<div class=\"elementor-widget-container\">\n\t\t\t\t\t\t\t<div class=\"elementor-menu-anchor\" id=\"Questionne\"><\/div>\n\t\t\t\t\t\t<\/div>\n\t\t\t\t<\/div>\n\t\t\t\t<div class=\"elementor-element elementor-element-2d9b80fa animated-fast elementor-invisible elementor-widget elementor-widget-text-editor\" data-id=\"2d9b80fa\" data-element_type=\"widget\" data-settings=\"{&quot;_animation&quot;:&quot;fadeIn&quot;,&quot;_animation_delay&quot;:500}\" data-widget_type=\"text-editor.default\">\n\t\t\t\t<div class=\"elementor-widget-container\">\n\t\t\t\t\t\t\t\t\t<h2>Questions \u00e0 poser \u00e0 une clinique capillaire.<\/h2><p>Je dois aussi vous dire que, lorsque vous faites des consultations dans d\u2019autres cliniques, il est important de leur poser des questions sur :<\/p><ol><li><strong>La qualit\u00e9 de l\u2019insertion.<\/strong><\/li><li>Mod\u00e8le d\u2019insertion.<\/li><li>Renseignez-vous sur vos cheveux d\u2019origine.<\/li><li>Comment est votre zone donneuse ? et quelle capacit\u00e9 elle \u00e0 !<\/li><li>Combien d\u2019unit\u00e9s folliculaires pouvez-vous pr\u00e9lever ?<\/li><li><strong>Manipulation d\u2019unit\u00e9s folliculaires.<\/strong><\/li><li><strong>Quel type d\u2019extraction et d\u2019implantation.<\/strong> Il est conseill\u00e9 d\u2019utiliser un micromoteur et une implantation avec une pointe Saphir ou implanteur DHI.<\/li><li><strong>Survie des greffons.<\/strong><\/li><li><strong>Zone de s\u00e9curit\u00e9 \u00ab d\u00e9pl\u00e9tion \u00bb<\/strong> (l\u2019appauvrissement de la zone signifie l\u2019\u00e9puisement de la zone donneuse, cela se produit lorsque la zone est surexploit\u00e9e par un implant capillaire). <strong>Ces facteurs sont tr\u00e8s importants pour avoir une bonne densit\u00e9 de cheveux<\/strong>, ainsi que, les cheveux natifs gardent une certaine homog\u00e9n\u00e9it\u00e9 avec les cheveux implant\u00e9s (demandez si les cheveux transplant\u00e9s tombent), il est pr\u00e9f\u00e9rable de poser cette question ainsi que celles que je mentionne ci-dessous directement, cependant, je vous recommande de lire l\u2019article publi\u00e9 sur ce site, <strong>Aller \u00e0 la publication&gt;&gt;<\/strong><\/li><\/ol><h3>J\u2019esp\u00e8re vous avoir aid\u00e9 avec mon exp\u00e9rience et les choses \u00e0 prendre en compte avant de vous faire greffer des cheveux.<\/h3><p>Je pourrais vous parler du <strong>temps qu\u2019il faut pour que les cheveux poussent <\/strong>(je vous invite \u00e0 jeter un \u0153il aux images que j\u2019ai laiss\u00e9es sur cette page concernant le processus complet d\u2019un implant capillaire), <strong>combien de temps durent les implants ? Les cheveux implant\u00e9s dans une greffe de cheveux peuvent-ils tomber ?,<\/strong> mais je pense qu&rsquo;il vaut mieux que cette partie vous la fassiez en contactant la clinique et en faisant votre propre diagnostic afin qu\u2019ils puissent r\u00e9pondre de mani\u00e8re personnalis\u00e9e.<\/p>\t\t\t\t\t\t\t\t<\/div>\n\t\t\t\t<\/div>\n\t\t\t\t<div class=\"elementor-element elementor-element-6b065ebb elementor-widget elementor-widget-menu-anchor\" data-id=\"6b065ebb\" data-element_type=\"widget\" data-widget_type=\"menu-anchor.default\">\n\t\t\t\t<div class=\"elementor-widget-container\">\n\t\t\t\t\t\t\t<div class=\"elementor-menu-anchor\" id=\"processus\"><\/div>\n\t\t\t\t\t\t<\/div>\n\t\t\t\t<\/div>\n\t\t\t\t<div class=\"elementor-element elementor-element-332a031 animated-fast elementor-invisible elementor-widget elementor-widget-text-editor\" data-id=\"332a031\" data-element_type=\"widget\" data-settings=\"{&quot;_animation&quot;:&quot;fadeIn&quot;,&quot;_animation_delay&quot;:500}\" data-widget_type=\"text-editor.default\">\n\t\t\t\t<div class=\"elementor-widget-container\">\n\t\t\t\t\t\t\t\t\t<p>Pour conclure et donner mon avis honn\u00eate, le plus important es de ne plus \u00eatre chauve, car comme je vous l\u2019ai dit plusieurs fois (mon degr\u00e9 de calvitie s&rsquo;\u00e9tendait sur toute la partie sup\u00e9rieure et le vertex ou la couronne), mais attention, ne pensez pas que vous allez avoir les cheveux que vous aviez quand vous \u00e9tiez jeune, car ce sera presque impossible, car la <strong>zone donneuse est limit\u00e9e<\/strong>. Mais si vous voulez retrouver votre v\u00e9ritable image en ayant des cheveux pour pouvoir couvrir toute votre t\u00eate (je ne vais pas rentrer dans les densit\u00e9s et j\u2019en passe&#8230; puisque chaque personne est un cas a part et r\u00e9agit d\u2019une mani\u00e8re diff\u00e9rente au traitement des <strong>implants capillaires<\/strong>).<\/p><p>Ahh, j\u2019oubliais, l\u2019avant et l\u2019apr\u00e8s d\u2019une <strong>greffe de cheveux<\/strong> sont tout aussi importants. Ce que je veux dire, c\u2019est qu&rsquo;il est important d&rsquo;avoir un suivi pendant la<strong> p\u00e9riode post-op\u00e9ratoire, les consultations, les doutes, le suivi et l\u2019\u00e9valuation.<\/strong><\/p>\t\t\t\t\t\t\t\t<\/div>\n\t\t\t\t<\/div>\n\t\t\t\t<div class=\"elementor-element elementor-element-49f147f elementor-widget elementor-widget-heading\" data-id=\"49f147f\" data-element_type=\"widget\" id=\"proceso\" data-widget_type=\"heading.default\">\n\t\t\t\t<div class=\"elementor-widget-container\">\n\t\t\t\t\t<h2 class=\"elementor-heading-title elementor-size-default\">Processus complet en photos.<\/h2>\t\t\t\t<\/div>\n\t\t\t\t<\/div>\n\t\t\t\t<div class=\"elementor-element elementor-element-7676112a elementor-widget elementor-widget-spacer\" data-id=\"7676112a\" data-element_type=\"widget\" data-widget_type=\"spacer.default\">\n\t\t\t\t<div class=\"elementor-widget-container\">\n\t\t\t\t\t\t\t<div class=\"elementor-spacer\">\n\t\t\t<div class=\"elementor-spacer-inner\"><\/div>\n\t\t<\/div>\n\t\t\t\t\t\t<\/div>\n\t\t\t\t<\/div>\n\t\t\t\t<div class=\"elementor-element elementor-element-13d92f6 elementor-hidden-desktop elementor-widget elementor-widget-gallery\" data-id=\"13d92f6\" data-element_type=\"widget\" data-settings=\"{&quot;aspect_ratio&quot;:&quot;1:1&quot;,&quot;columns_mobile&quot;:4,&quot;lazyload&quot;:&quot;yes&quot;,&quot;gallery_layout&quot;:&quot;grid&quot;,&quot;columns&quot;:4,&quot;columns_tablet&quot;:2,&quot;gap&quot;:{&quot;unit&quot;:&quot;px&quot;,&quot;size&quot;:10,&quot;sizes&quot;:[]},&quot;gap_tablet&quot;:{&quot;unit&quot;:&quot;px&quot;,&quot;size&quot;:10,&quot;sizes&quot;:[]},&quot;gap_mobile&quot;:{&quot;unit&quot;:&quot;px&quot;,&quot;size&quot;:10,&quot;sizes&quot;:[]},&quot;link_to&quot;:&quot;file&quot;,&quot;show_all_galleries&quot;:&quot;yes&quot;,&quot;overlay_background&quot;:&quot;yes&quot;,&quot;content_hover_animation&quot;:&quot;fade-in&quot;}\" data-widget_type=\"gallery.default\">\n\t\t\t\t<div class=\"elementor-widget-container\">\n\t\t\t\t\t\t\t\t<div class=\"elementor-gallery__titles-container e--pointer-underline e--animation-fade\" aria-label=\"Filtre de galerie\">\n\t\t\t\t\t\t\t\t\t<a class=\"elementor-item elementor-gallery-title\" role=\"button\" tabindex=\"0\" data-gallery-index=\"all\">\n\t\t\t\t\t\tTout\t\t\t\t\t<\/a>\n\t\t\t\t\n\t\t\t\t\t\t\t\t\t<a class=\"elementor-item elementor-gallery-title\" role=\"button\" tabindex=\"0\" data-gallery-index=\"0\">\n\t\t\t\t\t\tAvant\t\t\t\t\t<\/a>\n\t\t\t\t\t\t\t\t\t\t<a class=\"elementor-item elementor-gallery-title\" role=\"button\" tabindex=\"0\" data-gallery-index=\"1\">\n\t\t\t\t\t\t2\u00e8me jour\t\t\t\t\t<\/a>\n\t\t\t\t\t\t\t\t\t\t<a class=\"elementor-item elementor-gallery-title\" role=\"button\" tabindex=\"0\" data-gallery-index=\"2\">\n\t\t\t\t\t\t10\u00e8me jour\t\t\t\t\t<\/a>\n\t\t\t\t\t\t\t\t\t\t<a class=\"elementor-item elementor-gallery-title\" role=\"button\" tabindex=\"0\" data-gallery-index=\"3\">\n\t\t\t\t\t\t12\u00e8me jour\t\t\t\t\t<\/a>\n\t\t\t\t\t\t\t\t\t\t<a class=\"elementor-item elementor-gallery-title\" role=\"button\" tabindex=\"0\" data-gallery-index=\"4\">\n\t\t\t\t\t\t20 jours\t\t\t\t\t<\/a>\n\t\t\t\t\t\t\t\t\t\t<a class=\"elementor-item elementor-gallery-title\" role=\"button\" tabindex=\"0\" data-gallery-index=\"5\">\n\t\t\t\t\t\t2\u00e8me mois\t\t\t\t\t<\/a>\n\t\t\t\t\t\t\t\t\t\t<a class=\"elementor-item elementor-gallery-title\" role=\"button\" tabindex=\"0\" data-gallery-index=\"6\">\n\t\t\t\t\t\t3\u00e8me mois\t\t\t\t\t<\/a>\n\t\t\t\t\t\t\t\t\t\t<a class=\"elementor-item elementor-gallery-title\" role=\"button\" tabindex=\"0\" data-gallery-index=\"7\">\n\t\t\t\t\t\t6\u00e8me mois\t\t\t\t\t<\/a>\n\t\t\t\t\t\t\t\t\t\t<a class=\"elementor-item elementor-gallery-title\" role=\"button\" tabindex=\"0\" data-gallery-index=\"8\">\n\t\t\t\t\t\t7\u00e8me mois\t\t\t\t\t<\/a>\n\t\t\t\t\t\t\t\t\t\t<a class=\"elementor-item elementor-gallery-title\" role=\"button\" tabindex=\"0\" data-gallery-index=\"9\">\n\t\t\t\t\t\t8\u00e8me mois\t\t\t\t\t<\/a>\n\t\t\t\t\t\t\t\t\t\t<a class=\"elementor-item elementor-gallery-title\" role=\"button\" tabindex=\"0\" data-gallery-index=\"10\">\n\t\t\t\t\t\t9\u00e8me mois\t\t\t\t\t<\/a>\n\t\t\t\t\t\t\t\t\t\t<a class=\"elementor-item elementor-gallery-title\" role=\"button\" tabindex=\"0\" data-gallery-index=\"11\">\n\t\t\t\t\t\tRelooking\t\t\t\t\t<\/a>\n\t\t\t\t\t\t\t\t\t\t<a class=\"elementor-item elementor-gallery-title\" role=\"button\" tabindex=\"0\" data-gallery-index=\"12\">\n\t\t\t\t\t\tPhoto d\u2019un implant\t\t\t\t\t<\/a>\n\t\t\t\t\t\t\t\t<\/div>\n\t\t\t\t\t<div class=\"elementor-gallery__container\">\n\t\t\t\t\t\t\t<a class=\"e-gallery-item elementor-gallery-item elementor-animated-content\" data-e-gallery-tags=\"0\" href=\"https:\/\/www.implantes-capilares.com\/wp-content\/uploads\/2022\/07\/Antes-de-un-trasplante-de-pelo.jpg\" data-elementor-open-lightbox=\"yes\" data-elementor-lightbox-slideshow=\"13d92f6\" data-elementor-lightbox-title=\"Antes-de-un-trasplante-de-pelo.jpg\" data-e-action-hash=\"#elementor-action%3Aaction%3Dlightbox%26settings%3DeyJpZCI6MTU0MDAsInVybCI6Imh0dHBzOlwvXC93d3cuaW1wbGFudGVzLWNhcGlsYXJlcy5jb21cL3dwLWNvbnRlbnRcL3VwbG9hZHNcLzIwMjJcLzA3XC9BbnRlcy1kZS11bi10cmFzcGxhbnRlLWRlLXBlbG8uanBnIiwic2xpZGVzaG93IjoiMTNkOTJmNiJ9\">\n\t\t\t\t\t<div class=\"e-gallery-image elementor-gallery-item__image\" data-thumbnail=\"https:\/\/www.implantes-capilares.com\/wp-content\/uploads\/2022\/07\/Antes-de-un-trasplante-de-pelo.jpg\" data-width=\"800\" data-height=\"800\" aria-label=\"\" role=\"img\" ><\/div>\n\t\t\t\t\t\t\t\t\t\t\t<div class=\"elementor-gallery-item__overlay\"><\/div>\n\t\t\t\t\t\t\t\t\t\t\t\t\t\t<\/a>\n\t\t\t\t\t\t\t<a class=\"e-gallery-item elementor-gallery-item elementor-animated-content\" data-e-gallery-tags=\"0\" href=\"https:\/\/www.implantes-capilares.com\/wp-content\/uploads\/2022\/07\/Antes-de-una-operacion-capilar.jpg\" data-elementor-open-lightbox=\"yes\" data-elementor-lightbox-slideshow=\"13d92f6\" data-elementor-lightbox-title=\"Antes-de-una-operacion-capilar.jpg\" data-e-action-hash=\"#elementor-action%3Aaction%3Dlightbox%26settings%3DeyJpZCI6MTU0MDQsInVybCI6Imh0dHBzOlwvXC93d3cuaW1wbGFudGVzLWNhcGlsYXJlcy5jb21cL3dwLWNvbnRlbnRcL3VwbG9hZHNcLzIwMjJcLzA3XC9BbnRlcy1kZS11bmEtb3BlcmFjaW9uLWNhcGlsYXIuanBnIiwic2xpZGVzaG93IjoiMTNkOTJmNiJ9\">\n\t\t\t\t\t<div class=\"e-gallery-image elementor-gallery-item__image\" data-thumbnail=\"https:\/\/www.implantes-capilares.com\/wp-content\/uploads\/2022\/07\/Antes-de-una-operacion-capilar.jpg\" data-width=\"800\" data-height=\"800\" aria-label=\"\" role=\"img\" ><\/div>\n\t\t\t\t\t\t\t\t\t\t\t<div class=\"elementor-gallery-item__overlay\"><\/div>\n\t\t\t\t\t\t\t\t\t\t\t\t\t\t<\/a>\n\t\t\t\t\t\t\t<a class=\"e-gallery-item elementor-gallery-item elementor-animated-content\" data-e-gallery-tags=\"0\" href=\"https:\/\/www.implantes-capilares.com\/wp-content\/uploads\/2022\/07\/Antes-de-un-implante-de-pelo.jpg\" data-elementor-open-lightbox=\"yes\" data-elementor-lightbox-slideshow=\"13d92f6\" data-elementor-lightbox-title=\"Antes-de-un-implante-de-pelo.jpg\" data-e-action-hash=\"#elementor-action%3Aaction%3Dlightbox%26settings%3DeyJpZCI6MTU0MDgsInVybCI6Imh0dHBzOlwvXC93d3cuaW1wbGFudGVzLWNhcGlsYXJlcy5jb21cL3dwLWNvbnRlbnRcL3VwbG9hZHNcLzIwMjJcLzA3XC9BbnRlcy1kZS11bi1pbXBsYW50ZS1kZS1wZWxvLmpwZyIsInNsaWRlc2hvdyI6IjEzZDkyZjYifQ%3D%3D\">\n\t\t\t\t\t<div class=\"e-gallery-image elementor-gallery-item__image\" data-thumbnail=\"https:\/\/www.implantes-capilares.com\/wp-content\/uploads\/2022\/07\/Antes-de-un-implante-de-pelo.jpg\" data-width=\"800\" data-height=\"800\" aria-label=\"\" role=\"img\" ><\/div>\n\t\t\t\t\t\t\t\t\t\t\t<div class=\"elementor-gallery-item__overlay\"><\/div>\n\t\t\t\t\t\t\t\t\t\t\t\t\t\t<\/a>\n\t\t\t\t\t\t\t<a class=\"e-gallery-item elementor-gallery-item elementor-animated-content\" data-e-gallery-tags=\"0\" href=\"https:\/\/www.implantes-capilares.com\/wp-content\/uploads\/2022\/07\/Antes-de-un-injerto-de-pelo.jpg\" data-elementor-open-lightbox=\"yes\" data-elementor-lightbox-slideshow=\"13d92f6\" data-elementor-lightbox-title=\"Antes-de-un-injerto-de-pelo.jpg\" data-e-action-hash=\"#elementor-action%3Aaction%3Dlightbox%26settings%3DeyJpZCI6MTU0MTIsInVybCI6Imh0dHBzOlwvXC93d3cuaW1wbGFudGVzLWNhcGlsYXJlcy5jb21cL3dwLWNvbnRlbnRcL3VwbG9hZHNcLzIwMjJcLzA3XC9BbnRlcy1kZS11bi1pbmplcnRvLWRlLXBlbG8uanBnIiwic2xpZGVzaG93IjoiMTNkOTJmNiJ9\">\n\t\t\t\t\t<div class=\"e-gallery-image elementor-gallery-item__image\" data-thumbnail=\"https:\/\/www.implantes-capilares.com\/wp-content\/uploads\/2022\/07\/Antes-de-un-injerto-de-pelo.jpg\" data-width=\"800\" data-height=\"800\" aria-label=\"\" role=\"img\" ><\/div>\n\t\t\t\t\t\t\t\t\t\t\t<div class=\"elementor-gallery-item__overlay\"><\/div>\n\t\t\t\t\t\t\t\t\t\t\t\t\t\t<\/a>\n\t\t\t\t\t\t\t<a class=\"e-gallery-item elementor-gallery-item elementor-animated-content\" data-e-gallery-tags=\"0\" href=\"https:\/\/www.implantes-capilares.com\/wp-content\/uploads\/2022\/07\/antes-de-un-trasplante-capilar.jpg\" data-elementor-open-lightbox=\"yes\" data-elementor-lightbox-slideshow=\"13d92f6\" data-elementor-lightbox-title=\"antes-de-un-trasplante-capilar.jpg\" data-e-action-hash=\"#elementor-action%3Aaction%3Dlightbox%26settings%3DeyJpZCI6MTU0MTYsInVybCI6Imh0dHBzOlwvXC93d3cuaW1wbGFudGVzLWNhcGlsYXJlcy5jb21cL3dwLWNvbnRlbnRcL3VwbG9hZHNcLzIwMjJcLzA3XC9hbnRlcy1kZS11bi10cmFzcGxhbnRlLWNhcGlsYXIuanBnIiwic2xpZGVzaG93IjoiMTNkOTJmNiJ9\">\n\t\t\t\t\t<div class=\"e-gallery-image elementor-gallery-item__image\" data-thumbnail=\"https:\/\/www.implantes-capilares.com\/wp-content\/uploads\/2022\/07\/antes-de-un-trasplante-capilar.jpg\" data-width=\"800\" data-height=\"800\" aria-label=\"\" role=\"img\" ><\/div>\n\t\t\t\t\t\t\t\t\t\t\t<div class=\"elementor-gallery-item__overlay\"><\/div>\n\t\t\t\t\t\t\t\t\t\t\t\t\t\t<\/a>\n\t\t\t\t\t\t\t<a class=\"e-gallery-item elementor-gallery-item elementor-animated-content\" data-e-gallery-tags=\"1\" href=\"https:\/\/www.implantes-capilares.com\/wp-content\/uploads\/2022\/07\/Despues-de-un-trasplante-de-pelo.jpg\" data-elementor-open-lightbox=\"yes\" data-elementor-lightbox-slideshow=\"13d92f6\" data-elementor-lightbox-title=\"Despues-de-un-trasplante-de-pelo.jpg\" data-e-action-hash=\"#elementor-action%3Aaction%3Dlightbox%26settings%3DeyJpZCI6MTU0MjAsInVybCI6Imh0dHBzOlwvXC93d3cuaW1wbGFudGVzLWNhcGlsYXJlcy5jb21cL3dwLWNvbnRlbnRcL3VwbG9hZHNcLzIwMjJcLzA3XC9EZXNwdWVzLWRlLXVuLXRyYXNwbGFudGUtZGUtcGVsby5qcGciLCJzbGlkZXNob3ciOiIxM2Q5MmY2In0%3D\">\n\t\t\t\t\t<div class=\"e-gallery-image elementor-gallery-item__image\" data-thumbnail=\"https:\/\/www.implantes-capilares.com\/wp-content\/uploads\/2022\/07\/Despues-de-un-trasplante-de-pelo.jpg\" data-width=\"800\" data-height=\"800\" aria-label=\"\" role=\"img\" ><\/div>\n\t\t\t\t\t\t\t\t\t\t\t<div class=\"elementor-gallery-item__overlay\"><\/div>\n\t\t\t\t\t\t\t\t\t\t\t\t\t\t<\/a>\n\t\t\t\t\t\t\t<a class=\"e-gallery-item elementor-gallery-item elementor-animated-content\" data-e-gallery-tags=\"1\" href=\"https:\/\/www.implantes-capilares.com\/wp-content\/uploads\/2022\/07\/Despues-de-una-operacion-capilar.jpg\" data-elementor-open-lightbox=\"yes\" data-elementor-lightbox-slideshow=\"13d92f6\" data-elementor-lightbox-title=\"Despues-de-una-operacion-capilar.jpg\" data-e-action-hash=\"#elementor-action%3Aaction%3Dlightbox%26settings%3DeyJpZCI6MTU0MjQsInVybCI6Imh0dHBzOlwvXC93d3cuaW1wbGFudGVzLWNhcGlsYXJlcy5jb21cL3dwLWNvbnRlbnRcL3VwbG9hZHNcLzIwMjJcLzA3XC9EZXNwdWVzLWRlLXVuYS1vcGVyYWNpb24tY2FwaWxhci5qcGciLCJzbGlkZXNob3ciOiIxM2Q5MmY2In0%3D\">\n\t\t\t\t\t<div class=\"e-gallery-image elementor-gallery-item__image\" data-thumbnail=\"https:\/\/www.implantes-capilares.com\/wp-content\/uploads\/2022\/07\/Despues-de-una-operacion-capilar.jpg\" data-width=\"800\" data-height=\"800\" aria-label=\"\" role=\"img\" ><\/div>\n\t\t\t\t\t\t\t\t\t\t\t<div class=\"elementor-gallery-item__overlay\"><\/div>\n\t\t\t\t\t\t\t\t\t\t\t\t\t\t<\/a>\n\t\t\t\t\t\t\t<a class=\"e-gallery-item elementor-gallery-item elementor-animated-content\" data-e-gallery-tags=\"1\" href=\"https:\/\/www.implantes-capilares.com\/wp-content\/uploads\/2022\/07\/Despues-de-un-implante-de-pelo.jpg\" data-elementor-open-lightbox=\"yes\" data-elementor-lightbox-slideshow=\"13d92f6\" data-elementor-lightbox-title=\"Despues-de-un-implante-de-pelo.jpg\" data-e-action-hash=\"#elementor-action%3Aaction%3Dlightbox%26settings%3DeyJpZCI6MTU0MjgsInVybCI6Imh0dHBzOlwvXC93d3cuaW1wbGFudGVzLWNhcGlsYXJlcy5jb21cL3dwLWNvbnRlbnRcL3VwbG9hZHNcLzIwMjJcLzA3XC9EZXNwdWVzLWRlLXVuLWltcGxhbnRlLWRlLXBlbG8uanBnIiwic2xpZGVzaG93IjoiMTNkOTJmNiJ9\">\n\t\t\t\t\t<div class=\"e-gallery-image elementor-gallery-item__image\" data-thumbnail=\"https:\/\/www.implantes-capilares.com\/wp-content\/uploads\/2022\/07\/Despues-de-un-implante-de-pelo.jpg\" data-width=\"800\" data-height=\"800\" aria-label=\"\" role=\"img\" ><\/div>\n\t\t\t\t\t\t\t\t\t\t\t<div class=\"elementor-gallery-item__overlay\"><\/div>\n\t\t\t\t\t\t\t\t\t\t\t\t\t\t<\/a>\n\t\t\t\t\t\t\t<a class=\"e-gallery-item elementor-gallery-item elementor-animated-content\" data-e-gallery-tags=\"1\" href=\"https:\/\/www.implantes-capilares.com\/wp-content\/uploads\/2022\/07\/Despues-de-un-injerto-de-pelo.jpg\" data-elementor-open-lightbox=\"yes\" data-elementor-lightbox-slideshow=\"13d92f6\" data-elementor-lightbox-title=\"Despues-de-un-injerto-de-pelo.jpg\" data-e-action-hash=\"#elementor-action%3Aaction%3Dlightbox%26settings%3DeyJpZCI6MTU0MzIsInVybCI6Imh0dHBzOlwvXC93d3cuaW1wbGFudGVzLWNhcGlsYXJlcy5jb21cL3dwLWNvbnRlbnRcL3VwbG9hZHNcLzIwMjJcLzA3XC9EZXNwdWVzLWRlLXVuLWluamVydG8tZGUtcGVsby5qcGciLCJzbGlkZXNob3ciOiIxM2Q5MmY2In0%3D\">\n\t\t\t\t\t<div class=\"e-gallery-image elementor-gallery-item__image\" data-thumbnail=\"https:\/\/www.implantes-capilares.com\/wp-content\/uploads\/2022\/07\/Despues-de-un-injerto-de-pelo.jpg\" data-width=\"800\" data-height=\"800\" aria-label=\"\" role=\"img\" ><\/div>\n\t\t\t\t\t\t\t\t\t\t\t<div class=\"elementor-gallery-item__overlay\"><\/div>\n\t\t\t\t\t\t\t\t\t\t\t\t\t\t<\/a>\n\t\t\t\t\t\t\t<a class=\"e-gallery-item elementor-gallery-item elementor-animated-content\" data-e-gallery-tags=\"1\" href=\"https:\/\/www.implantes-capilares.com\/wp-content\/uploads\/2022\/07\/Despues-de-un-trasplante-capilar.jpg\" data-elementor-open-lightbox=\"yes\" data-elementor-lightbox-slideshow=\"13d92f6\" data-elementor-lightbox-title=\"Despues-de-un-trasplante-capilar.jpg\" data-e-action-hash=\"#elementor-action%3Aaction%3Dlightbox%26settings%3DeyJpZCI6MTU0MzYsInVybCI6Imh0dHBzOlwvXC93d3cuaW1wbGFudGVzLWNhcGlsYXJlcy5jb21cL3dwLWNvbnRlbnRcL3VwbG9hZHNcLzIwMjJcLzA3XC9EZXNwdWVzLWRlLXVuLXRyYXNwbGFudGUtY2FwaWxhci5qcGciLCJzbGlkZXNob3ciOiIxM2Q5MmY2In0%3D\">\n\t\t\t\t\t<div class=\"e-gallery-image elementor-gallery-item__image\" data-thumbnail=\"https:\/\/www.implantes-capilares.com\/wp-content\/uploads\/2022\/07\/Despues-de-un-trasplante-capilar.jpg\" data-width=\"800\" data-height=\"800\" aria-label=\"\" role=\"img\" ><\/div>\n\t\t\t\t\t\t\t\t\t\t\t<div class=\"elementor-gallery-item__overlay\"><\/div>\n\t\t\t\t\t\t\t\t\t\t\t\t\t\t<\/a>\n\t\t\t\t\t\t\t<a class=\"e-gallery-item elementor-gallery-item elementor-animated-content\" data-e-gallery-tags=\"2\" href=\"https:\/\/www.implantes-capilares.com\/wp-content\/uploads\/2022\/07\/10-dias-despues-de-un-trasplante-de-pelo.jpg\" data-elementor-open-lightbox=\"yes\" data-elementor-lightbox-slideshow=\"13d92f6\" data-elementor-lightbox-title=\"10-dias-despues-de-un-trasplante-de-pelo.jpg\" data-e-action-hash=\"#elementor-action%3Aaction%3Dlightbox%26settings%3DeyJpZCI6MTU0NDAsInVybCI6Imh0dHBzOlwvXC93d3cuaW1wbGFudGVzLWNhcGlsYXJlcy5jb21cL3dwLWNvbnRlbnRcL3VwbG9hZHNcLzIwMjJcLzA3XC8xMC1kaWFzLWRlc3B1ZXMtZGUtdW4tdHJhc3BsYW50ZS1kZS1wZWxvLmpwZyIsInNsaWRlc2hvdyI6IjEzZDkyZjYifQ%3D%3D\">\n\t\t\t\t\t<div class=\"e-gallery-image elementor-gallery-item__image\" data-thumbnail=\"https:\/\/www.implantes-capilares.com\/wp-content\/uploads\/2022\/07\/10-dias-despues-de-un-trasplante-de-pelo.jpg\" data-width=\"800\" data-height=\"800\" aria-label=\"\" role=\"img\" ><\/div>\n\t\t\t\t\t\t\t\t\t\t\t<div class=\"elementor-gallery-item__overlay\"><\/div>\n\t\t\t\t\t\t\t\t\t\t\t\t\t\t<\/a>\n\t\t\t\t\t\t\t<a class=\"e-gallery-item elementor-gallery-item elementor-animated-content\" data-e-gallery-tags=\"2\" href=\"https:\/\/www.implantes-capilares.com\/wp-content\/uploads\/2022\/07\/10-dias-despues-de-un-implante-de-pelo.jpg\" data-elementor-open-lightbox=\"yes\" data-elementor-lightbox-slideshow=\"13d92f6\" data-elementor-lightbox-title=\"10-dias-despues-de-un-implante-de-pelo.jpg\" data-e-action-hash=\"#elementor-action%3Aaction%3Dlightbox%26settings%3DeyJpZCI6MTU0NDQsInVybCI6Imh0dHBzOlwvXC93d3cuaW1wbGFudGVzLWNhcGlsYXJlcy5jb21cL3dwLWNvbnRlbnRcL3VwbG9hZHNcLzIwMjJcLzA3XC8xMC1kaWFzLWRlc3B1ZXMtZGUtdW4taW1wbGFudGUtZGUtcGVsby5qcGciLCJzbGlkZXNob3ciOiIxM2Q5MmY2In0%3D\">\n\t\t\t\t\t<div class=\"e-gallery-image elementor-gallery-item__image\" data-thumbnail=\"https:\/\/www.implantes-capilares.com\/wp-content\/uploads\/2022\/07\/10-dias-despues-de-un-implante-de-pelo.jpg\" data-width=\"800\" data-height=\"800\" aria-label=\"\" role=\"img\" ><\/div>\n\t\t\t\t\t\t\t\t\t\t\t<div class=\"elementor-gallery-item__overlay\"><\/div>\n\t\t\t\t\t\t\t\t\t\t\t\t\t\t<\/a>\n\t\t\t\t\t\t\t<a class=\"e-gallery-item elementor-gallery-item elementor-animated-content\" data-e-gallery-tags=\"2\" href=\"https:\/\/www.implantes-capilares.com\/wp-content\/uploads\/2022\/07\/10-dias-despues-de-un-injerto-de-pelo.jpg\" data-elementor-open-lightbox=\"yes\" data-elementor-lightbox-slideshow=\"13d92f6\" data-elementor-lightbox-title=\"10-dias-despues-de-un-injerto-de-pelo.jpg\" data-e-action-hash=\"#elementor-action%3Aaction%3Dlightbox%26settings%3DeyJpZCI6MTU0NDgsInVybCI6Imh0dHBzOlwvXC93d3cuaW1wbGFudGVzLWNhcGlsYXJlcy5jb21cL3dwLWNvbnRlbnRcL3VwbG9hZHNcLzIwMjJcLzA3XC8xMC1kaWFzLWRlc3B1ZXMtZGUtdW4taW5qZXJ0by1kZS1wZWxvLmpwZyIsInNsaWRlc2hvdyI6IjEzZDkyZjYifQ%3D%3D\">\n\t\t\t\t\t<div class=\"e-gallery-image elementor-gallery-item__image\" data-thumbnail=\"https:\/\/www.implantes-capilares.com\/wp-content\/uploads\/2022\/07\/10-dias-despues-de-un-injerto-de-pelo.jpg\" data-width=\"800\" data-height=\"800\" aria-label=\"\" role=\"img\" ><\/div>\n\t\t\t\t\t\t\t\t\t\t\t<div class=\"elementor-gallery-item__overlay\"><\/div>\n\t\t\t\t\t\t\t\t\t\t\t\t\t\t<\/a>\n\t\t\t\t\t\t\t<a class=\"e-gallery-item elementor-gallery-item elementor-animated-content\" data-e-gallery-tags=\"2\" href=\"https:\/\/www.implantes-capilares.com\/wp-content\/uploads\/2022\/07\/10-dias-despues-de-un-operacion-capilar.jpg\" data-elementor-open-lightbox=\"yes\" data-elementor-lightbox-slideshow=\"13d92f6\" data-elementor-lightbox-title=\"10-dias-despues-de-un-operacion-capilar.jpg\" data-e-action-hash=\"#elementor-action%3Aaction%3Dlightbox%26settings%3DeyJpZCI6MTU0NTIsInVybCI6Imh0dHBzOlwvXC93d3cuaW1wbGFudGVzLWNhcGlsYXJlcy5jb21cL3dwLWNvbnRlbnRcL3VwbG9hZHNcLzIwMjJcLzA3XC8xMC1kaWFzLWRlc3B1ZXMtZGUtdW4tb3BlcmFjaW9uLWNhcGlsYXIuanBnIiwic2xpZGVzaG93IjoiMTNkOTJmNiJ9\">\n\t\t\t\t\t<div class=\"e-gallery-image elementor-gallery-item__image\" data-thumbnail=\"https:\/\/www.implantes-capilares.com\/wp-content\/uploads\/2022\/07\/10-dias-despues-de-un-operacion-capilar.jpg\" data-width=\"800\" data-height=\"800\" aria-label=\"\" role=\"img\" ><\/div>\n\t\t\t\t\t\t\t\t\t\t\t<div class=\"elementor-gallery-item__overlay\"><\/div>\n\t\t\t\t\t\t\t\t\t\t\t\t\t\t<\/a>\n\t\t\t\t\t\t\t<a class=\"e-gallery-item elementor-gallery-item elementor-animated-content\" data-e-gallery-tags=\"2\" href=\"https:\/\/www.implantes-capilares.com\/wp-content\/uploads\/2022\/07\/10-dias-despues-de-un-trasplante-capilar.jpg\" data-elementor-open-lightbox=\"yes\" data-elementor-lightbox-slideshow=\"13d92f6\" data-elementor-lightbox-title=\"10-dias-despues-de-un-trasplante-capilar.jpg\" data-e-action-hash=\"#elementor-action%3Aaction%3Dlightbox%26settings%3DeyJpZCI6MTU0NTYsInVybCI6Imh0dHBzOlwvXC93d3cuaW1wbGFudGVzLWNhcGlsYXJlcy5jb21cL3dwLWNvbnRlbnRcL3VwbG9hZHNcLzIwMjJcLzA3XC8xMC1kaWFzLWRlc3B1ZXMtZGUtdW4tdHJhc3BsYW50ZS1jYXBpbGFyLmpwZyIsInNsaWRlc2hvdyI6IjEzZDkyZjYifQ%3D%3D\">\n\t\t\t\t\t<div class=\"e-gallery-image elementor-gallery-item__image\" data-thumbnail=\"https:\/\/www.implantes-capilares.com\/wp-content\/uploads\/2022\/07\/10-dias-despues-de-un-trasplante-capilar.jpg\" data-width=\"800\" data-height=\"800\" aria-label=\"\" role=\"img\" ><\/div>\n\t\t\t\t\t\t\t\t\t\t\t<div class=\"elementor-gallery-item__overlay\"><\/div>\n\t\t\t\t\t\t\t\t\t\t\t\t\t\t<\/a>\n\t\t\t\t\t\t\t<a class=\"e-gallery-item elementor-gallery-item elementor-animated-content\" data-e-gallery-tags=\"3\" href=\"https:\/\/www.implantes-capilares.com\/wp-content\/uploads\/2022\/07\/12-dias-despues-de-un-implante-de-pelo-caida-implantes.jpg\" data-elementor-open-lightbox=\"yes\" data-elementor-lightbox-slideshow=\"13d92f6\" data-elementor-lightbox-title=\"12-dias-despues-de-un-implante-de-pelo-caida-implantes.jpg\" data-e-action-hash=\"#elementor-action%3Aaction%3Dlightbox%26settings%3DeyJpZCI6MTU0NjAsInVybCI6Imh0dHBzOlwvXC93d3cuaW1wbGFudGVzLWNhcGlsYXJlcy5jb21cL3dwLWNvbnRlbnRcL3VwbG9hZHNcLzIwMjJcLzA3XC8xMi1kaWFzLWRlc3B1ZXMtZGUtdW4taW1wbGFudGUtZGUtcGVsby1jYWlkYS1pbXBsYW50ZXMuanBnIiwic2xpZGVzaG93IjoiMTNkOTJmNiJ9\">\n\t\t\t\t\t<div class=\"e-gallery-image elementor-gallery-item__image\" data-thumbnail=\"https:\/\/www.implantes-capilares.com\/wp-content\/uploads\/2022\/07\/12-dias-despues-de-un-implante-de-pelo-caida-implantes.jpg\" data-width=\"800\" data-height=\"800\" aria-label=\"\" role=\"img\" ><\/div>\n\t\t\t\t\t\t\t\t\t\t\t<div class=\"elementor-gallery-item__overlay\"><\/div>\n\t\t\t\t\t\t\t\t\t\t\t\t\t\t<\/a>\n\t\t\t\t\t\t\t<a class=\"e-gallery-item elementor-gallery-item elementor-animated-content\" data-e-gallery-tags=\"3\" href=\"https:\/\/www.implantes-capilares.com\/wp-content\/uploads\/2022\/07\/12-dias-despues-de-un-trasplante-pelo-caida-implantes.jpg\" data-elementor-open-lightbox=\"yes\" data-elementor-lightbox-slideshow=\"13d92f6\" data-elementor-lightbox-title=\"12-dias-despues-de-un-trasplante-pelo-caida-implantes.jpg\" data-e-action-hash=\"#elementor-action%3Aaction%3Dlightbox%26settings%3DeyJpZCI6MTU0NjQsInVybCI6Imh0dHBzOlwvXC93d3cuaW1wbGFudGVzLWNhcGlsYXJlcy5jb21cL3dwLWNvbnRlbnRcL3VwbG9hZHNcLzIwMjJcLzA3XC8xMi1kaWFzLWRlc3B1ZXMtZGUtdW4tdHJhc3BsYW50ZS1wZWxvLWNhaWRhLWltcGxhbnRlcy5qcGciLCJzbGlkZXNob3ciOiIxM2Q5MmY2In0%3D\">\n\t\t\t\t\t<div class=\"e-gallery-image elementor-gallery-item__image\" data-thumbnail=\"https:\/\/www.implantes-capilares.com\/wp-content\/uploads\/2022\/07\/12-dias-despues-de-un-trasplante-pelo-caida-implantes.jpg\" data-width=\"800\" data-height=\"800\" aria-label=\"\" role=\"img\" ><\/div>\n\t\t\t\t\t\t\t\t\t\t\t<div class=\"elementor-gallery-item__overlay\"><\/div>\n\t\t\t\t\t\t\t\t\t\t\t\t\t\t<\/a>\n\t\t\t\t\t\t\t<a class=\"e-gallery-item elementor-gallery-item elementor-animated-content\" data-e-gallery-tags=\"3\" href=\"https:\/\/www.implantes-capilares.com\/wp-content\/uploads\/2022\/07\/12-dias-despues-de-un-injerto-de-pelo-caida-implantes.jpg\" data-elementor-open-lightbox=\"yes\" data-elementor-lightbox-slideshow=\"13d92f6\" data-elementor-lightbox-title=\"12-dias-despues-de-un-injerto-de-pelo-caida-implantes.jpg\" data-e-action-hash=\"#elementor-action%3Aaction%3Dlightbox%26settings%3DeyJpZCI6MTU0NjgsInVybCI6Imh0dHBzOlwvXC93d3cuaW1wbGFudGVzLWNhcGlsYXJlcy5jb21cL3dwLWNvbnRlbnRcL3VwbG9hZHNcLzIwMjJcLzA3XC8xMi1kaWFzLWRlc3B1ZXMtZGUtdW4taW5qZXJ0by1kZS1wZWxvLWNhaWRhLWltcGxhbnRlcy5qcGciLCJzbGlkZXNob3ciOiIxM2Q5MmY2In0%3D\">\n\t\t\t\t\t<div class=\"e-gallery-image elementor-gallery-item__image\" data-thumbnail=\"https:\/\/www.implantes-capilares.com\/wp-content\/uploads\/2022\/07\/12-dias-despues-de-un-injerto-de-pelo-caida-implantes.jpg\" data-width=\"800\" data-height=\"800\" aria-label=\"\" role=\"img\" ><\/div>\n\t\t\t\t\t\t\t\t\t\t\t<div class=\"elementor-gallery-item__overlay\"><\/div>\n\t\t\t\t\t\t\t\t\t\t\t\t\t\t<\/a>\n\t\t\t\t\t\t\t<a class=\"e-gallery-item elementor-gallery-item elementor-animated-content\" data-e-gallery-tags=\"3\" href=\"https:\/\/www.implantes-capilares.com\/wp-content\/uploads\/2022\/07\/12-dias-despues-de-un-operacion-capilar-caida-implantes.jpg\" data-elementor-open-lightbox=\"yes\" data-elementor-lightbox-slideshow=\"13d92f6\" data-elementor-lightbox-title=\"12-dias-despues-de-un-operacion-capilar-caida-implantes.jpg\" data-e-action-hash=\"#elementor-action%3Aaction%3Dlightbox%26settings%3DeyJpZCI6MTU0NzIsInVybCI6Imh0dHBzOlwvXC93d3cuaW1wbGFudGVzLWNhcGlsYXJlcy5jb21cL3dwLWNvbnRlbnRcL3VwbG9hZHNcLzIwMjJcLzA3XC8xMi1kaWFzLWRlc3B1ZXMtZGUtdW4tb3BlcmFjaW9uLWNhcGlsYXItY2FpZGEtaW1wbGFudGVzLmpwZyIsInNsaWRlc2hvdyI6IjEzZDkyZjYifQ%3D%3D\">\n\t\t\t\t\t<div class=\"e-gallery-image elementor-gallery-item__image\" data-thumbnail=\"https:\/\/www.implantes-capilares.com\/wp-content\/uploads\/2022\/07\/12-dias-despues-de-un-operacion-capilar-caida-implantes.jpg\" data-width=\"800\" data-height=\"800\" aria-label=\"\" role=\"img\" ><\/div>\n\t\t\t\t\t\t\t\t\t\t\t<div class=\"elementor-gallery-item__overlay\"><\/div>\n\t\t\t\t\t\t\t\t\t\t\t\t\t\t<\/a>\n\t\t\t\t\t\t\t<a class=\"e-gallery-item elementor-gallery-item elementor-animated-content\" data-e-gallery-tags=\"3\" href=\"https:\/\/www.implantes-capilares.com\/wp-content\/uploads\/2022\/07\/12-dias-despues-de-un-trasplante-capilar-caida-implantes.jpg\" data-elementor-open-lightbox=\"yes\" data-elementor-lightbox-slideshow=\"13d92f6\" data-elementor-lightbox-title=\"12-dias-despues-de-un-trasplante-capilar-caida-implantes.jpg\" data-e-action-hash=\"#elementor-action%3Aaction%3Dlightbox%26settings%3DeyJpZCI6MTU0NzYsInVybCI6Imh0dHBzOlwvXC93d3cuaW1wbGFudGVzLWNhcGlsYXJlcy5jb21cL3dwLWNvbnRlbnRcL3VwbG9hZHNcLzIwMjJcLzA3XC8xMi1kaWFzLWRlc3B1ZXMtZGUtdW4tdHJhc3BsYW50ZS1jYXBpbGFyLWNhaWRhLWltcGxhbnRlcy5qcGciLCJzbGlkZXNob3ciOiIxM2Q5MmY2In0%3D\">\n\t\t\t\t\t<div class=\"e-gallery-image elementor-gallery-item__image\" data-thumbnail=\"https:\/\/www.implantes-capilares.com\/wp-content\/uploads\/2022\/07\/12-dias-despues-de-un-trasplante-capilar-caida-implantes.jpg\" data-width=\"800\" data-height=\"800\" aria-label=\"\" role=\"img\" ><\/div>\n\t\t\t\t\t\t\t\t\t\t\t<div class=\"elementor-gallery-item__overlay\"><\/div>\n\t\t\t\t\t\t\t\t\t\t\t\t\t\t<\/a>\n\t\t\t\t\t\t\t<a class=\"e-gallery-item elementor-gallery-item elementor-animated-content\" data-e-gallery-tags=\"4\" href=\"https:\/\/www.implantes-capilares.com\/wp-content\/uploads\/2022\/07\/20-dias-despues-de-un-implante-de-pelo.jpg\" data-elementor-open-lightbox=\"yes\" data-elementor-lightbox-slideshow=\"13d92f6\" data-elementor-lightbox-title=\"20-dias-despues-de-un-implante-de-pelo.jpg\" data-e-action-hash=\"#elementor-action%3Aaction%3Dlightbox%26settings%3DeyJpZCI6MTU0ODAsInVybCI6Imh0dHBzOlwvXC93d3cuaW1wbGFudGVzLWNhcGlsYXJlcy5jb21cL3dwLWNvbnRlbnRcL3VwbG9hZHNcLzIwMjJcLzA3XC8yMC1kaWFzLWRlc3B1ZXMtZGUtdW4taW1wbGFudGUtZGUtcGVsby5qcGciLCJzbGlkZXNob3ciOiIxM2Q5MmY2In0%3D\">\n\t\t\t\t\t<div class=\"e-gallery-image elementor-gallery-item__image\" data-thumbnail=\"https:\/\/www.implantes-capilares.com\/wp-content\/uploads\/2022\/07\/20-dias-despues-de-un-implante-de-pelo.jpg\" data-width=\"800\" data-height=\"800\" aria-label=\"\" role=\"img\" ><\/div>\n\t\t\t\t\t\t\t\t\t\t\t<div class=\"elementor-gallery-item__overlay\"><\/div>\n\t\t\t\t\t\t\t\t\t\t\t\t\t\t<\/a>\n\t\t\t\t\t\t\t<a class=\"e-gallery-item elementor-gallery-item elementor-animated-content\" data-e-gallery-tags=\"4\" href=\"https:\/\/www.implantes-capilares.com\/wp-content\/uploads\/2022\/07\/20-dias-despues-de-un-injerto-de-pelo.jpg\" data-elementor-open-lightbox=\"yes\" data-elementor-lightbox-slideshow=\"13d92f6\" data-elementor-lightbox-title=\"20-dias-despues-de-un-injerto-de-pelo.jpg\" data-e-action-hash=\"#elementor-action%3Aaction%3Dlightbox%26settings%3DeyJpZCI6MTU0ODQsInVybCI6Imh0dHBzOlwvXC93d3cuaW1wbGFudGVzLWNhcGlsYXJlcy5jb21cL3dwLWNvbnRlbnRcL3VwbG9hZHNcLzIwMjJcLzA3XC8yMC1kaWFzLWRlc3B1ZXMtZGUtdW4taW5qZXJ0by1kZS1wZWxvLmpwZyIsInNsaWRlc2hvdyI6IjEzZDkyZjYifQ%3D%3D\">\n\t\t\t\t\t<div class=\"e-gallery-image elementor-gallery-item__image\" data-thumbnail=\"https:\/\/www.implantes-capilares.com\/wp-content\/uploads\/2022\/07\/20-dias-despues-de-un-injerto-de-pelo.jpg\" data-width=\"800\" data-height=\"800\" aria-label=\"\" role=\"img\" ><\/div>\n\t\t\t\t\t\t\t\t\t\t\t<div class=\"elementor-gallery-item__overlay\"><\/div>\n\t\t\t\t\t\t\t\t\t\t\t\t\t\t<\/a>\n\t\t\t\t\t\t\t<a class=\"e-gallery-item elementor-gallery-item elementor-animated-content\" data-e-gallery-tags=\"4\" href=\"https:\/\/www.implantes-capilares.com\/wp-content\/uploads\/2022\/07\/20-dias-despues-de-un-trasplante-capilar.jpg\" data-elementor-open-lightbox=\"yes\" data-elementor-lightbox-slideshow=\"13d92f6\" data-elementor-lightbox-title=\"20-dias-despues-de-un-trasplante-capilar.jpg\" data-e-action-hash=\"#elementor-action%3Aaction%3Dlightbox%26settings%3DeyJpZCI6MTU0ODgsInVybCI6Imh0dHBzOlwvXC93d3cuaW1wbGFudGVzLWNhcGlsYXJlcy5jb21cL3dwLWNvbnRlbnRcL3VwbG9hZHNcLzIwMjJcLzA3XC8yMC1kaWFzLWRlc3B1ZXMtZGUtdW4tdHJhc3BsYW50ZS1jYXBpbGFyLmpwZyIsInNsaWRlc2hvdyI6IjEzZDkyZjYifQ%3D%3D\">\n\t\t\t\t\t<div class=\"e-gallery-image elementor-gallery-item__image\" data-thumbnail=\"https:\/\/www.implantes-capilares.com\/wp-content\/uploads\/2022\/07\/20-dias-despues-de-un-trasplante-capilar.jpg\" data-width=\"800\" data-height=\"800\" aria-label=\"\" role=\"img\" ><\/div>\n\t\t\t\t\t\t\t\t\t\t\t<div class=\"elementor-gallery-item__overlay\"><\/div>\n\t\t\t\t\t\t\t\t\t\t\t\t\t\t<\/a>\n\t\t\t\t\t\t\t<a class=\"e-gallery-item elementor-gallery-item elementor-animated-content\" data-e-gallery-tags=\"5\" href=\"https:\/\/www.implantes-capilares.com\/wp-content\/uploads\/2022\/07\/dos-meses-despues-de-un-trasplante-pelo.jpg\" data-elementor-open-lightbox=\"yes\" data-elementor-lightbox-slideshow=\"13d92f6\" data-elementor-lightbox-title=\"dos-meses-despues-de-un-trasplante-pelo.jpg\" data-e-action-hash=\"#elementor-action%3Aaction%3Dlightbox%26settings%3DeyJpZCI6MTU0OTIsInVybCI6Imh0dHBzOlwvXC93d3cuaW1wbGFudGVzLWNhcGlsYXJlcy5jb21cL3dwLWNvbnRlbnRcL3VwbG9hZHNcLzIwMjJcLzA3XC9kb3MtbWVzZXMtZGVzcHVlcy1kZS11bi10cmFzcGxhbnRlLXBlbG8uanBnIiwic2xpZGVzaG93IjoiMTNkOTJmNiJ9\">\n\t\t\t\t\t<div class=\"e-gallery-image elementor-gallery-item__image\" data-thumbnail=\"https:\/\/www.implantes-capilares.com\/wp-content\/uploads\/2022\/07\/dos-meses-despues-de-un-trasplante-pelo.jpg\" data-width=\"800\" data-height=\"800\" aria-label=\"\" role=\"img\" ><\/div>\n\t\t\t\t\t\t\t\t\t\t\t<div class=\"elementor-gallery-item__overlay\"><\/div>\n\t\t\t\t\t\t\t\t\t\t\t\t\t\t<\/a>\n\t\t\t\t\t\t\t<a class=\"e-gallery-item elementor-gallery-item elementor-animated-content\" data-e-gallery-tags=\"5\" href=\"https:\/\/www.implantes-capilares.com\/wp-content\/uploads\/2022\/07\/dos-meses-despues-de-un-trasplante-capilar.jpg\" data-elementor-open-lightbox=\"yes\" data-elementor-lightbox-slideshow=\"13d92f6\" data-elementor-lightbox-title=\"dos-meses-despues-de-un-trasplante-capilar.jpg\" data-e-action-hash=\"#elementor-action%3Aaction%3Dlightbox%26settings%3DeyJpZCI6MTU0OTYsInVybCI6Imh0dHBzOlwvXC93d3cuaW1wbGFudGVzLWNhcGlsYXJlcy5jb21cL3dwLWNvbnRlbnRcL3VwbG9hZHNcLzIwMjJcLzA3XC9kb3MtbWVzZXMtZGVzcHVlcy1kZS11bi10cmFzcGxhbnRlLWNhcGlsYXIuanBnIiwic2xpZGVzaG93IjoiMTNkOTJmNiJ9\">\n\t\t\t\t\t<div class=\"e-gallery-image elementor-gallery-item__image\" data-thumbnail=\"https:\/\/www.implantes-capilares.com\/wp-content\/uploads\/2022\/07\/dos-meses-despues-de-un-trasplante-capilar.jpg\" data-width=\"800\" data-height=\"800\" aria-label=\"\" role=\"img\" ><\/div>\n\t\t\t\t\t\t\t\t\t\t\t<div class=\"elementor-gallery-item__overlay\"><\/div>\n\t\t\t\t\t\t\t\t\t\t\t\t\t\t<\/a>\n\t\t\t\t\t\t\t<a class=\"e-gallery-item elementor-gallery-item elementor-animated-content\" data-e-gallery-tags=\"6\" href=\"https:\/\/www.implantes-capilares.com\/wp-content\/uploads\/2022\/07\/tres-meses-despues-de-un-implante-capilar.jpg\" data-elementor-open-lightbox=\"yes\" data-elementor-lightbox-slideshow=\"13d92f6\" data-elementor-lightbox-title=\"tres-meses-despues-de-un-implante-capilar.jpg\" data-e-action-hash=\"#elementor-action%3Aaction%3Dlightbox%26settings%3DeyJpZCI6MTU1MDAsInVybCI6Imh0dHBzOlwvXC93d3cuaW1wbGFudGVzLWNhcGlsYXJlcy5jb21cL3dwLWNvbnRlbnRcL3VwbG9hZHNcLzIwMjJcLzA3XC90cmVzLW1lc2VzLWRlc3B1ZXMtZGUtdW4taW1wbGFudGUtY2FwaWxhci5qcGciLCJzbGlkZXNob3ciOiIxM2Q5MmY2In0%3D\">\n\t\t\t\t\t<div class=\"e-gallery-image elementor-gallery-item__image\" data-thumbnail=\"https:\/\/www.implantes-capilares.com\/wp-content\/uploads\/2022\/07\/tres-meses-despues-de-un-implante-capilar.jpg\" data-width=\"800\" data-height=\"800\" aria-label=\"\" role=\"img\" ><\/div>\n\t\t\t\t\t\t\t\t\t\t\t<div class=\"elementor-gallery-item__overlay\"><\/div>\n\t\t\t\t\t\t\t\t\t\t\t\t\t\t<\/a>\n\t\t\t\t\t\t\t<a class=\"e-gallery-item elementor-gallery-item elementor-animated-content\" data-e-gallery-tags=\"6\" href=\"https:\/\/www.implantes-capilares.com\/wp-content\/uploads\/2022\/07\/tres-meses-despues-de-un-trasplante-capilar.jpg\" data-elementor-open-lightbox=\"yes\" data-elementor-lightbox-slideshow=\"13d92f6\" data-elementor-lightbox-title=\"tres-meses-despues-de-un-trasplante-capilar.jpg\" data-e-action-hash=\"#elementor-action%3Aaction%3Dlightbox%26settings%3DeyJpZCI6MTU1MDQsInVybCI6Imh0dHBzOlwvXC93d3cuaW1wbGFudGVzLWNhcGlsYXJlcy5jb21cL3dwLWNvbnRlbnRcL3VwbG9hZHNcLzIwMjJcLzA3XC90cmVzLW1lc2VzLWRlc3B1ZXMtZGUtdW4tdHJhc3BsYW50ZS1jYXBpbGFyLmpwZyIsInNsaWRlc2hvdyI6IjEzZDkyZjYifQ%3D%3D\">\n\t\t\t\t\t<div class=\"e-gallery-image elementor-gallery-item__image\" data-thumbnail=\"https:\/\/www.implantes-capilares.com\/wp-content\/uploads\/2022\/07\/tres-meses-despues-de-un-trasplante-capilar.jpg\" data-width=\"800\" data-height=\"800\" aria-label=\"\" role=\"img\" ><\/div>\n\t\t\t\t\t\t\t\t\t\t\t<div class=\"elementor-gallery-item__overlay\"><\/div>\n\t\t\t\t\t\t\t\t\t\t\t\t\t\t<\/a>\n\t\t\t\t\t\t\t<a class=\"e-gallery-item elementor-gallery-item elementor-animated-content\" data-e-gallery-tags=\"7\" href=\"https:\/\/www.implantes-capilares.com\/wp-content\/uploads\/2022\/07\/sexto-mes-despues-de-un-trasplante-capilar.jpg\" data-elementor-open-lightbox=\"yes\" data-elementor-lightbox-slideshow=\"13d92f6\" data-elementor-lightbox-title=\"sexto-mes-despues-de-un-trasplante-capilar.jpg\" data-e-action-hash=\"#elementor-action%3Aaction%3Dlightbox%26settings%3DeyJpZCI6MTU1MDgsInVybCI6Imh0dHBzOlwvXC93d3cuaW1wbGFudGVzLWNhcGlsYXJlcy5jb21cL3dwLWNvbnRlbnRcL3VwbG9hZHNcLzIwMjJcLzA3XC9zZXh0by1tZXMtZGVzcHVlcy1kZS11bi10cmFzcGxhbnRlLWNhcGlsYXIuanBnIiwic2xpZGVzaG93IjoiMTNkOTJmNiJ9\">\n\t\t\t\t\t<div class=\"e-gallery-image elementor-gallery-item__image\" data-thumbnail=\"https:\/\/www.implantes-capilares.com\/wp-content\/uploads\/2022\/07\/sexto-mes-despues-de-un-trasplante-capilar.jpg\" data-width=\"800\" data-height=\"800\" aria-label=\"\" role=\"img\" ><\/div>\n\t\t\t\t\t\t\t\t\t\t\t<div class=\"elementor-gallery-item__overlay\"><\/div>\n\t\t\t\t\t\t\t\t\t\t\t\t\t\t<\/a>\n\t\t\t\t\t\t\t<a class=\"e-gallery-item elementor-gallery-item elementor-animated-content\" data-e-gallery-tags=\"7\" href=\"https:\/\/www.implantes-capilares.com\/wp-content\/uploads\/2022\/07\/sexto-mes-despues-de-un-trasplante-de-pelo.jpg\" data-elementor-open-lightbox=\"yes\" data-elementor-lightbox-slideshow=\"13d92f6\" data-elementor-lightbox-title=\"sexto-mes-despues-de-un-trasplante-de-pelo.jpg\" data-e-action-hash=\"#elementor-action%3Aaction%3Dlightbox%26settings%3DeyJpZCI6MTU1MTIsInVybCI6Imh0dHBzOlwvXC93d3cuaW1wbGFudGVzLWNhcGlsYXJlcy5jb21cL3dwLWNvbnRlbnRcL3VwbG9hZHNcLzIwMjJcLzA3XC9zZXh0by1tZXMtZGVzcHVlcy1kZS11bi10cmFzcGxhbnRlLWRlLXBlbG8uanBnIiwic2xpZGVzaG93IjoiMTNkOTJmNiJ9\">\n\t\t\t\t\t<div class=\"e-gallery-image elementor-gallery-item__image\" data-thumbnail=\"https:\/\/www.implantes-capilares.com\/wp-content\/uploads\/2022\/07\/sexto-mes-despues-de-un-trasplante-de-pelo.jpg\" data-width=\"800\" data-height=\"800\" aria-label=\"\" role=\"img\" ><\/div>\n\t\t\t\t\t\t\t\t\t\t\t<div class=\"elementor-gallery-item__overlay\"><\/div>\n\t\t\t\t\t\t\t\t\t\t\t\t\t\t<\/a>\n\t\t\t\t\t\t\t<a class=\"e-gallery-item elementor-gallery-item elementor-animated-content\" data-e-gallery-tags=\"7\" href=\"https:\/\/www.implantes-capilares.com\/wp-content\/uploads\/2022\/07\/sexto-mes-despues-de-un-implante-de-pelo.jpg\" data-elementor-open-lightbox=\"yes\" data-elementor-lightbox-slideshow=\"13d92f6\" data-elementor-lightbox-title=\"sexto-mes-despues-de-un-implante-de-pelo.jpg\" data-e-action-hash=\"#elementor-action%3Aaction%3Dlightbox%26settings%3DeyJpZCI6MTU1MTYsInVybCI6Imh0dHBzOlwvXC93d3cuaW1wbGFudGVzLWNhcGlsYXJlcy5jb21cL3dwLWNvbnRlbnRcL3VwbG9hZHNcLzIwMjJcLzA3XC9zZXh0by1tZXMtZGVzcHVlcy1kZS11bi1pbXBsYW50ZS1kZS1wZWxvLmpwZyIsInNsaWRlc2hvdyI6IjEzZDkyZjYifQ%3D%3D\">\n\t\t\t\t\t<div class=\"e-gallery-image elementor-gallery-item__image\" data-thumbnail=\"https:\/\/www.implantes-capilares.com\/wp-content\/uploads\/2022\/07\/sexto-mes-despues-de-un-implante-de-pelo.jpg\" data-width=\"800\" data-height=\"800\" aria-label=\"\" role=\"img\" ><\/div>\n\t\t\t\t\t\t\t\t\t\t\t<div class=\"elementor-gallery-item__overlay\"><\/div>\n\t\t\t\t\t\t\t\t\t\t\t\t\t\t<\/a>\n\t\t\t\t\t\t\t<a class=\"e-gallery-item elementor-gallery-item elementor-animated-content\" data-e-gallery-tags=\"7\" href=\"https:\/\/www.implantes-capilares.com\/wp-content\/uploads\/2022\/07\/sexto-mes-despues-de-un-injerto-de-pelo.jpg\" data-elementor-open-lightbox=\"yes\" data-elementor-lightbox-slideshow=\"13d92f6\" data-elementor-lightbox-title=\"sexto-mes-despues-de-un-injerto-de-pelo.jpg\" data-e-action-hash=\"#elementor-action%3Aaction%3Dlightbox%26settings%3DeyJpZCI6MTU1MjAsInVybCI6Imh0dHBzOlwvXC93d3cuaW1wbGFudGVzLWNhcGlsYXJlcy5jb21cL3dwLWNvbnRlbnRcL3VwbG9hZHNcLzIwMjJcLzA3XC9zZXh0by1tZXMtZGVzcHVlcy1kZS11bi1pbmplcnRvLWRlLXBlbG8uanBnIiwic2xpZGVzaG93IjoiMTNkOTJmNiJ9\">\n\t\t\t\t\t<div class=\"e-gallery-image elementor-gallery-item__image\" data-thumbnail=\"https:\/\/www.implantes-capilares.com\/wp-content\/uploads\/2022\/07\/sexto-mes-despues-de-un-injerto-de-pelo.jpg\" data-width=\"800\" data-height=\"800\" aria-label=\"\" role=\"img\" ><\/div>\n\t\t\t\t\t\t\t\t\t\t\t<div class=\"elementor-gallery-item__overlay\"><\/div>\n\t\t\t\t\t\t\t\t\t\t\t\t\t\t<\/a>\n\t\t\t\t\t\t\t<a class=\"e-gallery-item elementor-gallery-item elementor-animated-content\" data-e-gallery-tags=\"7\" href=\"https:\/\/www.implantes-capilares.com\/wp-content\/uploads\/2022\/07\/sexto-mes-despues-de-un-operacion-capilar.jpg\" data-elementor-open-lightbox=\"yes\" data-elementor-lightbox-slideshow=\"13d92f6\" data-elementor-lightbox-title=\"sexto-mes-despues-de-un-operacion-capilar.jpg\" data-e-action-hash=\"#elementor-action%3Aaction%3Dlightbox%26settings%3DeyJpZCI6MTU1MjQsInVybCI6Imh0dHBzOlwvXC93d3cuaW1wbGFudGVzLWNhcGlsYXJlcy5jb21cL3dwLWNvbnRlbnRcL3VwbG9hZHNcLzIwMjJcLzA3XC9zZXh0by1tZXMtZGVzcHVlcy1kZS11bi1vcGVyYWNpb24tY2FwaWxhci5qcGciLCJzbGlkZXNob3ciOiIxM2Q5MmY2In0%3D\">\n\t\t\t\t\t<div class=\"e-gallery-image elementor-gallery-item__image\" data-thumbnail=\"https:\/\/www.implantes-capilares.com\/wp-content\/uploads\/2022\/07\/sexto-mes-despues-de-un-operacion-capilar.jpg\" data-width=\"800\" data-height=\"800\" aria-label=\"\" role=\"img\" ><\/div>\n\t\t\t\t\t\t\t\t\t\t\t<div class=\"elementor-gallery-item__overlay\"><\/div>\n\t\t\t\t\t\t\t\t\t\t\t\t\t\t<\/a>\n\t\t\t\t\t\t\t<a class=\"e-gallery-item elementor-gallery-item elementor-animated-content\" data-e-gallery-tags=\"7\" href=\"https:\/\/www.implantes-capilares.com\/wp-content\/uploads\/2022\/07\/sexto-mes-despues-de-un-operacion-de-implante-de-pelo.jpg\" data-elementor-open-lightbox=\"yes\" data-elementor-lightbox-slideshow=\"13d92f6\" data-elementor-lightbox-title=\"sexto-mes-despues-de-un-operacion-de-implante-de-pelo.jpg\" data-e-action-hash=\"#elementor-action%3Aaction%3Dlightbox%26settings%3DeyJpZCI6MTU1MjgsInVybCI6Imh0dHBzOlwvXC93d3cuaW1wbGFudGVzLWNhcGlsYXJlcy5jb21cL3dwLWNvbnRlbnRcL3VwbG9hZHNcLzIwMjJcLzA3XC9zZXh0by1tZXMtZGVzcHVlcy1kZS11bi1vcGVyYWNpb24tZGUtaW1wbGFudGUtZGUtcGVsby5qcGciLCJzbGlkZXNob3ciOiIxM2Q5MmY2In0%3D\">\n\t\t\t\t\t<div class=\"e-gallery-image elementor-gallery-item__image\" data-thumbnail=\"https:\/\/www.implantes-capilares.com\/wp-content\/uploads\/2022\/07\/sexto-mes-despues-de-un-operacion-de-implante-de-pelo.jpg\" data-width=\"800\" data-height=\"800\" aria-label=\"\" role=\"img\" ><\/div>\n\t\t\t\t\t\t\t\t\t\t\t<div class=\"elementor-gallery-item__overlay\"><\/div>\n\t\t\t\t\t\t\t\t\t\t\t\t\t\t<\/a>\n\t\t\t\t\t\t\t<a class=\"e-gallery-item elementor-gallery-item elementor-animated-content\" data-e-gallery-tags=\"7\" href=\"https:\/\/www.implantes-capilares.com\/wp-content\/uploads\/2022\/07\/sexto-mes-despues-de-un-operacion-de-trasplante-de-pelo.jpg\" data-elementor-open-lightbox=\"yes\" data-elementor-lightbox-slideshow=\"13d92f6\" data-elementor-lightbox-title=\"sexto-mes-despues-de-un-operacion-de-trasplante-de-pelo.jpg\" data-e-action-hash=\"#elementor-action%3Aaction%3Dlightbox%26settings%3DeyJpZCI6MTU1MzIsInVybCI6Imh0dHBzOlwvXC93d3cuaW1wbGFudGVzLWNhcGlsYXJlcy5jb21cL3dwLWNvbnRlbnRcL3VwbG9hZHNcLzIwMjJcLzA3XC9zZXh0by1tZXMtZGVzcHVlcy1kZS11bi1vcGVyYWNpb24tZGUtdHJhc3BsYW50ZS1kZS1wZWxvLmpwZyIsInNsaWRlc2hvdyI6IjEzZDkyZjYifQ%3D%3D\">\n\t\t\t\t\t<div class=\"e-gallery-image elementor-gallery-item__image\" data-thumbnail=\"https:\/\/www.implantes-capilares.com\/wp-content\/uploads\/2022\/07\/sexto-mes-despues-de-un-operacion-de-trasplante-de-pelo.jpg\" data-width=\"800\" data-height=\"800\" aria-label=\"\" role=\"img\" ><\/div>\n\t\t\t\t\t\t\t\t\t\t\t<div class=\"elementor-gallery-item__overlay\"><\/div>\n\t\t\t\t\t\t\t\t\t\t\t\t\t\t<\/a>\n\t\t\t\t\t\t\t<a class=\"e-gallery-item elementor-gallery-item elementor-animated-content\" data-e-gallery-tags=\"8\" href=\"https:\/\/www.implantes-capilares.com\/wp-content\/uploads\/2022\/07\/septimo-mes-despues-de-un-trasplante-de-pelo.jpg\" data-elementor-open-lightbox=\"yes\" data-elementor-lightbox-slideshow=\"13d92f6\" data-elementor-lightbox-title=\"septimo-mes-despues-de-un-trasplante-de-pelo.jpg\" data-e-action-hash=\"#elementor-action%3Aaction%3Dlightbox%26settings%3DeyJpZCI6MTU1MzYsInVybCI6Imh0dHBzOlwvXC93d3cuaW1wbGFudGVzLWNhcGlsYXJlcy5jb21cL3dwLWNvbnRlbnRcL3VwbG9hZHNcLzIwMjJcLzA3XC9zZXB0aW1vLW1lcy1kZXNwdWVzLWRlLXVuLXRyYXNwbGFudGUtZGUtcGVsby5qcGciLCJzbGlkZXNob3ciOiIxM2Q5MmY2In0%3D\">\n\t\t\t\t\t<div class=\"e-gallery-image elementor-gallery-item__image\" data-thumbnail=\"https:\/\/www.implantes-capilares.com\/wp-content\/uploads\/2022\/07\/septimo-mes-despues-de-un-trasplante-de-pelo.jpg\" data-width=\"800\" data-height=\"800\" aria-label=\"\" role=\"img\" ><\/div>\n\t\t\t\t\t\t\t\t\t\t\t<div class=\"elementor-gallery-item__overlay\"><\/div>\n\t\t\t\t\t\t\t\t\t\t\t\t\t\t<\/a>\n\t\t\t\t\t\t\t<a class=\"e-gallery-item elementor-gallery-item elementor-animated-content\" data-e-gallery-tags=\"8\" href=\"https:\/\/www.implantes-capilares.com\/wp-content\/uploads\/2022\/07\/septimo-mes-despues-de-un-implante-de-pelo.jpg\" data-elementor-open-lightbox=\"yes\" data-elementor-lightbox-slideshow=\"13d92f6\" data-elementor-lightbox-title=\"septimo-mes-despues-de-un-implante-de-pelo.jpg\" data-e-action-hash=\"#elementor-action%3Aaction%3Dlightbox%26settings%3DeyJpZCI6MTU1NDAsInVybCI6Imh0dHBzOlwvXC93d3cuaW1wbGFudGVzLWNhcGlsYXJlcy5jb21cL3dwLWNvbnRlbnRcL3VwbG9hZHNcLzIwMjJcLzA3XC9zZXB0aW1vLW1lcy1kZXNwdWVzLWRlLXVuLWltcGxhbnRlLWRlLXBlbG8uanBnIiwic2xpZGVzaG93IjoiMTNkOTJmNiJ9\">\n\t\t\t\t\t<div class=\"e-gallery-image elementor-gallery-item__image\" data-thumbnail=\"https:\/\/www.implantes-capilares.com\/wp-content\/uploads\/2022\/07\/septimo-mes-despues-de-un-implante-de-pelo.jpg\" data-width=\"800\" data-height=\"800\" aria-label=\"\" role=\"img\" ><\/div>\n\t\t\t\t\t\t\t\t\t\t\t<div class=\"elementor-gallery-item__overlay\"><\/div>\n\t\t\t\t\t\t\t\t\t\t\t\t\t\t<\/a>\n\t\t\t\t\t\t\t<a class=\"e-gallery-item elementor-gallery-item elementor-animated-content\" data-e-gallery-tags=\"8\" href=\"https:\/\/www.implantes-capilares.com\/wp-content\/uploads\/2022\/07\/septimo-mes-despues-de-un-injerto-de-pelo.jpg\" data-elementor-open-lightbox=\"yes\" data-elementor-lightbox-slideshow=\"13d92f6\" data-elementor-lightbox-title=\"septimo-mes-despues-de-un-injerto-de-pelo.jpg\" data-e-action-hash=\"#elementor-action%3Aaction%3Dlightbox%26settings%3DeyJpZCI6MTU1NDQsInVybCI6Imh0dHBzOlwvXC93d3cuaW1wbGFudGVzLWNhcGlsYXJlcy5jb21cL3dwLWNvbnRlbnRcL3VwbG9hZHNcLzIwMjJcLzA3XC9zZXB0aW1vLW1lcy1kZXNwdWVzLWRlLXVuLWluamVydG8tZGUtcGVsby5qcGciLCJzbGlkZXNob3ciOiIxM2Q5MmY2In0%3D\">\n\t\t\t\t\t<div class=\"e-gallery-image elementor-gallery-item__image\" data-thumbnail=\"https:\/\/www.implantes-capilares.com\/wp-content\/uploads\/2022\/07\/septimo-mes-despues-de-un-injerto-de-pelo.jpg\" data-width=\"800\" data-height=\"800\" aria-label=\"\" role=\"img\" ><\/div>\n\t\t\t\t\t\t\t\t\t\t\t<div class=\"elementor-gallery-item__overlay\"><\/div>\n\t\t\t\t\t\t\t\t\t\t\t\t\t\t<\/a>\n\t\t\t\t\t\t\t<a class=\"e-gallery-item elementor-gallery-item elementor-animated-content\" data-e-gallery-tags=\"8\" href=\"https:\/\/www.implantes-capilares.com\/wp-content\/uploads\/2022\/07\/septimo-mes-despues-de-un-operacion-capilar.jpg\" data-elementor-open-lightbox=\"yes\" data-elementor-lightbox-slideshow=\"13d92f6\" data-elementor-lightbox-title=\"septimo-mes-despues-de-un-operacion-capilar.jpg\" data-e-action-hash=\"#elementor-action%3Aaction%3Dlightbox%26settings%3DeyJpZCI6MTU1NDgsInVybCI6Imh0dHBzOlwvXC93d3cuaW1wbGFudGVzLWNhcGlsYXJlcy5jb21cL3dwLWNvbnRlbnRcL3VwbG9hZHNcLzIwMjJcLzA3XC9zZXB0aW1vLW1lcy1kZXNwdWVzLWRlLXVuLW9wZXJhY2lvbi1jYXBpbGFyLmpwZyIsInNsaWRlc2hvdyI6IjEzZDkyZjYifQ%3D%3D\">\n\t\t\t\t\t<div class=\"e-gallery-image elementor-gallery-item__image\" data-thumbnail=\"https:\/\/www.implantes-capilares.com\/wp-content\/uploads\/2022\/07\/septimo-mes-despues-de-un-operacion-capilar.jpg\" data-width=\"800\" data-height=\"800\" aria-label=\"\" role=\"img\" ><\/div>\n\t\t\t\t\t\t\t\t\t\t\t<div class=\"elementor-gallery-item__overlay\"><\/div>\n\t\t\t\t\t\t\t\t\t\t\t\t\t\t<\/a>\n\t\t\t\t\t\t\t<a class=\"e-gallery-item elementor-gallery-item elementor-animated-content\" data-e-gallery-tags=\"8\" href=\"https:\/\/www.implantes-capilares.com\/wp-content\/uploads\/2022\/07\/septimo-mes-despues-de-un-operacion-de-trasplante-de-pelo.jpg\" data-elementor-open-lightbox=\"yes\" data-elementor-lightbox-slideshow=\"13d92f6\" data-elementor-lightbox-title=\"septimo-mes-despues-de-un-operacion-de-trasplante-de-pelo.jpg\" data-e-action-hash=\"#elementor-action%3Aaction%3Dlightbox%26settings%3DeyJpZCI6MTU1NTIsInVybCI6Imh0dHBzOlwvXC93d3cuaW1wbGFudGVzLWNhcGlsYXJlcy5jb21cL3dwLWNvbnRlbnRcL3VwbG9hZHNcLzIwMjJcLzA3XC9zZXB0aW1vLW1lcy1kZXNwdWVzLWRlLXVuLW9wZXJhY2lvbi1kZS10cmFzcGxhbnRlLWRlLXBlbG8uanBnIiwic2xpZGVzaG93IjoiMTNkOTJmNiJ9\">\n\t\t\t\t\t<div class=\"e-gallery-image elementor-gallery-item__image\" data-thumbnail=\"https:\/\/www.implantes-capilares.com\/wp-content\/uploads\/2022\/07\/septimo-mes-despues-de-un-operacion-de-trasplante-de-pelo.jpg\" data-width=\"800\" data-height=\"800\" aria-label=\"\" role=\"img\" ><\/div>\n\t\t\t\t\t\t\t\t\t\t\t<div class=\"elementor-gallery-item__overlay\"><\/div>\n\t\t\t\t\t\t\t\t\t\t\t\t\t\t<\/a>\n\t\t\t\t\t\t\t<a class=\"e-gallery-item elementor-gallery-item elementor-animated-content\" data-e-gallery-tags=\"8\" href=\"https:\/\/www.implantes-capilares.com\/wp-content\/uploads\/2022\/07\/septimo-mes-despues-de-un-trasplante-capilar.jpg\" data-elementor-open-lightbox=\"yes\" data-elementor-lightbox-slideshow=\"13d92f6\" data-elementor-lightbox-title=\"septimo-mes-despues-de-un-trasplante-capilar.jpg\" data-e-action-hash=\"#elementor-action%3Aaction%3Dlightbox%26settings%3DeyJpZCI6MTU1NTYsInVybCI6Imh0dHBzOlwvXC93d3cuaW1wbGFudGVzLWNhcGlsYXJlcy5jb21cL3dwLWNvbnRlbnRcL3VwbG9hZHNcLzIwMjJcLzA3XC9zZXB0aW1vLW1lcy1kZXNwdWVzLWRlLXVuLXRyYXNwbGFudGUtY2FwaWxhci5qcGciLCJzbGlkZXNob3ciOiIxM2Q5MmY2In0%3D\">\n\t\t\t\t\t<div class=\"e-gallery-image elementor-gallery-item__image\" data-thumbnail=\"https:\/\/www.implantes-capilares.com\/wp-content\/uploads\/2022\/07\/septimo-mes-despues-de-un-trasplante-capilar.jpg\" data-width=\"800\" data-height=\"800\" aria-label=\"\" role=\"img\" ><\/div>\n\t\t\t\t\t\t\t\t\t\t\t<div class=\"elementor-gallery-item__overlay\"><\/div>\n\t\t\t\t\t\t\t\t\t\t\t\t\t\t<\/a>\n\t\t\t\t\t\t\t<a class=\"e-gallery-item elementor-gallery-item elementor-animated-content\" data-e-gallery-tags=\"9\" href=\"https:\/\/www.implantes-capilares.com\/wp-content\/uploads\/2022\/07\/octavo-mes-despues-de-un-trasplante-de-pelo.jpg\" data-elementor-open-lightbox=\"yes\" data-elementor-lightbox-slideshow=\"13d92f6\" data-elementor-lightbox-title=\"octavo-mes-despues-de-un-trasplante-de-pelo.jpg\" data-e-action-hash=\"#elementor-action%3Aaction%3Dlightbox%26settings%3DeyJpZCI6MTU1NjAsInVybCI6Imh0dHBzOlwvXC93d3cuaW1wbGFudGVzLWNhcGlsYXJlcy5jb21cL3dwLWNvbnRlbnRcL3VwbG9hZHNcLzIwMjJcLzA3XC9vY3Rhdm8tbWVzLWRlc3B1ZXMtZGUtdW4tdHJhc3BsYW50ZS1kZS1wZWxvLmpwZyIsInNsaWRlc2hvdyI6IjEzZDkyZjYifQ%3D%3D\">\n\t\t\t\t\t<div class=\"e-gallery-image elementor-gallery-item__image\" data-thumbnail=\"https:\/\/www.implantes-capilares.com\/wp-content\/uploads\/2022\/07\/octavo-mes-despues-de-un-trasplante-de-pelo.jpg\" data-width=\"800\" data-height=\"800\" aria-label=\"\" role=\"img\" ><\/div>\n\t\t\t\t\t\t\t\t\t\t\t<div class=\"elementor-gallery-item__overlay\"><\/div>\n\t\t\t\t\t\t\t\t\t\t\t\t\t\t<\/a>\n\t\t\t\t\t\t\t<a class=\"e-gallery-item elementor-gallery-item elementor-animated-content\" data-e-gallery-tags=\"9\" href=\"https:\/\/www.implantes-capilares.com\/wp-content\/uploads\/2022\/07\/octavo-mes-despues-de-un-implante-de-pelo.jpg\" data-elementor-open-lightbox=\"yes\" data-elementor-lightbox-slideshow=\"13d92f6\" data-elementor-lightbox-title=\"octavo-mes-despues-de-un-implante-de-pelo.jpg\" data-e-action-hash=\"#elementor-action%3Aaction%3Dlightbox%26settings%3DeyJpZCI6MTU1NjQsInVybCI6Imh0dHBzOlwvXC93d3cuaW1wbGFudGVzLWNhcGlsYXJlcy5jb21cL3dwLWNvbnRlbnRcL3VwbG9hZHNcLzIwMjJcLzA3XC9vY3Rhdm8tbWVzLWRlc3B1ZXMtZGUtdW4taW1wbGFudGUtZGUtcGVsby5qcGciLCJzbGlkZXNob3ciOiIxM2Q5MmY2In0%3D\">\n\t\t\t\t\t<div class=\"e-gallery-image elementor-gallery-item__image\" data-thumbnail=\"https:\/\/www.implantes-capilares.com\/wp-content\/uploads\/2022\/07\/octavo-mes-despues-de-un-implante-de-pelo.jpg\" data-width=\"800\" data-height=\"800\" aria-label=\"\" role=\"img\" ><\/div>\n\t\t\t\t\t\t\t\t\t\t\t<div class=\"elementor-gallery-item__overlay\"><\/div>\n\t\t\t\t\t\t\t\t\t\t\t\t\t\t<\/a>\n\t\t\t\t\t\t\t<a class=\"e-gallery-item elementor-gallery-item elementor-animated-content\" data-e-gallery-tags=\"9\" href=\"https:\/\/www.implantes-capilares.com\/wp-content\/uploads\/2022\/07\/octavo-mes-despues-de-un-injerto-de-pelo.jpg\" data-elementor-open-lightbox=\"yes\" data-elementor-lightbox-slideshow=\"13d92f6\" data-elementor-lightbox-title=\"octavo-mes-despues-de-un-injerto-de-pelo.jpg\" data-e-action-hash=\"#elementor-action%3Aaction%3Dlightbox%26settings%3DeyJpZCI6MTU1NjgsInVybCI6Imh0dHBzOlwvXC93d3cuaW1wbGFudGVzLWNhcGlsYXJlcy5jb21cL3dwLWNvbnRlbnRcL3VwbG9hZHNcLzIwMjJcLzA3XC9vY3Rhdm8tbWVzLWRlc3B1ZXMtZGUtdW4taW5qZXJ0by1kZS1wZWxvLmpwZyIsInNsaWRlc2hvdyI6IjEzZDkyZjYifQ%3D%3D\">\n\t\t\t\t\t<div class=\"e-gallery-image elementor-gallery-item__image\" data-thumbnail=\"https:\/\/www.implantes-capilares.com\/wp-content\/uploads\/2022\/07\/octavo-mes-despues-de-un-injerto-de-pelo.jpg\" data-width=\"800\" data-height=\"800\" aria-label=\"\" role=\"img\" ><\/div>\n\t\t\t\t\t\t\t\t\t\t\t<div class=\"elementor-gallery-item__overlay\"><\/div>\n\t\t\t\t\t\t\t\t\t\t\t\t\t\t<\/a>\n\t\t\t\t\t\t\t<a class=\"e-gallery-item elementor-gallery-item elementor-animated-content\" data-e-gallery-tags=\"9\" href=\"https:\/\/www.implantes-capilares.com\/wp-content\/uploads\/2022\/07\/octavo-mes-despues-de-un-trasplante-capilar.jpg\" data-elementor-open-lightbox=\"yes\" data-elementor-lightbox-slideshow=\"13d92f6\" data-elementor-lightbox-title=\"octavo-mes-despues-de-un-trasplante-capilar.jpg\" data-e-action-hash=\"#elementor-action%3Aaction%3Dlightbox%26settings%3DeyJpZCI6MTU1NzIsInVybCI6Imh0dHBzOlwvXC93d3cuaW1wbGFudGVzLWNhcGlsYXJlcy5jb21cL3dwLWNvbnRlbnRcL3VwbG9hZHNcLzIwMjJcLzA3XC9vY3Rhdm8tbWVzLWRlc3B1ZXMtZGUtdW4tdHJhc3BsYW50ZS1jYXBpbGFyLmpwZyIsInNsaWRlc2hvdyI6IjEzZDkyZjYifQ%3D%3D\">\n\t\t\t\t\t<div class=\"e-gallery-image elementor-gallery-item__image\" data-thumbnail=\"https:\/\/www.implantes-capilares.com\/wp-content\/uploads\/2022\/07\/octavo-mes-despues-de-un-trasplante-capilar.jpg\" data-width=\"800\" data-height=\"800\" aria-label=\"\" role=\"img\" ><\/div>\n\t\t\t\t\t\t\t\t\t\t\t<div class=\"elementor-gallery-item__overlay\"><\/div>\n\t\t\t\t\t\t\t\t\t\t\t\t\t\t<\/a>\n\t\t\t\t\t\t\t<a class=\"e-gallery-item elementor-gallery-item elementor-animated-content\" data-e-gallery-tags=\"10\" href=\"https:\/\/www.implantes-capilares.com\/wp-content\/uploads\/2022\/07\/noveno-mes-despues-de-un-trasplante-de-pelo.jpg\" data-elementor-open-lightbox=\"yes\" data-elementor-lightbox-slideshow=\"13d92f6\" data-elementor-lightbox-title=\"noveno-mes-despues-de-un-trasplante-de-pelo.jpg\" data-e-action-hash=\"#elementor-action%3Aaction%3Dlightbox%26settings%3DeyJpZCI6MTU1NzYsInVybCI6Imh0dHBzOlwvXC93d3cuaW1wbGFudGVzLWNhcGlsYXJlcy5jb21cL3dwLWNvbnRlbnRcL3VwbG9hZHNcLzIwMjJcLzA3XC9ub3Zlbm8tbWVzLWRlc3B1ZXMtZGUtdW4tdHJhc3BsYW50ZS1kZS1wZWxvLmpwZyIsInNsaWRlc2hvdyI6IjEzZDkyZjYifQ%3D%3D\">\n\t\t\t\t\t<div class=\"e-gallery-image elementor-gallery-item__image\" data-thumbnail=\"https:\/\/www.implantes-capilares.com\/wp-content\/uploads\/2022\/07\/noveno-mes-despues-de-un-trasplante-de-pelo.jpg\" data-width=\"800\" data-height=\"800\" aria-label=\"\" role=\"img\" ><\/div>\n\t\t\t\t\t\t\t\t\t\t\t<div class=\"elementor-gallery-item__overlay\"><\/div>\n\t\t\t\t\t\t\t\t\t\t\t\t\t\t<\/a>\n\t\t\t\t\t\t\t<a class=\"e-gallery-item elementor-gallery-item elementor-animated-content\" data-e-gallery-tags=\"10\" href=\"https:\/\/www.implantes-capilares.com\/wp-content\/uploads\/2022\/07\/noveno-mes-despues-de-un-injerto-de-pelo.jpg\" data-elementor-open-lightbox=\"yes\" data-elementor-lightbox-slideshow=\"13d92f6\" data-elementor-lightbox-title=\"noveno-mes-despues-de-un-injerto-de-pelo.jpg\" data-e-action-hash=\"#elementor-action%3Aaction%3Dlightbox%26settings%3DeyJpZCI6MTU1ODAsInVybCI6Imh0dHBzOlwvXC93d3cuaW1wbGFudGVzLWNhcGlsYXJlcy5jb21cL3dwLWNvbnRlbnRcL3VwbG9hZHNcLzIwMjJcLzA3XC9ub3Zlbm8tbWVzLWRlc3B1ZXMtZGUtdW4taW5qZXJ0by1kZS1wZWxvLmpwZyIsInNsaWRlc2hvdyI6IjEzZDkyZjYifQ%3D%3D\">\n\t\t\t\t\t<div class=\"e-gallery-image elementor-gallery-item__image\" data-thumbnail=\"https:\/\/www.implantes-capilares.com\/wp-content\/uploads\/2022\/07\/noveno-mes-despues-de-un-injerto-de-pelo.jpg\" data-width=\"800\" data-height=\"800\" aria-label=\"\" role=\"img\" ><\/div>\n\t\t\t\t\t\t\t\t\t\t\t<div class=\"elementor-gallery-item__overlay\"><\/div>\n\t\t\t\t\t\t\t\t\t\t\t\t\t\t<\/a>\n\t\t\t\t\t\t\t<a class=\"e-gallery-item elementor-gallery-item elementor-animated-content\" data-e-gallery-tags=\"10\" href=\"https:\/\/www.implantes-capilares.com\/wp-content\/uploads\/2022\/07\/noveno-mes-despues-de-un-operacion-capilar.jpg\" data-elementor-open-lightbox=\"yes\" data-elementor-lightbox-slideshow=\"13d92f6\" data-elementor-lightbox-title=\"noveno-mes-despues-de-un-operacion-capilar.jpg\" data-e-action-hash=\"#elementor-action%3Aaction%3Dlightbox%26settings%3DeyJpZCI6MTU1ODQsInVybCI6Imh0dHBzOlwvXC93d3cuaW1wbGFudGVzLWNhcGlsYXJlcy5jb21cL3dwLWNvbnRlbnRcL3VwbG9hZHNcLzIwMjJcLzA3XC9ub3Zlbm8tbWVzLWRlc3B1ZXMtZGUtdW4tb3BlcmFjaW9uLWNhcGlsYXIuanBnIiwic2xpZGVzaG93IjoiMTNkOTJmNiJ9\">\n\t\t\t\t\t<div class=\"e-gallery-image elementor-gallery-item__image\" data-thumbnail=\"https:\/\/www.implantes-capilares.com\/wp-content\/uploads\/2022\/07\/noveno-mes-despues-de-un-operacion-capilar.jpg\" data-width=\"800\" data-height=\"800\" aria-label=\"\" role=\"img\" ><\/div>\n\t\t\t\t\t\t\t\t\t\t\t<div class=\"elementor-gallery-item__overlay\"><\/div>\n\t\t\t\t\t\t\t\t\t\t\t\t\t\t<\/a>\n\t\t\t\t\t\t\t<a class=\"e-gallery-item elementor-gallery-item elementor-animated-content\" data-e-gallery-tags=\"10\" href=\"https:\/\/www.implantes-capilares.com\/wp-content\/uploads\/2022\/07\/noveno-mes-despues-de-un-trasplante-capilar.jpg\" data-elementor-open-lightbox=\"yes\" data-elementor-lightbox-slideshow=\"13d92f6\" data-elementor-lightbox-title=\"noveno-mes-despues-de-un-trasplante-capilar.jpg\" data-e-action-hash=\"#elementor-action%3Aaction%3Dlightbox%26settings%3DeyJpZCI6MTU1ODgsInVybCI6Imh0dHBzOlwvXC93d3cuaW1wbGFudGVzLWNhcGlsYXJlcy5jb21cL3dwLWNvbnRlbnRcL3VwbG9hZHNcLzIwMjJcLzA3XC9ub3Zlbm8tbWVzLWRlc3B1ZXMtZGUtdW4tdHJhc3BsYW50ZS1jYXBpbGFyLmpwZyIsInNsaWRlc2hvdyI6IjEzZDkyZjYifQ%3D%3D\">\n\t\t\t\t\t<div class=\"e-gallery-image elementor-gallery-item__image\" data-thumbnail=\"https:\/\/www.implantes-capilares.com\/wp-content\/uploads\/2022\/07\/noveno-mes-despues-de-un-trasplante-capilar.jpg\" data-width=\"800\" data-height=\"800\" aria-label=\"\" role=\"img\" ><\/div>\n\t\t\t\t\t\t\t\t\t\t\t<div class=\"elementor-gallery-item__overlay\"><\/div>\n\t\t\t\t\t\t\t\t\t\t\t\t\t\t<\/a>\n\t\t\t\t\t\t\t<a class=\"e-gallery-item elementor-gallery-item elementor-animated-content\" data-e-gallery-tags=\"11\" href=\"https:\/\/www.implantes-capilares.com\/wp-content\/uploads\/2022\/07\/cambio-de-imagen-trasplante-de-pelo.jpg\" data-elementor-open-lightbox=\"yes\" data-elementor-lightbox-slideshow=\"13d92f6\" data-elementor-lightbox-title=\"cambio-de-imagen-trasplante-de-pelo.jpg\" data-e-action-hash=\"#elementor-action%3Aaction%3Dlightbox%26settings%3DeyJpZCI6MTU1OTIsInVybCI6Imh0dHBzOlwvXC93d3cuaW1wbGFudGVzLWNhcGlsYXJlcy5jb21cL3dwLWNvbnRlbnRcL3VwbG9hZHNcLzIwMjJcLzA3XC9jYW1iaW8tZGUtaW1hZ2VuLXRyYXNwbGFudGUtZGUtcGVsby5qcGciLCJzbGlkZXNob3ciOiIxM2Q5MmY2In0%3D\">\n\t\t\t\t\t<div class=\"e-gallery-image elementor-gallery-item__image\" data-thumbnail=\"https:\/\/www.implantes-capilares.com\/wp-content\/uploads\/2022\/07\/cambio-de-imagen-trasplante-de-pelo.jpg\" data-width=\"800\" data-height=\"800\" aria-label=\"\" role=\"img\" ><\/div>\n\t\t\t\t\t\t\t\t\t\t\t<div class=\"elementor-gallery-item__overlay\"><\/div>\n\t\t\t\t\t\t\t\t\t\t\t\t\t\t<\/a>\n\t\t\t\t\t\t\t<a class=\"e-gallery-item elementor-gallery-item elementor-animated-content\" data-e-gallery-tags=\"11\" href=\"https:\/\/www.implantes-capilares.com\/wp-content\/uploads\/2022\/07\/cambio-de-imagen-trasplante-capilar.jpg\" data-elementor-open-lightbox=\"yes\" data-elementor-lightbox-slideshow=\"13d92f6\" data-elementor-lightbox-title=\"cambio-de-imagen-trasplante-capilar.jpg\" data-e-action-hash=\"#elementor-action%3Aaction%3Dlightbox%26settings%3DeyJpZCI6MTU1OTYsInVybCI6Imh0dHBzOlwvXC93d3cuaW1wbGFudGVzLWNhcGlsYXJlcy5jb21cL3dwLWNvbnRlbnRcL3VwbG9hZHNcLzIwMjJcLzA3XC9jYW1iaW8tZGUtaW1hZ2VuLXRyYXNwbGFudGUtY2FwaWxhci5qcGciLCJzbGlkZXNob3ciOiIxM2Q5MmY2In0%3D\">\n\t\t\t\t\t<div class=\"e-gallery-image elementor-gallery-item__image\" data-thumbnail=\"https:\/\/www.implantes-capilares.com\/wp-content\/uploads\/2022\/07\/cambio-de-imagen-trasplante-capilar.jpg\" data-width=\"800\" data-height=\"800\" aria-label=\"\" role=\"img\" ><\/div>\n\t\t\t\t\t\t\t\t\t\t\t<div class=\"elementor-gallery-item__overlay\"><\/div>\n\t\t\t\t\t\t\t\t\t\t\t\t\t\t<\/a>\n\t\t\t\t\t\t\t<a class=\"e-gallery-item elementor-gallery-item elementor-animated-content\" data-e-gallery-tags=\"11\" href=\"https:\/\/www.implantes-capilares.com\/wp-content\/uploads\/2022\/07\/cambio-de-imagen-operacion-capilar.jpg\" data-elementor-open-lightbox=\"yes\" data-elementor-lightbox-slideshow=\"13d92f6\" data-elementor-lightbox-title=\"cambio-de-imagen-operacion-capilar.jpg\" data-e-action-hash=\"#elementor-action%3Aaction%3Dlightbox%26settings%3DeyJpZCI6MTU2MDAsInVybCI6Imh0dHBzOlwvXC93d3cuaW1wbGFudGVzLWNhcGlsYXJlcy5jb21cL3dwLWNvbnRlbnRcL3VwbG9hZHNcLzIwMjJcLzA3XC9jYW1iaW8tZGUtaW1hZ2VuLW9wZXJhY2lvbi1jYXBpbGFyLmpwZyIsInNsaWRlc2hvdyI6IjEzZDkyZjYifQ%3D%3D\">\n\t\t\t\t\t<div class=\"e-gallery-image elementor-gallery-item__image\" data-thumbnail=\"https:\/\/www.implantes-capilares.com\/wp-content\/uploads\/2022\/07\/cambio-de-imagen-operacion-capilar.jpg\" data-width=\"800\" data-height=\"800\" aria-label=\"\" role=\"img\" ><\/div>\n\t\t\t\t\t\t\t\t\t\t\t<div class=\"elementor-gallery-item__overlay\"><\/div>\n\t\t\t\t\t\t\t\t\t\t\t\t\t\t<\/a>\n\t\t\t\t\t\t\t<a class=\"e-gallery-item elementor-gallery-item elementor-animated-content\" data-e-gallery-tags=\"11\" href=\"https:\/\/www.implantes-capilares.com\/wp-content\/uploads\/2022\/07\/cambio-de-imagen-operacion-de-trasplante-de-pelo.jpg\" data-elementor-open-lightbox=\"yes\" data-elementor-lightbox-slideshow=\"13d92f6\" data-elementor-lightbox-title=\"cambio-de-imagen-operacion-de-trasplante-de-pelo.jpg\" data-e-action-hash=\"#elementor-action%3Aaction%3Dlightbox%26settings%3DeyJpZCI6MTU2MDQsInVybCI6Imh0dHBzOlwvXC93d3cuaW1wbGFudGVzLWNhcGlsYXJlcy5jb21cL3dwLWNvbnRlbnRcL3VwbG9hZHNcLzIwMjJcLzA3XC9jYW1iaW8tZGUtaW1hZ2VuLW9wZXJhY2lvbi1kZS10cmFzcGxhbnRlLWRlLXBlbG8uanBnIiwic2xpZGVzaG93IjoiMTNkOTJmNiJ9\">\n\t\t\t\t\t<div class=\"e-gallery-image elementor-gallery-item__image\" data-thumbnail=\"https:\/\/www.implantes-capilares.com\/wp-content\/uploads\/2022\/07\/cambio-de-imagen-operacion-de-trasplante-de-pelo.jpg\" data-width=\"800\" data-height=\"800\" aria-label=\"\" role=\"img\" ><\/div>\n\t\t\t\t\t\t\t\t\t\t\t<div class=\"elementor-gallery-item__overlay\"><\/div>\n\t\t\t\t\t\t\t\t\t\t\t\t\t\t<\/a>\n\t\t\t\t\t\t\t<a class=\"e-gallery-item elementor-gallery-item elementor-animated-content\" data-e-gallery-tags=\"12\" href=\"https:\/\/www.implantes-capilares.com\/wp-content\/uploads\/2022\/07\/foto-de-un-implante.jpg\" data-elementor-open-lightbox=\"yes\" data-elementor-lightbox-slideshow=\"13d92f6\" data-elementor-lightbox-title=\"foto-de-un-implante.jpg\" data-e-action-hash=\"#elementor-action%3Aaction%3Dlightbox%26settings%3DeyJpZCI6MTU2MDgsInVybCI6Imh0dHBzOlwvXC93d3cuaW1wbGFudGVzLWNhcGlsYXJlcy5jb21cL3dwLWNvbnRlbnRcL3VwbG9hZHNcLzIwMjJcLzA3XC9mb3RvLWRlLXVuLWltcGxhbnRlLmpwZyIsInNsaWRlc2hvdyI6IjEzZDkyZjYifQ%3D%3D\">\n\t\t\t\t\t<div class=\"e-gallery-image elementor-gallery-item__image\" data-thumbnail=\"https:\/\/www.implantes-capilares.com\/wp-content\/uploads\/2022\/07\/foto-de-un-implante.jpg\" data-width=\"800\" data-height=\"800\" aria-label=\"\" role=\"img\" ><\/div>\n\t\t\t\t\t\t\t\t\t\t\t<div class=\"elementor-gallery-item__overlay\"><\/div>\n\t\t\t\t\t\t\t\t\t\t\t\t\t\t<\/a>\n\t\t\t\t\t<\/div>\n\t\t\t\t\t<\/div>\n\t\t\t\t<\/div>\n\t\t\t\t<div class=\"elementor-element elementor-element-6fc4da1f elementor-hidden-tablet elementor-hidden-mobile elementor-widget elementor-widget-gallery\" data-id=\"6fc4da1f\" data-element_type=\"widget\" data-settings=\"{&quot;aspect_ratio&quot;:&quot;1:1&quot;,&quot;lazyload&quot;:&quot;yes&quot;,&quot;gallery_layout&quot;:&quot;grid&quot;,&quot;columns&quot;:4,&quot;columns_tablet&quot;:2,&quot;columns_mobile&quot;:1,&quot;gap&quot;:{&quot;unit&quot;:&quot;px&quot;,&quot;size&quot;:10,&quot;sizes&quot;:[]},&quot;gap_tablet&quot;:{&quot;unit&quot;:&quot;px&quot;,&quot;size&quot;:10,&quot;sizes&quot;:[]},&quot;gap_mobile&quot;:{&quot;unit&quot;:&quot;px&quot;,&quot;size&quot;:10,&quot;sizes&quot;:[]},&quot;link_to&quot;:&quot;file&quot;,&quot;show_all_galleries&quot;:&quot;yes&quot;,&quot;overlay_background&quot;:&quot;yes&quot;,&quot;content_hover_animation&quot;:&quot;fade-in&quot;}\" data-widget_type=\"gallery.default\">\n\t\t\t\t<div class=\"elementor-widget-container\">\n\t\t\t\t\t\t\t\t<div class=\"elementor-gallery__titles-container e--pointer-underline e--animation-fade\" aria-label=\"Filtre de galerie\">\n\t\t\t\t\t\t\t\t\t<a class=\"elementor-item elementor-gallery-title\" role=\"button\" tabindex=\"0\" data-gallery-index=\"all\">\n\t\t\t\t\t\tTout\t\t\t\t\t<\/a>\n\t\t\t\t\n\t\t\t\t\t\t\t\t\t<a class=\"elementor-item elementor-gallery-title\" role=\"button\" tabindex=\"0\" data-gallery-index=\"0\">\n\t\t\t\t\t\tAvant\t\t\t\t\t<\/a>\n\t\t\t\t\t\t\t\t\t\t<a class=\"elementor-item elementor-gallery-title\" role=\"button\" tabindex=\"0\" data-gallery-index=\"1\">\n\t\t\t\t\t\tIntervention du 2\u00e8me jour\t\t\t\t\t<\/a>\n\t\t\t\t\t\t\t\t\t\t<a class=\"elementor-item elementor-gallery-title\" role=\"button\" tabindex=\"0\" data-gallery-index=\"2\">\n\t\t\t\t\t\t10\u00e8me jour\t\t\t\t\t<\/a>\n\t\t\t\t\t\t\t\t\t\t<a class=\"elementor-item elementor-gallery-title\" role=\"button\" tabindex=\"0\" data-gallery-index=\"3\">\n\t\t\t\t\t\t12\u00e8me jour apr\u00e8s l\u2019affaissement de l\u2019implant\t\t\t\t\t<\/a>\n\t\t\t\t\t\t\t\t\t\t<a class=\"elementor-item elementor-gallery-title\" role=\"button\" tabindex=\"0\" data-gallery-index=\"4\">\n\t\t\t\t\t\t20 jours\t\t\t\t\t<\/a>\n\t\t\t\t\t\t\t\t\t\t<a class=\"elementor-item elementor-gallery-title\" role=\"button\" tabindex=\"0\" data-gallery-index=\"5\">\n\t\t\t\t\t\t2\u00e8me mois\t\t\t\t\t<\/a>\n\t\t\t\t\t\t\t\t\t\t<a class=\"elementor-item elementor-gallery-title\" role=\"button\" tabindex=\"0\" data-gallery-index=\"6\">\n\t\t\t\t\t\t3\u00e8me mois\t\t\t\t\t<\/a>\n\t\t\t\t\t\t\t\t\t\t<a class=\"elementor-item elementor-gallery-title\" role=\"button\" tabindex=\"0\" data-gallery-index=\"7\">\n\t\t\t\t\t\t6\u00e8me mois\t\t\t\t\t<\/a>\n\t\t\t\t\t\t\t\t\t\t<a class=\"elementor-item elementor-gallery-title\" role=\"button\" tabindex=\"0\" data-gallery-index=\"8\">\n\t\t\t\t\t\t7\u00e8me mois\t\t\t\t\t<\/a>\n\t\t\t\t\t\t\t\t\t\t<a class=\"elementor-item elementor-gallery-title\" role=\"button\" tabindex=\"0\" data-gallery-index=\"9\">\n\t\t\t\t\t\t8\u00e8me mois\t\t\t\t\t<\/a>\n\t\t\t\t\t\t\t\t\t\t<a class=\"elementor-item elementor-gallery-title\" role=\"button\" tabindex=\"0\" data-gallery-index=\"10\">\n\t\t\t\t\t\t9\u00e8me mois\t\t\t\t\t<\/a>\n\t\t\t\t\t\t\t\t\t\t<a class=\"elementor-item elementor-gallery-title\" role=\"button\" tabindex=\"0\" data-gallery-index=\"11\">\n\t\t\t\t\t\tRelooking\t\t\t\t\t<\/a>\n\t\t\t\t\t\t\t\t\t\t<a class=\"elementor-item elementor-gallery-title\" role=\"button\" tabindex=\"0\" data-gallery-index=\"12\">\n\t\t\t\t\t\tPhoto d\u2019un implant\t\t\t\t\t<\/a>\n\t\t\t\t\t\t\t\t<\/div>\n\t\t\t\t\t<div class=\"elementor-gallery__container\">\n\t\t\t\t\t\t\t<a class=\"e-gallery-item elementor-gallery-item elementor-animated-content\" data-e-gallery-tags=\"0\" href=\"https:\/\/www.implantes-capilares.com\/wp-content\/uploads\/2022\/07\/Antes-de-un-trasplante-de-pelo.jpg\" data-elementor-open-lightbox=\"yes\" data-elementor-lightbox-slideshow=\"6fc4da1f\" data-elementor-lightbox-title=\"Antes-de-un-trasplante-de-pelo.jpg\" data-e-action-hash=\"#elementor-action%3Aaction%3Dlightbox%26settings%3DeyJpZCI6MTU0MDAsInVybCI6Imh0dHBzOlwvXC93d3cuaW1wbGFudGVzLWNhcGlsYXJlcy5jb21cL3dwLWNvbnRlbnRcL3VwbG9hZHNcLzIwMjJcLzA3XC9BbnRlcy1kZS11bi10cmFzcGxhbnRlLWRlLXBlbG8uanBnIiwic2xpZGVzaG93IjoiNmZjNGRhMWYifQ%3D%3D\">\n\t\t\t\t\t<div class=\"e-gallery-image elementor-gallery-item__image\" data-thumbnail=\"https:\/\/www.implantes-capilares.com\/wp-content\/uploads\/2022\/07\/Antes-de-un-trasplante-de-pelo.jpg\" data-width=\"800\" data-height=\"800\" aria-label=\"\" role=\"img\" ><\/div>\n\t\t\t\t\t\t\t\t\t\t\t<div class=\"elementor-gallery-item__overlay\"><\/div>\n\t\t\t\t\t\t\t\t\t\t\t\t\t\t<\/a>\n\t\t\t\t\t\t\t<a class=\"e-gallery-item elementor-gallery-item elementor-animated-content\" data-e-gallery-tags=\"0\" href=\"https:\/\/www.implantes-capilares.com\/wp-content\/uploads\/2022\/07\/Antes-de-una-operacion-capilar.jpg\" data-elementor-open-lightbox=\"yes\" data-elementor-lightbox-slideshow=\"6fc4da1f\" data-elementor-lightbox-title=\"Antes-de-una-operacion-capilar.jpg\" data-e-action-hash=\"#elementor-action%3Aaction%3Dlightbox%26settings%3DeyJpZCI6MTU0MDQsInVybCI6Imh0dHBzOlwvXC93d3cuaW1wbGFudGVzLWNhcGlsYXJlcy5jb21cL3dwLWNvbnRlbnRcL3VwbG9hZHNcLzIwMjJcLzA3XC9BbnRlcy1kZS11bmEtb3BlcmFjaW9uLWNhcGlsYXIuanBnIiwic2xpZGVzaG93IjoiNmZjNGRhMWYifQ%3D%3D\">\n\t\t\t\t\t<div class=\"e-gallery-image elementor-gallery-item__image\" data-thumbnail=\"https:\/\/www.implantes-capilares.com\/wp-content\/uploads\/2022\/07\/Antes-de-una-operacion-capilar.jpg\" data-width=\"800\" data-height=\"800\" aria-label=\"\" role=\"img\" ><\/div>\n\t\t\t\t\t\t\t\t\t\t\t<div class=\"elementor-gallery-item__overlay\"><\/div>\n\t\t\t\t\t\t\t\t\t\t\t\t\t\t<\/a>\n\t\t\t\t\t\t\t<a class=\"e-gallery-item elementor-gallery-item elementor-animated-content\" data-e-gallery-tags=\"0\" href=\"https:\/\/www.implantes-capilares.com\/wp-content\/uploads\/2022\/07\/Antes-de-un-implante-de-pelo.jpg\" data-elementor-open-lightbox=\"yes\" data-elementor-lightbox-slideshow=\"6fc4da1f\" data-elementor-lightbox-title=\"Antes-de-un-implante-de-pelo.jpg\" data-e-action-hash=\"#elementor-action%3Aaction%3Dlightbox%26settings%3DeyJpZCI6MTU0MDgsInVybCI6Imh0dHBzOlwvXC93d3cuaW1wbGFudGVzLWNhcGlsYXJlcy5jb21cL3dwLWNvbnRlbnRcL3VwbG9hZHNcLzIwMjJcLzA3XC9BbnRlcy1kZS11bi1pbXBsYW50ZS1kZS1wZWxvLmpwZyIsInNsaWRlc2hvdyI6IjZmYzRkYTFmIn0%3D\">\n\t\t\t\t\t<div class=\"e-gallery-image elementor-gallery-item__image\" data-thumbnail=\"https:\/\/www.implantes-capilares.com\/wp-content\/uploads\/2022\/07\/Antes-de-un-implante-de-pelo.jpg\" data-width=\"800\" data-height=\"800\" aria-label=\"\" role=\"img\" ><\/div>\n\t\t\t\t\t\t\t\t\t\t\t<div class=\"elementor-gallery-item__overlay\"><\/div>\n\t\t\t\t\t\t\t\t\t\t\t\t\t\t<\/a>\n\t\t\t\t\t\t\t<a class=\"e-gallery-item elementor-gallery-item elementor-animated-content\" data-e-gallery-tags=\"0\" href=\"https:\/\/www.implantes-capilares.com\/wp-content\/uploads\/2022\/07\/Antes-de-un-injerto-de-pelo.jpg\" data-elementor-open-lightbox=\"yes\" data-elementor-lightbox-slideshow=\"6fc4da1f\" data-elementor-lightbox-title=\"Antes-de-un-injerto-de-pelo.jpg\" data-e-action-hash=\"#elementor-action%3Aaction%3Dlightbox%26settings%3DeyJpZCI6MTU0MTIsInVybCI6Imh0dHBzOlwvXC93d3cuaW1wbGFudGVzLWNhcGlsYXJlcy5jb21cL3dwLWNvbnRlbnRcL3VwbG9hZHNcLzIwMjJcLzA3XC9BbnRlcy1kZS11bi1pbmplcnRvLWRlLXBlbG8uanBnIiwic2xpZGVzaG93IjoiNmZjNGRhMWYifQ%3D%3D\">\n\t\t\t\t\t<div class=\"e-gallery-image elementor-gallery-item__image\" data-thumbnail=\"https:\/\/www.implantes-capilares.com\/wp-content\/uploads\/2022\/07\/Antes-de-un-injerto-de-pelo.jpg\" data-width=\"800\" data-height=\"800\" aria-label=\"\" role=\"img\" ><\/div>\n\t\t\t\t\t\t\t\t\t\t\t<div class=\"elementor-gallery-item__overlay\"><\/div>\n\t\t\t\t\t\t\t\t\t\t\t\t\t\t<\/a>\n\t\t\t\t\t\t\t<a class=\"e-gallery-item elementor-gallery-item elementor-animated-content\" data-e-gallery-tags=\"0\" href=\"https:\/\/www.implantes-capilares.com\/wp-content\/uploads\/2022\/07\/antes-de-un-trasplante-capilar.jpg\" data-elementor-open-lightbox=\"yes\" data-elementor-lightbox-slideshow=\"6fc4da1f\" data-elementor-lightbox-title=\"antes-de-un-trasplante-capilar.jpg\" data-e-action-hash=\"#elementor-action%3Aaction%3Dlightbox%26settings%3DeyJpZCI6MTU0MTYsInVybCI6Imh0dHBzOlwvXC93d3cuaW1wbGFudGVzLWNhcGlsYXJlcy5jb21cL3dwLWNvbnRlbnRcL3VwbG9hZHNcLzIwMjJcLzA3XC9hbnRlcy1kZS11bi10cmFzcGxhbnRlLWNhcGlsYXIuanBnIiwic2xpZGVzaG93IjoiNmZjNGRhMWYifQ%3D%3D\">\n\t\t\t\t\t<div class=\"e-gallery-image elementor-gallery-item__image\" data-thumbnail=\"https:\/\/www.implantes-capilares.com\/wp-content\/uploads\/2022\/07\/antes-de-un-trasplante-capilar.jpg\" data-width=\"800\" data-height=\"800\" aria-label=\"\" role=\"img\" ><\/div>\n\t\t\t\t\t\t\t\t\t\t\t<div class=\"elementor-gallery-item__overlay\"><\/div>\n\t\t\t\t\t\t\t\t\t\t\t\t\t\t<\/a>\n\t\t\t\t\t\t\t<a class=\"e-gallery-item elementor-gallery-item elementor-animated-content\" data-e-gallery-tags=\"1\" href=\"https:\/\/www.implantes-capilares.com\/wp-content\/uploads\/2022\/07\/Despues-de-un-trasplante-de-pelo.jpg\" data-elementor-open-lightbox=\"yes\" data-elementor-lightbox-slideshow=\"6fc4da1f\" data-elementor-lightbox-title=\"Despues-de-un-trasplante-de-pelo.jpg\" data-e-action-hash=\"#elementor-action%3Aaction%3Dlightbox%26settings%3DeyJpZCI6MTU0MjAsInVybCI6Imh0dHBzOlwvXC93d3cuaW1wbGFudGVzLWNhcGlsYXJlcy5jb21cL3dwLWNvbnRlbnRcL3VwbG9hZHNcLzIwMjJcLzA3XC9EZXNwdWVzLWRlLXVuLXRyYXNwbGFudGUtZGUtcGVsby5qcGciLCJzbGlkZXNob3ciOiI2ZmM0ZGExZiJ9\">\n\t\t\t\t\t<div class=\"e-gallery-image elementor-gallery-item__image\" data-thumbnail=\"https:\/\/www.implantes-capilares.com\/wp-content\/uploads\/2022\/07\/Despues-de-un-trasplante-de-pelo.jpg\" data-width=\"800\" data-height=\"800\" aria-label=\"\" role=\"img\" ><\/div>\n\t\t\t\t\t\t\t\t\t\t\t<div class=\"elementor-gallery-item__overlay\"><\/div>\n\t\t\t\t\t\t\t\t\t\t\t\t\t\t<\/a>\n\t\t\t\t\t\t\t<a class=\"e-gallery-item elementor-gallery-item elementor-animated-content\" data-e-gallery-tags=\"1\" href=\"https:\/\/www.implantes-capilares.com\/wp-content\/uploads\/2022\/07\/Despues-de-una-operacion-capilar.jpg\" data-elementor-open-lightbox=\"yes\" data-elementor-lightbox-slideshow=\"6fc4da1f\" data-elementor-lightbox-title=\"Despues-de-una-operacion-capilar.jpg\" data-e-action-hash=\"#elementor-action%3Aaction%3Dlightbox%26settings%3DeyJpZCI6MTU0MjQsInVybCI6Imh0dHBzOlwvXC93d3cuaW1wbGFudGVzLWNhcGlsYXJlcy5jb21cL3dwLWNvbnRlbnRcL3VwbG9hZHNcLzIwMjJcLzA3XC9EZXNwdWVzLWRlLXVuYS1vcGVyYWNpb24tY2FwaWxhci5qcGciLCJzbGlkZXNob3ciOiI2ZmM0ZGExZiJ9\">\n\t\t\t\t\t<div class=\"e-gallery-image elementor-gallery-item__image\" data-thumbnail=\"https:\/\/www.implantes-capilares.com\/wp-content\/uploads\/2022\/07\/Despues-de-una-operacion-capilar.jpg\" data-width=\"800\" data-height=\"800\" aria-label=\"\" role=\"img\" ><\/div>\n\t\t\t\t\t\t\t\t\t\t\t<div class=\"elementor-gallery-item__overlay\"><\/div>\n\t\t\t\t\t\t\t\t\t\t\t\t\t\t<\/a>\n\t\t\t\t\t\t\t<a class=\"e-gallery-item elementor-gallery-item elementor-animated-content\" data-e-gallery-tags=\"1\" href=\"https:\/\/www.implantes-capilares.com\/wp-content\/uploads\/2022\/07\/Despues-de-un-implante-de-pelo.jpg\" data-elementor-open-lightbox=\"yes\" data-elementor-lightbox-slideshow=\"6fc4da1f\" data-elementor-lightbox-title=\"Despues-de-un-implante-de-pelo.jpg\" data-e-action-hash=\"#elementor-action%3Aaction%3Dlightbox%26settings%3DeyJpZCI6MTU0MjgsInVybCI6Imh0dHBzOlwvXC93d3cuaW1wbGFudGVzLWNhcGlsYXJlcy5jb21cL3dwLWNvbnRlbnRcL3VwbG9hZHNcLzIwMjJcLzA3XC9EZXNwdWVzLWRlLXVuLWltcGxhbnRlLWRlLXBlbG8uanBnIiwic2xpZGVzaG93IjoiNmZjNGRhMWYifQ%3D%3D\">\n\t\t\t\t\t<div class=\"e-gallery-image elementor-gallery-item__image\" data-thumbnail=\"https:\/\/www.implantes-capilares.com\/wp-content\/uploads\/2022\/07\/Despues-de-un-implante-de-pelo.jpg\" data-width=\"800\" data-height=\"800\" aria-label=\"\" role=\"img\" ><\/div>\n\t\t\t\t\t\t\t\t\t\t\t<div class=\"elementor-gallery-item__overlay\"><\/div>\n\t\t\t\t\t\t\t\t\t\t\t\t\t\t<\/a>\n\t\t\t\t\t\t\t<a class=\"e-gallery-item elementor-gallery-item elementor-animated-content\" data-e-gallery-tags=\"1\" href=\"https:\/\/www.implantes-capilares.com\/wp-content\/uploads\/2022\/07\/Despues-de-un-injerto-de-pelo.jpg\" data-elementor-open-lightbox=\"yes\" data-elementor-lightbox-slideshow=\"6fc4da1f\" data-elementor-lightbox-title=\"Despues-de-un-injerto-de-pelo.jpg\" data-e-action-hash=\"#elementor-action%3Aaction%3Dlightbox%26settings%3DeyJpZCI6MTU0MzIsInVybCI6Imh0dHBzOlwvXC93d3cuaW1wbGFudGVzLWNhcGlsYXJlcy5jb21cL3dwLWNvbnRlbnRcL3VwbG9hZHNcLzIwMjJcLzA3XC9EZXNwdWVzLWRlLXVuLWluamVydG8tZGUtcGVsby5qcGciLCJzbGlkZXNob3ciOiI2ZmM0ZGExZiJ9\">\n\t\t\t\t\t<div class=\"e-gallery-image elementor-gallery-item__image\" data-thumbnail=\"https:\/\/www.implantes-capilares.com\/wp-content\/uploads\/2022\/07\/Despues-de-un-injerto-de-pelo.jpg\" data-width=\"800\" data-height=\"800\" aria-label=\"\" role=\"img\" ><\/div>\n\t\t\t\t\t\t\t\t\t\t\t<div class=\"elementor-gallery-item__overlay\"><\/div>\n\t\t\t\t\t\t\t\t\t\t\t\t\t\t<\/a>\n\t\t\t\t\t\t\t<a class=\"e-gallery-item elementor-gallery-item elementor-animated-content\" data-e-gallery-tags=\"1\" href=\"https:\/\/www.implantes-capilares.com\/wp-content\/uploads\/2022\/07\/Despues-de-un-trasplante-capilar.jpg\" data-elementor-open-lightbox=\"yes\" data-elementor-lightbox-slideshow=\"6fc4da1f\" data-elementor-lightbox-title=\"Despues-de-un-trasplante-capilar.jpg\" data-e-action-hash=\"#elementor-action%3Aaction%3Dlightbox%26settings%3DeyJpZCI6MTU0MzYsInVybCI6Imh0dHBzOlwvXC93d3cuaW1wbGFudGVzLWNhcGlsYXJlcy5jb21cL3dwLWNvbnRlbnRcL3VwbG9hZHNcLzIwMjJcLzA3XC9EZXNwdWVzLWRlLXVuLXRyYXNwbGFudGUtY2FwaWxhci5qcGciLCJzbGlkZXNob3ciOiI2ZmM0ZGExZiJ9\">\n\t\t\t\t\t<div class=\"e-gallery-image elementor-gallery-item__image\" data-thumbnail=\"https:\/\/www.implantes-capilares.com\/wp-content\/uploads\/2022\/07\/Despues-de-un-trasplante-capilar.jpg\" data-width=\"800\" data-height=\"800\" aria-label=\"\" role=\"img\" ><\/div>\n\t\t\t\t\t\t\t\t\t\t\t<div class=\"elementor-gallery-item__overlay\"><\/div>\n\t\t\t\t\t\t\t\t\t\t\t\t\t\t<\/a>\n\t\t\t\t\t\t\t<a class=\"e-gallery-item elementor-gallery-item elementor-animated-content\" data-e-gallery-tags=\"2\" href=\"https:\/\/www.implantes-capilares.com\/wp-content\/uploads\/2022\/07\/10-dias-despues-de-un-trasplante-de-pelo.jpg\" data-elementor-open-lightbox=\"yes\" data-elementor-lightbox-slideshow=\"6fc4da1f\" data-elementor-lightbox-title=\"10-dias-despues-de-un-trasplante-de-pelo.jpg\" data-e-action-hash=\"#elementor-action%3Aaction%3Dlightbox%26settings%3DeyJpZCI6MTU0NDAsInVybCI6Imh0dHBzOlwvXC93d3cuaW1wbGFudGVzLWNhcGlsYXJlcy5jb21cL3dwLWNvbnRlbnRcL3VwbG9hZHNcLzIwMjJcLzA3XC8xMC1kaWFzLWRlc3B1ZXMtZGUtdW4tdHJhc3BsYW50ZS1kZS1wZWxvLmpwZyIsInNsaWRlc2hvdyI6IjZmYzRkYTFmIn0%3D\">\n\t\t\t\t\t<div class=\"e-gallery-image elementor-gallery-item__image\" data-thumbnail=\"https:\/\/www.implantes-capilares.com\/wp-content\/uploads\/2022\/07\/10-dias-despues-de-un-trasplante-de-pelo.jpg\" data-width=\"800\" data-height=\"800\" aria-label=\"\" role=\"img\" ><\/div>\n\t\t\t\t\t\t\t\t\t\t\t<div class=\"elementor-gallery-item__overlay\"><\/div>\n\t\t\t\t\t\t\t\t\t\t\t\t\t\t<\/a>\n\t\t\t\t\t\t\t<a class=\"e-gallery-item elementor-gallery-item elementor-animated-content\" data-e-gallery-tags=\"2\" href=\"https:\/\/www.implantes-capilares.com\/wp-content\/uploads\/2022\/07\/10-dias-despues-de-un-implante-de-pelo.jpg\" data-elementor-open-lightbox=\"yes\" data-elementor-lightbox-slideshow=\"6fc4da1f\" data-elementor-lightbox-title=\"10-dias-despues-de-un-implante-de-pelo.jpg\" data-e-action-hash=\"#elementor-action%3Aaction%3Dlightbox%26settings%3DeyJpZCI6MTU0NDQsInVybCI6Imh0dHBzOlwvXC93d3cuaW1wbGFudGVzLWNhcGlsYXJlcy5jb21cL3dwLWNvbnRlbnRcL3VwbG9hZHNcLzIwMjJcLzA3XC8xMC1kaWFzLWRlc3B1ZXMtZGUtdW4taW1wbGFudGUtZGUtcGVsby5qcGciLCJzbGlkZXNob3ciOiI2ZmM0ZGExZiJ9\">\n\t\t\t\t\t<div class=\"e-gallery-image elementor-gallery-item__image\" data-thumbnail=\"https:\/\/www.implantes-capilares.com\/wp-content\/uploads\/2022\/07\/10-dias-despues-de-un-implante-de-pelo.jpg\" data-width=\"800\" data-height=\"800\" aria-label=\"\" role=\"img\" ><\/div>\n\t\t\t\t\t\t\t\t\t\t\t<div class=\"elementor-gallery-item__overlay\"><\/div>\n\t\t\t\t\t\t\t\t\t\t\t\t\t\t<\/a>\n\t\t\t\t\t\t\t<a class=\"e-gallery-item elementor-gallery-item elementor-animated-content\" data-e-gallery-tags=\"2\" href=\"https:\/\/www.implantes-capilares.com\/wp-content\/uploads\/2022\/07\/10-dias-despues-de-un-injerto-de-pelo.jpg\" data-elementor-open-lightbox=\"yes\" data-elementor-lightbox-slideshow=\"6fc4da1f\" data-elementor-lightbox-title=\"10-dias-despues-de-un-injerto-de-pelo.jpg\" data-e-action-hash=\"#elementor-action%3Aaction%3Dlightbox%26settings%3DeyJpZCI6MTU0NDgsInVybCI6Imh0dHBzOlwvXC93d3cuaW1wbGFudGVzLWNhcGlsYXJlcy5jb21cL3dwLWNvbnRlbnRcL3VwbG9hZHNcLzIwMjJcLzA3XC8xMC1kaWFzLWRlc3B1ZXMtZGUtdW4taW5qZXJ0by1kZS1wZWxvLmpwZyIsInNsaWRlc2hvdyI6IjZmYzRkYTFmIn0%3D\">\n\t\t\t\t\t<div class=\"e-gallery-image elementor-gallery-item__image\" data-thumbnail=\"https:\/\/www.implantes-capilares.com\/wp-content\/uploads\/2022\/07\/10-dias-despues-de-un-injerto-de-pelo.jpg\" data-width=\"800\" data-height=\"800\" aria-label=\"\" role=\"img\" ><\/div>\n\t\t\t\t\t\t\t\t\t\t\t<div class=\"elementor-gallery-item__overlay\"><\/div>\n\t\t\t\t\t\t\t\t\t\t\t\t\t\t<\/a>\n\t\t\t\t\t\t\t<a class=\"e-gallery-item elementor-gallery-item elementor-animated-content\" data-e-gallery-tags=\"2\" href=\"https:\/\/www.implantes-capilares.com\/wp-content\/uploads\/2022\/07\/10-dias-despues-de-un-operacion-capilar.jpg\" data-elementor-open-lightbox=\"yes\" data-elementor-lightbox-slideshow=\"6fc4da1f\" data-elementor-lightbox-title=\"10-dias-despues-de-un-operacion-capilar.jpg\" data-e-action-hash=\"#elementor-action%3Aaction%3Dlightbox%26settings%3DeyJpZCI6MTU0NTIsInVybCI6Imh0dHBzOlwvXC93d3cuaW1wbGFudGVzLWNhcGlsYXJlcy5jb21cL3dwLWNvbnRlbnRcL3VwbG9hZHNcLzIwMjJcLzA3XC8xMC1kaWFzLWRlc3B1ZXMtZGUtdW4tb3BlcmFjaW9uLWNhcGlsYXIuanBnIiwic2xpZGVzaG93IjoiNmZjNGRhMWYifQ%3D%3D\">\n\t\t\t\t\t<div class=\"e-gallery-image elementor-gallery-item__image\" data-thumbnail=\"https:\/\/www.implantes-capilares.com\/wp-content\/uploads\/2022\/07\/10-dias-despues-de-un-operacion-capilar.jpg\" data-width=\"800\" data-height=\"800\" aria-label=\"\" role=\"img\" ><\/div>\n\t\t\t\t\t\t\t\t\t\t\t<div class=\"elementor-gallery-item__overlay\"><\/div>\n\t\t\t\t\t\t\t\t\t\t\t\t\t\t<\/a>\n\t\t\t\t\t\t\t<a class=\"e-gallery-item elementor-gallery-item elementor-animated-content\" data-e-gallery-tags=\"2\" href=\"https:\/\/www.implantes-capilares.com\/wp-content\/uploads\/2022\/07\/10-dias-despues-de-un-trasplante-capilar.jpg\" data-elementor-open-lightbox=\"yes\" data-elementor-lightbox-slideshow=\"6fc4da1f\" data-elementor-lightbox-title=\"10-dias-despues-de-un-trasplante-capilar.jpg\" data-e-action-hash=\"#elementor-action%3Aaction%3Dlightbox%26settings%3DeyJpZCI6MTU0NTYsInVybCI6Imh0dHBzOlwvXC93d3cuaW1wbGFudGVzLWNhcGlsYXJlcy5jb21cL3dwLWNvbnRlbnRcL3VwbG9hZHNcLzIwMjJcLzA3XC8xMC1kaWFzLWRlc3B1ZXMtZGUtdW4tdHJhc3BsYW50ZS1jYXBpbGFyLmpwZyIsInNsaWRlc2hvdyI6IjZmYzRkYTFmIn0%3D\">\n\t\t\t\t\t<div class=\"e-gallery-image elementor-gallery-item__image\" data-thumbnail=\"https:\/\/www.implantes-capilares.com\/wp-content\/uploads\/2022\/07\/10-dias-despues-de-un-trasplante-capilar.jpg\" data-width=\"800\" data-height=\"800\" aria-label=\"\" role=\"img\" ><\/div>\n\t\t\t\t\t\t\t\t\t\t\t<div class=\"elementor-gallery-item__overlay\"><\/div>\n\t\t\t\t\t\t\t\t\t\t\t\t\t\t<\/a>\n\t\t\t\t\t\t\t<a class=\"e-gallery-item elementor-gallery-item elementor-animated-content\" data-e-gallery-tags=\"3\" href=\"https:\/\/www.implantes-capilares.com\/wp-content\/uploads\/2022\/07\/12-dias-despues-de-un-implante-de-pelo-caida-implantes.jpg\" data-elementor-open-lightbox=\"yes\" data-elementor-lightbox-slideshow=\"6fc4da1f\" data-elementor-lightbox-title=\"12-dias-despues-de-un-implante-de-pelo-caida-implantes.jpg\" data-e-action-hash=\"#elementor-action%3Aaction%3Dlightbox%26settings%3DeyJpZCI6MTU0NjAsInVybCI6Imh0dHBzOlwvXC93d3cuaW1wbGFudGVzLWNhcGlsYXJlcy5jb21cL3dwLWNvbnRlbnRcL3VwbG9hZHNcLzIwMjJcLzA3XC8xMi1kaWFzLWRlc3B1ZXMtZGUtdW4taW1wbGFudGUtZGUtcGVsby1jYWlkYS1pbXBsYW50ZXMuanBnIiwic2xpZGVzaG93IjoiNmZjNGRhMWYifQ%3D%3D\">\n\t\t\t\t\t<div class=\"e-gallery-image elementor-gallery-item__image\" data-thumbnail=\"https:\/\/www.implantes-capilares.com\/wp-content\/uploads\/2022\/07\/12-dias-despues-de-un-implante-de-pelo-caida-implantes.jpg\" data-width=\"800\" data-height=\"800\" aria-label=\"\" role=\"img\" ><\/div>\n\t\t\t\t\t\t\t\t\t\t\t<div class=\"elementor-gallery-item__overlay\"><\/div>\n\t\t\t\t\t\t\t\t\t\t\t\t\t\t<\/a>\n\t\t\t\t\t\t\t<a class=\"e-gallery-item elementor-gallery-item elementor-animated-content\" data-e-gallery-tags=\"3\" href=\"https:\/\/www.implantes-capilares.com\/wp-content\/uploads\/2022\/07\/12-dias-despues-de-un-trasplante-pelo-caida-implantes.jpg\" data-elementor-open-lightbox=\"yes\" data-elementor-lightbox-slideshow=\"6fc4da1f\" data-elementor-lightbox-title=\"12-dias-despues-de-un-trasplante-pelo-caida-implantes.jpg\" data-e-action-hash=\"#elementor-action%3Aaction%3Dlightbox%26settings%3DeyJpZCI6MTU0NjQsInVybCI6Imh0dHBzOlwvXC93d3cuaW1wbGFudGVzLWNhcGlsYXJlcy5jb21cL3dwLWNvbnRlbnRcL3VwbG9hZHNcLzIwMjJcLzA3XC8xMi1kaWFzLWRlc3B1ZXMtZGUtdW4tdHJhc3BsYW50ZS1wZWxvLWNhaWRhLWltcGxhbnRlcy5qcGciLCJzbGlkZXNob3ciOiI2ZmM0ZGExZiJ9\">\n\t\t\t\t\t<div class=\"e-gallery-image elementor-gallery-item__image\" data-thumbnail=\"https:\/\/www.implantes-capilares.com\/wp-content\/uploads\/2022\/07\/12-dias-despues-de-un-trasplante-pelo-caida-implantes.jpg\" data-width=\"800\" data-height=\"800\" aria-label=\"\" role=\"img\" ><\/div>\n\t\t\t\t\t\t\t\t\t\t\t<div class=\"elementor-gallery-item__overlay\"><\/div>\n\t\t\t\t\t\t\t\t\t\t\t\t\t\t<\/a>\n\t\t\t\t\t\t\t<a class=\"e-gallery-item elementor-gallery-item elementor-animated-content\" data-e-gallery-tags=\"3\" href=\"https:\/\/www.implantes-capilares.com\/wp-content\/uploads\/2022\/07\/12-dias-despues-de-un-injerto-de-pelo-caida-implantes.jpg\" data-elementor-open-lightbox=\"yes\" data-elementor-lightbox-slideshow=\"6fc4da1f\" data-elementor-lightbox-title=\"12-dias-despues-de-un-injerto-de-pelo-caida-implantes.jpg\" data-e-action-hash=\"#elementor-action%3Aaction%3Dlightbox%26settings%3DeyJpZCI6MTU0NjgsInVybCI6Imh0dHBzOlwvXC93d3cuaW1wbGFudGVzLWNhcGlsYXJlcy5jb21cL3dwLWNvbnRlbnRcL3VwbG9hZHNcLzIwMjJcLzA3XC8xMi1kaWFzLWRlc3B1ZXMtZGUtdW4taW5qZXJ0by1kZS1wZWxvLWNhaWRhLWltcGxhbnRlcy5qcGciLCJzbGlkZXNob3ciOiI2ZmM0ZGExZiJ9\">\n\t\t\t\t\t<div class=\"e-gallery-image elementor-gallery-item__image\" data-thumbnail=\"https:\/\/www.implantes-capilares.com\/wp-content\/uploads\/2022\/07\/12-dias-despues-de-un-injerto-de-pelo-caida-implantes.jpg\" data-width=\"800\" data-height=\"800\" aria-label=\"\" role=\"img\" ><\/div>\n\t\t\t\t\t\t\t\t\t\t\t<div class=\"elementor-gallery-item__overlay\"><\/div>\n\t\t\t\t\t\t\t\t\t\t\t\t\t\t<\/a>\n\t\t\t\t\t\t\t<a class=\"e-gallery-item elementor-gallery-item elementor-animated-content\" data-e-gallery-tags=\"3\" href=\"https:\/\/www.implantes-capilares.com\/wp-content\/uploads\/2022\/07\/12-dias-despues-de-un-operacion-capilar-caida-implantes.jpg\" data-elementor-open-lightbox=\"yes\" data-elementor-lightbox-slideshow=\"6fc4da1f\" data-elementor-lightbox-title=\"12-dias-despues-de-un-operacion-capilar-caida-implantes.jpg\" data-e-action-hash=\"#elementor-action%3Aaction%3Dlightbox%26settings%3DeyJpZCI6MTU0NzIsInVybCI6Imh0dHBzOlwvXC93d3cuaW1wbGFudGVzLWNhcGlsYXJlcy5jb21cL3dwLWNvbnRlbnRcL3VwbG9hZHNcLzIwMjJcLzA3XC8xMi1kaWFzLWRlc3B1ZXMtZGUtdW4tb3BlcmFjaW9uLWNhcGlsYXItY2FpZGEtaW1wbGFudGVzLmpwZyIsInNsaWRlc2hvdyI6IjZmYzRkYTFmIn0%3D\">\n\t\t\t\t\t<div class=\"e-gallery-image elementor-gallery-item__image\" data-thumbnail=\"https:\/\/www.implantes-capilares.com\/wp-content\/uploads\/2022\/07\/12-dias-despues-de-un-operacion-capilar-caida-implantes.jpg\" data-width=\"800\" data-height=\"800\" aria-label=\"\" role=\"img\" ><\/div>\n\t\t\t\t\t\t\t\t\t\t\t<div class=\"elementor-gallery-item__overlay\"><\/div>\n\t\t\t\t\t\t\t\t\t\t\t\t\t\t<\/a>\n\t\t\t\t\t\t\t<a class=\"e-gallery-item elementor-gallery-item elementor-animated-content\" data-e-gallery-tags=\"3\" href=\"https:\/\/www.implantes-capilares.com\/wp-content\/uploads\/2022\/07\/12-dias-despues-de-un-trasplante-capilar-caida-implantes.jpg\" data-elementor-open-lightbox=\"yes\" data-elementor-lightbox-slideshow=\"6fc4da1f\" data-elementor-lightbox-title=\"12-dias-despues-de-un-trasplante-capilar-caida-implantes.jpg\" data-e-action-hash=\"#elementor-action%3Aaction%3Dlightbox%26settings%3DeyJpZCI6MTU0NzYsInVybCI6Imh0dHBzOlwvXC93d3cuaW1wbGFudGVzLWNhcGlsYXJlcy5jb21cL3dwLWNvbnRlbnRcL3VwbG9hZHNcLzIwMjJcLzA3XC8xMi1kaWFzLWRlc3B1ZXMtZGUtdW4tdHJhc3BsYW50ZS1jYXBpbGFyLWNhaWRhLWltcGxhbnRlcy5qcGciLCJzbGlkZXNob3ciOiI2ZmM0ZGExZiJ9\">\n\t\t\t\t\t<div class=\"e-gallery-image elementor-gallery-item__image\" data-thumbnail=\"https:\/\/www.implantes-capilares.com\/wp-content\/uploads\/2022\/07\/12-dias-despues-de-un-trasplante-capilar-caida-implantes.jpg\" data-width=\"800\" data-height=\"800\" aria-label=\"\" role=\"img\" ><\/div>\n\t\t\t\t\t\t\t\t\t\t\t<div class=\"elementor-gallery-item__overlay\"><\/div>\n\t\t\t\t\t\t\t\t\t\t\t\t\t\t<\/a>\n\t\t\t\t\t\t\t<a class=\"e-gallery-item elementor-gallery-item elementor-animated-content\" data-e-gallery-tags=\"4\" href=\"https:\/\/www.implantes-capilares.com\/wp-content\/uploads\/2022\/07\/20-dias-despues-de-un-implante-de-pelo.jpg\" data-elementor-open-lightbox=\"yes\" data-elementor-lightbox-slideshow=\"6fc4da1f\" data-elementor-lightbox-title=\"20-dias-despues-de-un-implante-de-pelo.jpg\" data-e-action-hash=\"#elementor-action%3Aaction%3Dlightbox%26settings%3DeyJpZCI6MTU0ODAsInVybCI6Imh0dHBzOlwvXC93d3cuaW1wbGFudGVzLWNhcGlsYXJlcy5jb21cL3dwLWNvbnRlbnRcL3VwbG9hZHNcLzIwMjJcLzA3XC8yMC1kaWFzLWRlc3B1ZXMtZGUtdW4taW1wbGFudGUtZGUtcGVsby5qcGciLCJzbGlkZXNob3ciOiI2ZmM0ZGExZiJ9\">\n\t\t\t\t\t<div class=\"e-gallery-image elementor-gallery-item__image\" data-thumbnail=\"https:\/\/www.implantes-capilares.com\/wp-content\/uploads\/2022\/07\/20-dias-despues-de-un-implante-de-pelo.jpg\" data-width=\"800\" data-height=\"800\" aria-label=\"\" role=\"img\" ><\/div>\n\t\t\t\t\t\t\t\t\t\t\t<div class=\"elementor-gallery-item__overlay\"><\/div>\n\t\t\t\t\t\t\t\t\t\t\t\t\t\t<\/a>\n\t\t\t\t\t\t\t<a class=\"e-gallery-item elementor-gallery-item elementor-animated-content\" data-e-gallery-tags=\"4\" href=\"https:\/\/www.implantes-capilares.com\/wp-content\/uploads\/2022\/07\/20-dias-despues-de-un-injerto-de-pelo.jpg\" data-elementor-open-lightbox=\"yes\" data-elementor-lightbox-slideshow=\"6fc4da1f\" data-elementor-lightbox-title=\"20-dias-despues-de-un-injerto-de-pelo.jpg\" data-e-action-hash=\"#elementor-action%3Aaction%3Dlightbox%26settings%3DeyJpZCI6MTU0ODQsInVybCI6Imh0dHBzOlwvXC93d3cuaW1wbGFudGVzLWNhcGlsYXJlcy5jb21cL3dwLWNvbnRlbnRcL3VwbG9hZHNcLzIwMjJcLzA3XC8yMC1kaWFzLWRlc3B1ZXMtZGUtdW4taW5qZXJ0by1kZS1wZWxvLmpwZyIsInNsaWRlc2hvdyI6IjZmYzRkYTFmIn0%3D\">\n\t\t\t\t\t<div class=\"e-gallery-image elementor-gallery-item__image\" data-thumbnail=\"https:\/\/www.implantes-capilares.com\/wp-content\/uploads\/2022\/07\/20-dias-despues-de-un-injerto-de-pelo.jpg\" data-width=\"800\" data-height=\"800\" aria-label=\"\" role=\"img\" ><\/div>\n\t\t\t\t\t\t\t\t\t\t\t<div class=\"elementor-gallery-item__overlay\"><\/div>\n\t\t\t\t\t\t\t\t\t\t\t\t\t\t<\/a>\n\t\t\t\t\t\t\t<a class=\"e-gallery-item elementor-gallery-item elementor-animated-content\" data-e-gallery-tags=\"4\" href=\"https:\/\/www.implantes-capilares.com\/wp-content\/uploads\/2022\/07\/20-dias-despues-de-un-trasplante-capilar.jpg\" data-elementor-open-lightbox=\"yes\" data-elementor-lightbox-slideshow=\"6fc4da1f\" data-elementor-lightbox-title=\"20-dias-despues-de-un-trasplante-capilar.jpg\" data-e-action-hash=\"#elementor-action%3Aaction%3Dlightbox%26settings%3DeyJpZCI6MTU0ODgsInVybCI6Imh0dHBzOlwvXC93d3cuaW1wbGFudGVzLWNhcGlsYXJlcy5jb21cL3dwLWNvbnRlbnRcL3VwbG9hZHNcLzIwMjJcLzA3XC8yMC1kaWFzLWRlc3B1ZXMtZGUtdW4tdHJhc3BsYW50ZS1jYXBpbGFyLmpwZyIsInNsaWRlc2hvdyI6IjZmYzRkYTFmIn0%3D\">\n\t\t\t\t\t<div class=\"e-gallery-image elementor-gallery-item__image\" data-thumbnail=\"https:\/\/www.implantes-capilares.com\/wp-content\/uploads\/2022\/07\/20-dias-despues-de-un-trasplante-capilar.jpg\" data-width=\"800\" data-height=\"800\" aria-label=\"\" role=\"img\" ><\/div>\n\t\t\t\t\t\t\t\t\t\t\t<div class=\"elementor-gallery-item__overlay\"><\/div>\n\t\t\t\t\t\t\t\t\t\t\t\t\t\t<\/a>\n\t\t\t\t\t\t\t<a class=\"e-gallery-item elementor-gallery-item elementor-animated-content\" data-e-gallery-tags=\"5\" href=\"https:\/\/www.implantes-capilares.com\/wp-content\/uploads\/2022\/07\/dos-meses-despues-de-un-trasplante-pelo.jpg\" data-elementor-open-lightbox=\"yes\" data-elementor-lightbox-slideshow=\"6fc4da1f\" data-elementor-lightbox-title=\"dos-meses-despues-de-un-trasplante-pelo.jpg\" data-e-action-hash=\"#elementor-action%3Aaction%3Dlightbox%26settings%3DeyJpZCI6MTU0OTIsInVybCI6Imh0dHBzOlwvXC93d3cuaW1wbGFudGVzLWNhcGlsYXJlcy5jb21cL3dwLWNvbnRlbnRcL3VwbG9hZHNcLzIwMjJcLzA3XC9kb3MtbWVzZXMtZGVzcHVlcy1kZS11bi10cmFzcGxhbnRlLXBlbG8uanBnIiwic2xpZGVzaG93IjoiNmZjNGRhMWYifQ%3D%3D\">\n\t\t\t\t\t<div class=\"e-gallery-image elementor-gallery-item__image\" data-thumbnail=\"https:\/\/www.implantes-capilares.com\/wp-content\/uploads\/2022\/07\/dos-meses-despues-de-un-trasplante-pelo.jpg\" data-width=\"800\" data-height=\"800\" aria-label=\"\" role=\"img\" ><\/div>\n\t\t\t\t\t\t\t\t\t\t\t<div class=\"elementor-gallery-item__overlay\"><\/div>\n\t\t\t\t\t\t\t\t\t\t\t\t\t\t<\/a>\n\t\t\t\t\t\t\t<a class=\"e-gallery-item elementor-gallery-item elementor-animated-content\" data-e-gallery-tags=\"5\" href=\"https:\/\/www.implantes-capilares.com\/wp-content\/uploads\/2022\/07\/dos-meses-despues-de-un-trasplante-capilar.jpg\" data-elementor-open-lightbox=\"yes\" data-elementor-lightbox-slideshow=\"6fc4da1f\" data-elementor-lightbox-title=\"dos-meses-despues-de-un-trasplante-capilar.jpg\" data-e-action-hash=\"#elementor-action%3Aaction%3Dlightbox%26settings%3DeyJpZCI6MTU0OTYsInVybCI6Imh0dHBzOlwvXC93d3cuaW1wbGFudGVzLWNhcGlsYXJlcy5jb21cL3dwLWNvbnRlbnRcL3VwbG9hZHNcLzIwMjJcLzA3XC9kb3MtbWVzZXMtZGVzcHVlcy1kZS11bi10cmFzcGxhbnRlLWNhcGlsYXIuanBnIiwic2xpZGVzaG93IjoiNmZjNGRhMWYifQ%3D%3D\">\n\t\t\t\t\t<div class=\"e-gallery-image elementor-gallery-item__image\" data-thumbnail=\"https:\/\/www.implantes-capilares.com\/wp-content\/uploads\/2022\/07\/dos-meses-despues-de-un-trasplante-capilar.jpg\" data-width=\"800\" data-height=\"800\" aria-label=\"\" role=\"img\" ><\/div>\n\t\t\t\t\t\t\t\t\t\t\t<div class=\"elementor-gallery-item__overlay\"><\/div>\n\t\t\t\t\t\t\t\t\t\t\t\t\t\t<\/a>\n\t\t\t\t\t\t\t<a class=\"e-gallery-item elementor-gallery-item elementor-animated-content\" data-e-gallery-tags=\"6\" href=\"https:\/\/www.implantes-capilares.com\/wp-content\/uploads\/2022\/07\/tres-meses-despues-de-un-implante-capilar.jpg\" data-elementor-open-lightbox=\"yes\" data-elementor-lightbox-slideshow=\"6fc4da1f\" data-elementor-lightbox-title=\"tres-meses-despues-de-un-implante-capilar.jpg\" data-e-action-hash=\"#elementor-action%3Aaction%3Dlightbox%26settings%3DeyJpZCI6MTU1MDAsInVybCI6Imh0dHBzOlwvXC93d3cuaW1wbGFudGVzLWNhcGlsYXJlcy5jb21cL3dwLWNvbnRlbnRcL3VwbG9hZHNcLzIwMjJcLzA3XC90cmVzLW1lc2VzLWRlc3B1ZXMtZGUtdW4taW1wbGFudGUtY2FwaWxhci5qcGciLCJzbGlkZXNob3ciOiI2ZmM0ZGExZiJ9\">\n\t\t\t\t\t<div class=\"e-gallery-image elementor-gallery-item__image\" data-thumbnail=\"https:\/\/www.implantes-capilares.com\/wp-content\/uploads\/2022\/07\/tres-meses-despues-de-un-implante-capilar.jpg\" data-width=\"800\" data-height=\"800\" aria-label=\"\" role=\"img\" ><\/div>\n\t\t\t\t\t\t\t\t\t\t\t<div class=\"elementor-gallery-item__overlay\"><\/div>\n\t\t\t\t\t\t\t\t\t\t\t\t\t\t<\/a>\n\t\t\t\t\t\t\t<a class=\"e-gallery-item elementor-gallery-item elementor-animated-content\" data-e-gallery-tags=\"6\" href=\"https:\/\/www.implantes-capilares.com\/wp-content\/uploads\/2022\/07\/tres-meses-despues-de-un-trasplante-capilar.jpg\" data-elementor-open-lightbox=\"yes\" data-elementor-lightbox-slideshow=\"6fc4da1f\" data-elementor-lightbox-title=\"tres-meses-despues-de-un-trasplante-capilar.jpg\" data-e-action-hash=\"#elementor-action%3Aaction%3Dlightbox%26settings%3DeyJpZCI6MTU1MDQsInVybCI6Imh0dHBzOlwvXC93d3cuaW1wbGFudGVzLWNhcGlsYXJlcy5jb21cL3dwLWNvbnRlbnRcL3VwbG9hZHNcLzIwMjJcLzA3XC90cmVzLW1lc2VzLWRlc3B1ZXMtZGUtdW4tdHJhc3BsYW50ZS1jYXBpbGFyLmpwZyIsInNsaWRlc2hvdyI6IjZmYzRkYTFmIn0%3D\">\n\t\t\t\t\t<div class=\"e-gallery-image elementor-gallery-item__image\" data-thumbnail=\"https:\/\/www.implantes-capilares.com\/wp-content\/uploads\/2022\/07\/tres-meses-despues-de-un-trasplante-capilar.jpg\" data-width=\"800\" data-height=\"800\" aria-label=\"\" role=\"img\" ><\/div>\n\t\t\t\t\t\t\t\t\t\t\t<div class=\"elementor-gallery-item__overlay\"><\/div>\n\t\t\t\t\t\t\t\t\t\t\t\t\t\t<\/a>\n\t\t\t\t\t\t\t<a class=\"e-gallery-item elementor-gallery-item elementor-animated-content\" data-e-gallery-tags=\"7\" href=\"https:\/\/www.implantes-capilares.com\/wp-content\/uploads\/2022\/07\/sexto-mes-despues-de-un-trasplante-capilar.jpg\" data-elementor-open-lightbox=\"yes\" data-elementor-lightbox-slideshow=\"6fc4da1f\" data-elementor-lightbox-title=\"sexto-mes-despues-de-un-trasplante-capilar.jpg\" data-e-action-hash=\"#elementor-action%3Aaction%3Dlightbox%26settings%3DeyJpZCI6MTU1MDgsInVybCI6Imh0dHBzOlwvXC93d3cuaW1wbGFudGVzLWNhcGlsYXJlcy5jb21cL3dwLWNvbnRlbnRcL3VwbG9hZHNcLzIwMjJcLzA3XC9zZXh0by1tZXMtZGVzcHVlcy1kZS11bi10cmFzcGxhbnRlLWNhcGlsYXIuanBnIiwic2xpZGVzaG93IjoiNmZjNGRhMWYifQ%3D%3D\">\n\t\t\t\t\t<div class=\"e-gallery-image elementor-gallery-item__image\" data-thumbnail=\"https:\/\/www.implantes-capilares.com\/wp-content\/uploads\/2022\/07\/sexto-mes-despues-de-un-trasplante-capilar.jpg\" data-width=\"800\" data-height=\"800\" aria-label=\"\" role=\"img\" ><\/div>\n\t\t\t\t\t\t\t\t\t\t\t<div class=\"elementor-gallery-item__overlay\"><\/div>\n\t\t\t\t\t\t\t\t\t\t\t\t\t\t<\/a>\n\t\t\t\t\t\t\t<a class=\"e-gallery-item elementor-gallery-item elementor-animated-content\" data-e-gallery-tags=\"7\" href=\"https:\/\/www.implantes-capilares.com\/wp-content\/uploads\/2022\/07\/sexto-mes-despues-de-un-trasplante-de-pelo.jpg\" data-elementor-open-lightbox=\"yes\" data-elementor-lightbox-slideshow=\"6fc4da1f\" data-elementor-lightbox-title=\"sexto-mes-despues-de-un-trasplante-de-pelo.jpg\" data-e-action-hash=\"#elementor-action%3Aaction%3Dlightbox%26settings%3DeyJpZCI6MTU1MTIsInVybCI6Imh0dHBzOlwvXC93d3cuaW1wbGFudGVzLWNhcGlsYXJlcy5jb21cL3dwLWNvbnRlbnRcL3VwbG9hZHNcLzIwMjJcLzA3XC9zZXh0by1tZXMtZGVzcHVlcy1kZS11bi10cmFzcGxhbnRlLWRlLXBlbG8uanBnIiwic2xpZGVzaG93IjoiNmZjNGRhMWYifQ%3D%3D\">\n\t\t\t\t\t<div class=\"e-gallery-image elementor-gallery-item__image\" data-thumbnail=\"https:\/\/www.implantes-capilares.com\/wp-content\/uploads\/2022\/07\/sexto-mes-despues-de-un-trasplante-de-pelo.jpg\" data-width=\"800\" data-height=\"800\" aria-label=\"\" role=\"img\" ><\/div>\n\t\t\t\t\t\t\t\t\t\t\t<div class=\"elementor-gallery-item__overlay\"><\/div>\n\t\t\t\t\t\t\t\t\t\t\t\t\t\t<\/a>\n\t\t\t\t\t\t\t<a class=\"e-gallery-item elementor-gallery-item elementor-animated-content\" data-e-gallery-tags=\"7\" href=\"https:\/\/www.implantes-capilares.com\/wp-content\/uploads\/2022\/07\/sexto-mes-despues-de-un-implante-de-pelo.jpg\" data-elementor-open-lightbox=\"yes\" data-elementor-lightbox-slideshow=\"6fc4da1f\" data-elementor-lightbox-title=\"sexto-mes-despues-de-un-implante-de-pelo.jpg\" data-e-action-hash=\"#elementor-action%3Aaction%3Dlightbox%26settings%3DeyJpZCI6MTU1MTYsInVybCI6Imh0dHBzOlwvXC93d3cuaW1wbGFudGVzLWNhcGlsYXJlcy5jb21cL3dwLWNvbnRlbnRcL3VwbG9hZHNcLzIwMjJcLzA3XC9zZXh0by1tZXMtZGVzcHVlcy1kZS11bi1pbXBsYW50ZS1kZS1wZWxvLmpwZyIsInNsaWRlc2hvdyI6IjZmYzRkYTFmIn0%3D\">\n\t\t\t\t\t<div class=\"e-gallery-image elementor-gallery-item__image\" data-thumbnail=\"https:\/\/www.implantes-capilares.com\/wp-content\/uploads\/2022\/07\/sexto-mes-despues-de-un-implante-de-pelo.jpg\" data-width=\"800\" data-height=\"800\" aria-label=\"\" role=\"img\" ><\/div>\n\t\t\t\t\t\t\t\t\t\t\t<div class=\"elementor-gallery-item__overlay\"><\/div>\n\t\t\t\t\t\t\t\t\t\t\t\t\t\t<\/a>\n\t\t\t\t\t\t\t<a class=\"e-gallery-item elementor-gallery-item elementor-animated-content\" data-e-gallery-tags=\"7\" href=\"https:\/\/www.implantes-capilares.com\/wp-content\/uploads\/2022\/07\/sexto-mes-despues-de-un-injerto-de-pelo.jpg\" data-elementor-open-lightbox=\"yes\" data-elementor-lightbox-slideshow=\"6fc4da1f\" data-elementor-lightbox-title=\"sexto-mes-despues-de-un-injerto-de-pelo.jpg\" data-e-action-hash=\"#elementor-action%3Aaction%3Dlightbox%26settings%3DeyJpZCI6MTU1MjAsInVybCI6Imh0dHBzOlwvXC93d3cuaW1wbGFudGVzLWNhcGlsYXJlcy5jb21cL3dwLWNvbnRlbnRcL3VwbG9hZHNcLzIwMjJcLzA3XC9zZXh0by1tZXMtZGVzcHVlcy1kZS11bi1pbmplcnRvLWRlLXBlbG8uanBnIiwic2xpZGVzaG93IjoiNmZjNGRhMWYifQ%3D%3D\">\n\t\t\t\t\t<div class=\"e-gallery-image elementor-gallery-item__image\" data-thumbnail=\"https:\/\/www.implantes-capilares.com\/wp-content\/uploads\/2022\/07\/sexto-mes-despues-de-un-injerto-de-pelo.jpg\" data-width=\"800\" data-height=\"800\" aria-label=\"\" role=\"img\" ><\/div>\n\t\t\t\t\t\t\t\t\t\t\t<div class=\"elementor-gallery-item__overlay\"><\/div>\n\t\t\t\t\t\t\t\t\t\t\t\t\t\t<\/a>\n\t\t\t\t\t\t\t<a class=\"e-gallery-item elementor-gallery-item elementor-animated-content\" data-e-gallery-tags=\"7\" href=\"https:\/\/www.implantes-capilares.com\/wp-content\/uploads\/2022\/07\/sexto-mes-despues-de-un-operacion-capilar.jpg\" data-elementor-open-lightbox=\"yes\" data-elementor-lightbox-slideshow=\"6fc4da1f\" data-elementor-lightbox-title=\"sexto-mes-despues-de-un-operacion-capilar.jpg\" data-e-action-hash=\"#elementor-action%3Aaction%3Dlightbox%26settings%3DeyJpZCI6MTU1MjQsInVybCI6Imh0dHBzOlwvXC93d3cuaW1wbGFudGVzLWNhcGlsYXJlcy5jb21cL3dwLWNvbnRlbnRcL3VwbG9hZHNcLzIwMjJcLzA3XC9zZXh0by1tZXMtZGVzcHVlcy1kZS11bi1vcGVyYWNpb24tY2FwaWxhci5qcGciLCJzbGlkZXNob3ciOiI2ZmM0ZGExZiJ9\">\n\t\t\t\t\t<div class=\"e-gallery-image elementor-gallery-item__image\" data-thumbnail=\"https:\/\/www.implantes-capilares.com\/wp-content\/uploads\/2022\/07\/sexto-mes-despues-de-un-operacion-capilar.jpg\" data-width=\"800\" data-height=\"800\" aria-label=\"\" role=\"img\" ><\/div>\n\t\t\t\t\t\t\t\t\t\t\t<div class=\"elementor-gallery-item__overlay\"><\/div>\n\t\t\t\t\t\t\t\t\t\t\t\t\t\t<\/a>\n\t\t\t\t\t\t\t<a class=\"e-gallery-item elementor-gallery-item elementor-animated-content\" data-e-gallery-tags=\"7\" href=\"https:\/\/www.implantes-capilares.com\/wp-content\/uploads\/2022\/07\/sexto-mes-despues-de-un-operacion-de-implante-de-pelo.jpg\" data-elementor-open-lightbox=\"yes\" data-elementor-lightbox-slideshow=\"6fc4da1f\" data-elementor-lightbox-title=\"sexto-mes-despues-de-un-operacion-de-implante-de-pelo.jpg\" data-e-action-hash=\"#elementor-action%3Aaction%3Dlightbox%26settings%3DeyJpZCI6MTU1MjgsInVybCI6Imh0dHBzOlwvXC93d3cuaW1wbGFudGVzLWNhcGlsYXJlcy5jb21cL3dwLWNvbnRlbnRcL3VwbG9hZHNcLzIwMjJcLzA3XC9zZXh0by1tZXMtZGVzcHVlcy1kZS11bi1vcGVyYWNpb24tZGUtaW1wbGFudGUtZGUtcGVsby5qcGciLCJzbGlkZXNob3ciOiI2ZmM0ZGExZiJ9\">\n\t\t\t\t\t<div class=\"e-gallery-image elementor-gallery-item__image\" data-thumbnail=\"https:\/\/www.implantes-capilares.com\/wp-content\/uploads\/2022\/07\/sexto-mes-despues-de-un-operacion-de-implante-de-pelo.jpg\" data-width=\"800\" data-height=\"800\" aria-label=\"\" role=\"img\" ><\/div>\n\t\t\t\t\t\t\t\t\t\t\t<div class=\"elementor-gallery-item__overlay\"><\/div>\n\t\t\t\t\t\t\t\t\t\t\t\t\t\t<\/a>\n\t\t\t\t\t\t\t<a class=\"e-gallery-item elementor-gallery-item elementor-animated-content\" data-e-gallery-tags=\"7\" href=\"https:\/\/www.implantes-capilares.com\/wp-content\/uploads\/2022\/07\/sexto-mes-despues-de-un-operacion-de-trasplante-de-pelo.jpg\" data-elementor-open-lightbox=\"yes\" data-elementor-lightbox-slideshow=\"6fc4da1f\" data-elementor-lightbox-title=\"sexto-mes-despues-de-un-operacion-de-trasplante-de-pelo.jpg\" data-e-action-hash=\"#elementor-action%3Aaction%3Dlightbox%26settings%3DeyJpZCI6MTU1MzIsInVybCI6Imh0dHBzOlwvXC93d3cuaW1wbGFudGVzLWNhcGlsYXJlcy5jb21cL3dwLWNvbnRlbnRcL3VwbG9hZHNcLzIwMjJcLzA3XC9zZXh0by1tZXMtZGVzcHVlcy1kZS11bi1vcGVyYWNpb24tZGUtdHJhc3BsYW50ZS1kZS1wZWxvLmpwZyIsInNsaWRlc2hvdyI6IjZmYzRkYTFmIn0%3D\">\n\t\t\t\t\t<div class=\"e-gallery-image elementor-gallery-item__image\" data-thumbnail=\"https:\/\/www.implantes-capilares.com\/wp-content\/uploads\/2022\/07\/sexto-mes-despues-de-un-operacion-de-trasplante-de-pelo.jpg\" data-width=\"800\" data-height=\"800\" aria-label=\"\" role=\"img\" ><\/div>\n\t\t\t\t\t\t\t\t\t\t\t<div class=\"elementor-gallery-item__overlay\"><\/div>\n\t\t\t\t\t\t\t\t\t\t\t\t\t\t<\/a>\n\t\t\t\t\t\t\t<a class=\"e-gallery-item elementor-gallery-item elementor-animated-content\" data-e-gallery-tags=\"8\" href=\"https:\/\/www.implantes-capilares.com\/wp-content\/uploads\/2022\/07\/septimo-mes-despues-de-un-trasplante-de-pelo.jpg\" data-elementor-open-lightbox=\"yes\" data-elementor-lightbox-slideshow=\"6fc4da1f\" data-elementor-lightbox-title=\"septimo-mes-despues-de-un-trasplante-de-pelo.jpg\" data-e-action-hash=\"#elementor-action%3Aaction%3Dlightbox%26settings%3DeyJpZCI6MTU1MzYsInVybCI6Imh0dHBzOlwvXC93d3cuaW1wbGFudGVzLWNhcGlsYXJlcy5jb21cL3dwLWNvbnRlbnRcL3VwbG9hZHNcLzIwMjJcLzA3XC9zZXB0aW1vLW1lcy1kZXNwdWVzLWRlLXVuLXRyYXNwbGFudGUtZGUtcGVsby5qcGciLCJzbGlkZXNob3ciOiI2ZmM0ZGExZiJ9\">\n\t\t\t\t\t<div class=\"e-gallery-image elementor-gallery-item__image\" data-thumbnail=\"https:\/\/www.implantes-capilares.com\/wp-content\/uploads\/2022\/07\/septimo-mes-despues-de-un-trasplante-de-pelo.jpg\" data-width=\"800\" data-height=\"800\" aria-label=\"\" role=\"img\" ><\/div>\n\t\t\t\t\t\t\t\t\t\t\t<div class=\"elementor-gallery-item__overlay\"><\/div>\n\t\t\t\t\t\t\t\t\t\t\t\t\t\t<\/a>\n\t\t\t\t\t\t\t<a class=\"e-gallery-item elementor-gallery-item elementor-animated-content\" data-e-gallery-tags=\"8\" href=\"https:\/\/www.implantes-capilares.com\/wp-content\/uploads\/2022\/07\/septimo-mes-despues-de-un-implante-de-pelo.jpg\" data-elementor-open-lightbox=\"yes\" data-elementor-lightbox-slideshow=\"6fc4da1f\" data-elementor-lightbox-title=\"septimo-mes-despues-de-un-implante-de-pelo.jpg\" data-e-action-hash=\"#elementor-action%3Aaction%3Dlightbox%26settings%3DeyJpZCI6MTU1NDAsInVybCI6Imh0dHBzOlwvXC93d3cuaW1wbGFudGVzLWNhcGlsYXJlcy5jb21cL3dwLWNvbnRlbnRcL3VwbG9hZHNcLzIwMjJcLzA3XC9zZXB0aW1vLW1lcy1kZXNwdWVzLWRlLXVuLWltcGxhbnRlLWRlLXBlbG8uanBnIiwic2xpZGVzaG93IjoiNmZjNGRhMWYifQ%3D%3D\">\n\t\t\t\t\t<div class=\"e-gallery-image elementor-gallery-item__image\" data-thumbnail=\"https:\/\/www.implantes-capilares.com\/wp-content\/uploads\/2022\/07\/septimo-mes-despues-de-un-implante-de-pelo.jpg\" data-width=\"800\" data-height=\"800\" aria-label=\"\" role=\"img\" ><\/div>\n\t\t\t\t\t\t\t\t\t\t\t<div class=\"elementor-gallery-item__overlay\"><\/div>\n\t\t\t\t\t\t\t\t\t\t\t\t\t\t<\/a>\n\t\t\t\t\t\t\t<a class=\"e-gallery-item elementor-gallery-item elementor-animated-content\" data-e-gallery-tags=\"8\" href=\"https:\/\/www.implantes-capilares.com\/wp-content\/uploads\/2022\/07\/septimo-mes-despues-de-un-injerto-de-pelo.jpg\" data-elementor-open-lightbox=\"yes\" data-elementor-lightbox-slideshow=\"6fc4da1f\" data-elementor-lightbox-title=\"septimo-mes-despues-de-un-injerto-de-pelo.jpg\" data-e-action-hash=\"#elementor-action%3Aaction%3Dlightbox%26settings%3DeyJpZCI6MTU1NDQsInVybCI6Imh0dHBzOlwvXC93d3cuaW1wbGFudGVzLWNhcGlsYXJlcy5jb21cL3dwLWNvbnRlbnRcL3VwbG9hZHNcLzIwMjJcLzA3XC9zZXB0aW1vLW1lcy1kZXNwdWVzLWRlLXVuLWluamVydG8tZGUtcGVsby5qcGciLCJzbGlkZXNob3ciOiI2ZmM0ZGExZiJ9\">\n\t\t\t\t\t<div class=\"e-gallery-image elementor-gallery-item__image\" data-thumbnail=\"https:\/\/www.implantes-capilares.com\/wp-content\/uploads\/2022\/07\/septimo-mes-despues-de-un-injerto-de-pelo.jpg\" data-width=\"800\" data-height=\"800\" aria-label=\"\" role=\"img\" ><\/div>\n\t\t\t\t\t\t\t\t\t\t\t<div class=\"elementor-gallery-item__overlay\"><\/div>\n\t\t\t\t\t\t\t\t\t\t\t\t\t\t<\/a>\n\t\t\t\t\t\t\t<a class=\"e-gallery-item elementor-gallery-item elementor-animated-content\" data-e-gallery-tags=\"8\" href=\"https:\/\/www.implantes-capilares.com\/wp-content\/uploads\/2022\/07\/septimo-mes-despues-de-un-operacion-capilar.jpg\" data-elementor-open-lightbox=\"yes\" data-elementor-lightbox-slideshow=\"6fc4da1f\" data-elementor-lightbox-title=\"septimo-mes-despues-de-un-operacion-capilar.jpg\" data-e-action-hash=\"#elementor-action%3Aaction%3Dlightbox%26settings%3DeyJpZCI6MTU1NDgsInVybCI6Imh0dHBzOlwvXC93d3cuaW1wbGFudGVzLWNhcGlsYXJlcy5jb21cL3dwLWNvbnRlbnRcL3VwbG9hZHNcLzIwMjJcLzA3XC9zZXB0aW1vLW1lcy1kZXNwdWVzLWRlLXVuLW9wZXJhY2lvbi1jYXBpbGFyLmpwZyIsInNsaWRlc2hvdyI6IjZmYzRkYTFmIn0%3D\">\n\t\t\t\t\t<div class=\"e-gallery-image elementor-gallery-item__image\" data-thumbnail=\"https:\/\/www.implantes-capilares.com\/wp-content\/uploads\/2022\/07\/septimo-mes-despues-de-un-operacion-capilar.jpg\" data-width=\"800\" data-height=\"800\" aria-label=\"\" role=\"img\" ><\/div>\n\t\t\t\t\t\t\t\t\t\t\t<div class=\"elementor-gallery-item__overlay\"><\/div>\n\t\t\t\t\t\t\t\t\t\t\t\t\t\t<\/a>\n\t\t\t\t\t\t\t<a class=\"e-gallery-item elementor-gallery-item elementor-animated-content\" data-e-gallery-tags=\"8\" href=\"https:\/\/www.implantes-capilares.com\/wp-content\/uploads\/2022\/07\/septimo-mes-despues-de-un-operacion-de-trasplante-de-pelo.jpg\" data-elementor-open-lightbox=\"yes\" data-elementor-lightbox-slideshow=\"6fc4da1f\" data-elementor-lightbox-title=\"septimo-mes-despues-de-un-operacion-de-trasplante-de-pelo.jpg\" data-e-action-hash=\"#elementor-action%3Aaction%3Dlightbox%26settings%3DeyJpZCI6MTU1NTIsInVybCI6Imh0dHBzOlwvXC93d3cuaW1wbGFudGVzLWNhcGlsYXJlcy5jb21cL3dwLWNvbnRlbnRcL3VwbG9hZHNcLzIwMjJcLzA3XC9zZXB0aW1vLW1lcy1kZXNwdWVzLWRlLXVuLW9wZXJhY2lvbi1kZS10cmFzcGxhbnRlLWRlLXBlbG8uanBnIiwic2xpZGVzaG93IjoiNmZjNGRhMWYifQ%3D%3D\">\n\t\t\t\t\t<div class=\"e-gallery-image elementor-gallery-item__image\" data-thumbnail=\"https:\/\/www.implantes-capilares.com\/wp-content\/uploads\/2022\/07\/septimo-mes-despues-de-un-operacion-de-trasplante-de-pelo.jpg\" data-width=\"800\" data-height=\"800\" aria-label=\"\" role=\"img\" ><\/div>\n\t\t\t\t\t\t\t\t\t\t\t<div class=\"elementor-gallery-item__overlay\"><\/div>\n\t\t\t\t\t\t\t\t\t\t\t\t\t\t<\/a>\n\t\t\t\t\t\t\t<a class=\"e-gallery-item elementor-gallery-item elementor-animated-content\" data-e-gallery-tags=\"8\" href=\"https:\/\/www.implantes-capilares.com\/wp-content\/uploads\/2022\/07\/septimo-mes-despues-de-un-trasplante-capilar.jpg\" data-elementor-open-lightbox=\"yes\" data-elementor-lightbox-slideshow=\"6fc4da1f\" data-elementor-lightbox-title=\"septimo-mes-despues-de-un-trasplante-capilar.jpg\" data-e-action-hash=\"#elementor-action%3Aaction%3Dlightbox%26settings%3DeyJpZCI6MTU1NTYsInVybCI6Imh0dHBzOlwvXC93d3cuaW1wbGFudGVzLWNhcGlsYXJlcy5jb21cL3dwLWNvbnRlbnRcL3VwbG9hZHNcLzIwMjJcLzA3XC9zZXB0aW1vLW1lcy1kZXNwdWVzLWRlLXVuLXRyYXNwbGFudGUtY2FwaWxhci5qcGciLCJzbGlkZXNob3ciOiI2ZmM0ZGExZiJ9\">\n\t\t\t\t\t<div class=\"e-gallery-image elementor-gallery-item__image\" data-thumbnail=\"https:\/\/www.implantes-capilares.com\/wp-content\/uploads\/2022\/07\/septimo-mes-despues-de-un-trasplante-capilar.jpg\" data-width=\"800\" data-height=\"800\" aria-label=\"\" role=\"img\" ><\/div>\n\t\t\t\t\t\t\t\t\t\t\t<div class=\"elementor-gallery-item__overlay\"><\/div>\n\t\t\t\t\t\t\t\t\t\t\t\t\t\t<\/a>\n\t\t\t\t\t\t\t<a class=\"e-gallery-item elementor-gallery-item elementor-animated-content\" data-e-gallery-tags=\"9\" href=\"https:\/\/www.implantes-capilares.com\/wp-content\/uploads\/2022\/07\/octavo-mes-despues-de-un-trasplante-de-pelo.jpg\" data-elementor-open-lightbox=\"yes\" data-elementor-lightbox-slideshow=\"6fc4da1f\" data-elementor-lightbox-title=\"octavo-mes-despues-de-un-trasplante-de-pelo.jpg\" data-e-action-hash=\"#elementor-action%3Aaction%3Dlightbox%26settings%3DeyJpZCI6MTU1NjAsInVybCI6Imh0dHBzOlwvXC93d3cuaW1wbGFudGVzLWNhcGlsYXJlcy5jb21cL3dwLWNvbnRlbnRcL3VwbG9hZHNcLzIwMjJcLzA3XC9vY3Rhdm8tbWVzLWRlc3B1ZXMtZGUtdW4tdHJhc3BsYW50ZS1kZS1wZWxvLmpwZyIsInNsaWRlc2hvdyI6IjZmYzRkYTFmIn0%3D\">\n\t\t\t\t\t<div class=\"e-gallery-image elementor-gallery-item__image\" data-thumbnail=\"https:\/\/www.implantes-capilares.com\/wp-content\/uploads\/2022\/07\/octavo-mes-despues-de-un-trasplante-de-pelo.jpg\" data-width=\"800\" data-height=\"800\" aria-label=\"\" role=\"img\" ><\/div>\n\t\t\t\t\t\t\t\t\t\t\t<div class=\"elementor-gallery-item__overlay\"><\/div>\n\t\t\t\t\t\t\t\t\t\t\t\t\t\t<\/a>\n\t\t\t\t\t\t\t<a class=\"e-gallery-item elementor-gallery-item elementor-animated-content\" data-e-gallery-tags=\"9\" href=\"https:\/\/www.implantes-capilares.com\/wp-content\/uploads\/2022\/07\/octavo-mes-despues-de-un-implante-de-pelo.jpg\" data-elementor-open-lightbox=\"yes\" data-elementor-lightbox-slideshow=\"6fc4da1f\" data-elementor-lightbox-title=\"octavo-mes-despues-de-un-implante-de-pelo.jpg\" data-e-action-hash=\"#elementor-action%3Aaction%3Dlightbox%26settings%3DeyJpZCI6MTU1NjQsInVybCI6Imh0dHBzOlwvXC93d3cuaW1wbGFudGVzLWNhcGlsYXJlcy5jb21cL3dwLWNvbnRlbnRcL3VwbG9hZHNcLzIwMjJcLzA3XC9vY3Rhdm8tbWVzLWRlc3B1ZXMtZGUtdW4taW1wbGFudGUtZGUtcGVsby5qcGciLCJzbGlkZXNob3ciOiI2ZmM0ZGExZiJ9\">\n\t\t\t\t\t<div class=\"e-gallery-image elementor-gallery-item__image\" data-thumbnail=\"https:\/\/www.implantes-capilares.com\/wp-content\/uploads\/2022\/07\/octavo-mes-despues-de-un-implante-de-pelo.jpg\" data-width=\"800\" data-height=\"800\" aria-label=\"\" role=\"img\" ><\/div>\n\t\t\t\t\t\t\t\t\t\t\t<div class=\"elementor-gallery-item__overlay\"><\/div>\n\t\t\t\t\t\t\t\t\t\t\t\t\t\t<\/a>\n\t\t\t\t\t\t\t<a class=\"e-gallery-item elementor-gallery-item elementor-animated-content\" data-e-gallery-tags=\"9\" href=\"https:\/\/www.implantes-capilares.com\/wp-content\/uploads\/2022\/07\/octavo-mes-despues-de-un-injerto-de-pelo.jpg\" data-elementor-open-lightbox=\"yes\" data-elementor-lightbox-slideshow=\"6fc4da1f\" data-elementor-lightbox-title=\"octavo-mes-despues-de-un-injerto-de-pelo.jpg\" data-e-action-hash=\"#elementor-action%3Aaction%3Dlightbox%26settings%3DeyJpZCI6MTU1NjgsInVybCI6Imh0dHBzOlwvXC93d3cuaW1wbGFudGVzLWNhcGlsYXJlcy5jb21cL3dwLWNvbnRlbnRcL3VwbG9hZHNcLzIwMjJcLzA3XC9vY3Rhdm8tbWVzLWRlc3B1ZXMtZGUtdW4taW5qZXJ0by1kZS1wZWxvLmpwZyIsInNsaWRlc2hvdyI6IjZmYzRkYTFmIn0%3D\">\n\t\t\t\t\t<div class=\"e-gallery-image elementor-gallery-item__image\" data-thumbnail=\"https:\/\/www.implantes-capilares.com\/wp-content\/uploads\/2022\/07\/octavo-mes-despues-de-un-injerto-de-pelo.jpg\" data-width=\"800\" data-height=\"800\" aria-label=\"\" role=\"img\" ><\/div>\n\t\t\t\t\t\t\t\t\t\t\t<div class=\"elementor-gallery-item__overlay\"><\/div>\n\t\t\t\t\t\t\t\t\t\t\t\t\t\t<\/a>\n\t\t\t\t\t\t\t<a class=\"e-gallery-item elementor-gallery-item elementor-animated-content\" data-e-gallery-tags=\"9\" href=\"https:\/\/www.implantes-capilares.com\/wp-content\/uploads\/2022\/07\/octavo-mes-despues-de-un-trasplante-capilar.jpg\" data-elementor-open-lightbox=\"yes\" data-elementor-lightbox-slideshow=\"6fc4da1f\" data-elementor-lightbox-title=\"octavo-mes-despues-de-un-trasplante-capilar.jpg\" data-e-action-hash=\"#elementor-action%3Aaction%3Dlightbox%26settings%3DeyJpZCI6MTU1NzIsInVybCI6Imh0dHBzOlwvXC93d3cuaW1wbGFudGVzLWNhcGlsYXJlcy5jb21cL3dwLWNvbnRlbnRcL3VwbG9hZHNcLzIwMjJcLzA3XC9vY3Rhdm8tbWVzLWRlc3B1ZXMtZGUtdW4tdHJhc3BsYW50ZS1jYXBpbGFyLmpwZyIsInNsaWRlc2hvdyI6IjZmYzRkYTFmIn0%3D\">\n\t\t\t\t\t<div class=\"e-gallery-image elementor-gallery-item__image\" data-thumbnail=\"https:\/\/www.implantes-capilares.com\/wp-content\/uploads\/2022\/07\/octavo-mes-despues-de-un-trasplante-capilar.jpg\" data-width=\"800\" data-height=\"800\" aria-label=\"\" role=\"img\" ><\/div>\n\t\t\t\t\t\t\t\t\t\t\t<div class=\"elementor-gallery-item__overlay\"><\/div>\n\t\t\t\t\t\t\t\t\t\t\t\t\t\t<\/a>\n\t\t\t\t\t\t\t<a class=\"e-gallery-item elementor-gallery-item elementor-animated-content\" data-e-gallery-tags=\"10\" href=\"https:\/\/www.implantes-capilares.com\/wp-content\/uploads\/2022\/07\/noveno-mes-despues-de-un-trasplante-de-pelo.jpg\" data-elementor-open-lightbox=\"yes\" data-elementor-lightbox-slideshow=\"6fc4da1f\" data-elementor-lightbox-title=\"noveno-mes-despues-de-un-trasplante-de-pelo.jpg\" data-e-action-hash=\"#elementor-action%3Aaction%3Dlightbox%26settings%3DeyJpZCI6MTU1NzYsInVybCI6Imh0dHBzOlwvXC93d3cuaW1wbGFudGVzLWNhcGlsYXJlcy5jb21cL3dwLWNvbnRlbnRcL3VwbG9hZHNcLzIwMjJcLzA3XC9ub3Zlbm8tbWVzLWRlc3B1ZXMtZGUtdW4tdHJhc3BsYW50ZS1kZS1wZWxvLmpwZyIsInNsaWRlc2hvdyI6IjZmYzRkYTFmIn0%3D\">\n\t\t\t\t\t<div class=\"e-gallery-image elementor-gallery-item__image\" data-thumbnail=\"https:\/\/www.implantes-capilares.com\/wp-content\/uploads\/2022\/07\/noveno-mes-despues-de-un-trasplante-de-pelo.jpg\" data-width=\"800\" data-height=\"800\" aria-label=\"\" role=\"img\" ><\/div>\n\t\t\t\t\t\t\t\t\t\t\t<div class=\"elementor-gallery-item__overlay\"><\/div>\n\t\t\t\t\t\t\t\t\t\t\t\t\t\t<\/a>\n\t\t\t\t\t\t\t<a class=\"e-gallery-item elementor-gallery-item elementor-animated-content\" data-e-gallery-tags=\"10\" href=\"https:\/\/www.implantes-capilares.com\/wp-content\/uploads\/2022\/07\/noveno-mes-despues-de-un-injerto-de-pelo.jpg\" data-elementor-open-lightbox=\"yes\" data-elementor-lightbox-slideshow=\"6fc4da1f\" data-elementor-lightbox-title=\"noveno-mes-despues-de-un-injerto-de-pelo.jpg\" data-e-action-hash=\"#elementor-action%3Aaction%3Dlightbox%26settings%3DeyJpZCI6MTU1ODAsInVybCI6Imh0dHBzOlwvXC93d3cuaW1wbGFudGVzLWNhcGlsYXJlcy5jb21cL3dwLWNvbnRlbnRcL3VwbG9hZHNcLzIwMjJcLzA3XC9ub3Zlbm8tbWVzLWRlc3B1ZXMtZGUtdW4taW5qZXJ0by1kZS1wZWxvLmpwZyIsInNsaWRlc2hvdyI6IjZmYzRkYTFmIn0%3D\">\n\t\t\t\t\t<div class=\"e-gallery-image elementor-gallery-item__image\" data-thumbnail=\"https:\/\/www.implantes-capilares.com\/wp-content\/uploads\/2022\/07\/noveno-mes-despues-de-un-injerto-de-pelo.jpg\" data-width=\"800\" data-height=\"800\" aria-label=\"\" role=\"img\" ><\/div>\n\t\t\t\t\t\t\t\t\t\t\t<div class=\"elementor-gallery-item__overlay\"><\/div>\n\t\t\t\t\t\t\t\t\t\t\t\t\t\t<\/a>\n\t\t\t\t\t\t\t<a class=\"e-gallery-item elementor-gallery-item elementor-animated-content\" data-e-gallery-tags=\"10\" href=\"https:\/\/www.implantes-capilares.com\/wp-content\/uploads\/2022\/07\/noveno-mes-despues-de-un-operacion-capilar.jpg\" data-elementor-open-lightbox=\"yes\" data-elementor-lightbox-slideshow=\"6fc4da1f\" data-elementor-lightbox-title=\"noveno-mes-despues-de-un-operacion-capilar.jpg\" data-e-action-hash=\"#elementor-action%3Aaction%3Dlightbox%26settings%3DeyJpZCI6MTU1ODQsInVybCI6Imh0dHBzOlwvXC93d3cuaW1wbGFudGVzLWNhcGlsYXJlcy5jb21cL3dwLWNvbnRlbnRcL3VwbG9hZHNcLzIwMjJcLzA3XC9ub3Zlbm8tbWVzLWRlc3B1ZXMtZGUtdW4tb3BlcmFjaW9uLWNhcGlsYXIuanBnIiwic2xpZGVzaG93IjoiNmZjNGRhMWYifQ%3D%3D\">\n\t\t\t\t\t<div class=\"e-gallery-image elementor-gallery-item__image\" data-thumbnail=\"https:\/\/www.implantes-capilares.com\/wp-content\/uploads\/2022\/07\/noveno-mes-despues-de-un-operacion-capilar.jpg\" data-width=\"800\" data-height=\"800\" aria-label=\"\" role=\"img\" ><\/div>\n\t\t\t\t\t\t\t\t\t\t\t<div class=\"elementor-gallery-item__overlay\"><\/div>\n\t\t\t\t\t\t\t\t\t\t\t\t\t\t<\/a>\n\t\t\t\t\t\t\t<a class=\"e-gallery-item elementor-gallery-item elementor-animated-content\" data-e-gallery-tags=\"10\" href=\"https:\/\/www.implantes-capilares.com\/wp-content\/uploads\/2022\/07\/noveno-mes-despues-de-un-trasplante-capilar.jpg\" data-elementor-open-lightbox=\"yes\" data-elementor-lightbox-slideshow=\"6fc4da1f\" data-elementor-lightbox-title=\"noveno-mes-despues-de-un-trasplante-capilar.jpg\" data-e-action-hash=\"#elementor-action%3Aaction%3Dlightbox%26settings%3DeyJpZCI6MTU1ODgsInVybCI6Imh0dHBzOlwvXC93d3cuaW1wbGFudGVzLWNhcGlsYXJlcy5jb21cL3dwLWNvbnRlbnRcL3VwbG9hZHNcLzIwMjJcLzA3XC9ub3Zlbm8tbWVzLWRlc3B1ZXMtZGUtdW4tdHJhc3BsYW50ZS1jYXBpbGFyLmpwZyIsInNsaWRlc2hvdyI6IjZmYzRkYTFmIn0%3D\">\n\t\t\t\t\t<div class=\"e-gallery-image elementor-gallery-item__image\" data-thumbnail=\"https:\/\/www.implantes-capilares.com\/wp-content\/uploads\/2022\/07\/noveno-mes-despues-de-un-trasplante-capilar.jpg\" data-width=\"800\" data-height=\"800\" aria-label=\"\" role=\"img\" ><\/div>\n\t\t\t\t\t\t\t\t\t\t\t<div class=\"elementor-gallery-item__overlay\"><\/div>\n\t\t\t\t\t\t\t\t\t\t\t\t\t\t<\/a>\n\t\t\t\t\t\t\t<a class=\"e-gallery-item elementor-gallery-item elementor-animated-content\" data-e-gallery-tags=\"11\" href=\"https:\/\/www.implantes-capilares.com\/wp-content\/uploads\/2022\/07\/cambio-de-imagen-trasplante-de-pelo.jpg\" data-elementor-open-lightbox=\"yes\" data-elementor-lightbox-slideshow=\"6fc4da1f\" data-elementor-lightbox-title=\"cambio-de-imagen-trasplante-de-pelo.jpg\" data-e-action-hash=\"#elementor-action%3Aaction%3Dlightbox%26settings%3DeyJpZCI6MTU1OTIsInVybCI6Imh0dHBzOlwvXC93d3cuaW1wbGFudGVzLWNhcGlsYXJlcy5jb21cL3dwLWNvbnRlbnRcL3VwbG9hZHNcLzIwMjJcLzA3XC9jYW1iaW8tZGUtaW1hZ2VuLXRyYXNwbGFudGUtZGUtcGVsby5qcGciLCJzbGlkZXNob3ciOiI2ZmM0ZGExZiJ9\">\n\t\t\t\t\t<div class=\"e-gallery-image elementor-gallery-item__image\" data-thumbnail=\"https:\/\/www.implantes-capilares.com\/wp-content\/uploads\/2022\/07\/cambio-de-imagen-trasplante-de-pelo.jpg\" data-width=\"800\" data-height=\"800\" aria-label=\"\" role=\"img\" ><\/div>\n\t\t\t\t\t\t\t\t\t\t\t<div class=\"elementor-gallery-item__overlay\"><\/div>\n\t\t\t\t\t\t\t\t\t\t\t\t\t\t<\/a>\n\t\t\t\t\t\t\t<a class=\"e-gallery-item elementor-gallery-item elementor-animated-content\" data-e-gallery-tags=\"11\" href=\"https:\/\/www.implantes-capilares.com\/wp-content\/uploads\/2022\/07\/cambio-de-imagen-trasplante-capilar.jpg\" data-elementor-open-lightbox=\"yes\" data-elementor-lightbox-slideshow=\"6fc4da1f\" data-elementor-lightbox-title=\"cambio-de-imagen-trasplante-capilar.jpg\" data-e-action-hash=\"#elementor-action%3Aaction%3Dlightbox%26settings%3DeyJpZCI6MTU1OTYsInVybCI6Imh0dHBzOlwvXC93d3cuaW1wbGFudGVzLWNhcGlsYXJlcy5jb21cL3dwLWNvbnRlbnRcL3VwbG9hZHNcLzIwMjJcLzA3XC9jYW1iaW8tZGUtaW1hZ2VuLXRyYXNwbGFudGUtY2FwaWxhci5qcGciLCJzbGlkZXNob3ciOiI2ZmM0ZGExZiJ9\">\n\t\t\t\t\t<div class=\"e-gallery-image elementor-gallery-item__image\" data-thumbnail=\"https:\/\/www.implantes-capilares.com\/wp-content\/uploads\/2022\/07\/cambio-de-imagen-trasplante-capilar.jpg\" data-width=\"800\" data-height=\"800\" aria-label=\"\" role=\"img\" ><\/div>\n\t\t\t\t\t\t\t\t\t\t\t<div class=\"elementor-gallery-item__overlay\"><\/div>\n\t\t\t\t\t\t\t\t\t\t\t\t\t\t<\/a>\n\t\t\t\t\t\t\t<a class=\"e-gallery-item elementor-gallery-item elementor-animated-content\" data-e-gallery-tags=\"11\" href=\"https:\/\/www.implantes-capilares.com\/wp-content\/uploads\/2022\/07\/cambio-de-imagen-operacion-capilar.jpg\" data-elementor-open-lightbox=\"yes\" data-elementor-lightbox-slideshow=\"6fc4da1f\" data-elementor-lightbox-title=\"cambio-de-imagen-operacion-capilar.jpg\" data-e-action-hash=\"#elementor-action%3Aaction%3Dlightbox%26settings%3DeyJpZCI6MTU2MDAsInVybCI6Imh0dHBzOlwvXC93d3cuaW1wbGFudGVzLWNhcGlsYXJlcy5jb21cL3dwLWNvbnRlbnRcL3VwbG9hZHNcLzIwMjJcLzA3XC9jYW1iaW8tZGUtaW1hZ2VuLW9wZXJhY2lvbi1jYXBpbGFyLmpwZyIsInNsaWRlc2hvdyI6IjZmYzRkYTFmIn0%3D\">\n\t\t\t\t\t<div class=\"e-gallery-image elementor-gallery-item__image\" data-thumbnail=\"https:\/\/www.implantes-capilares.com\/wp-content\/uploads\/2022\/07\/cambio-de-imagen-operacion-capilar.jpg\" data-width=\"800\" data-height=\"800\" aria-label=\"\" role=\"img\" ><\/div>\n\t\t\t\t\t\t\t\t\t\t\t<div class=\"elementor-gallery-item__overlay\"><\/div>\n\t\t\t\t\t\t\t\t\t\t\t\t\t\t<\/a>\n\t\t\t\t\t\t\t<a class=\"e-gallery-item elementor-gallery-item elementor-animated-content\" data-e-gallery-tags=\"11\" href=\"https:\/\/www.implantes-capilares.com\/wp-content\/uploads\/2022\/07\/cambio-de-imagen-operacion-de-trasplante-de-pelo.jpg\" data-elementor-open-lightbox=\"yes\" data-elementor-lightbox-slideshow=\"6fc4da1f\" data-elementor-lightbox-title=\"cambio-de-imagen-operacion-de-trasplante-de-pelo.jpg\" data-e-action-hash=\"#elementor-action%3Aaction%3Dlightbox%26settings%3DeyJpZCI6MTU2MDQsInVybCI6Imh0dHBzOlwvXC93d3cuaW1wbGFudGVzLWNhcGlsYXJlcy5jb21cL3dwLWNvbnRlbnRcL3VwbG9hZHNcLzIwMjJcLzA3XC9jYW1iaW8tZGUtaW1hZ2VuLW9wZXJhY2lvbi1kZS10cmFzcGxhbnRlLWRlLXBlbG8uanBnIiwic2xpZGVzaG93IjoiNmZjNGRhMWYifQ%3D%3D\">\n\t\t\t\t\t<div class=\"e-gallery-image elementor-gallery-item__image\" data-thumbnail=\"https:\/\/www.implantes-capilares.com\/wp-content\/uploads\/2022\/07\/cambio-de-imagen-operacion-de-trasplante-de-pelo.jpg\" data-width=\"800\" data-height=\"800\" aria-label=\"\" role=\"img\" ><\/div>\n\t\t\t\t\t\t\t\t\t\t\t<div class=\"elementor-gallery-item__overlay\"><\/div>\n\t\t\t\t\t\t\t\t\t\t\t\t\t\t<\/a>\n\t\t\t\t\t\t\t<a class=\"e-gallery-item elementor-gallery-item elementor-animated-content\" data-e-gallery-tags=\"12\" href=\"https:\/\/www.implantes-capilares.com\/wp-content\/uploads\/2022\/07\/foto-de-un-implante.jpg\" data-elementor-open-lightbox=\"yes\" data-elementor-lightbox-slideshow=\"6fc4da1f\" data-elementor-lightbox-title=\"foto-de-un-implante.jpg\" data-e-action-hash=\"#elementor-action%3Aaction%3Dlightbox%26settings%3DeyJpZCI6MTU2MDgsInVybCI6Imh0dHBzOlwvXC93d3cuaW1wbGFudGVzLWNhcGlsYXJlcy5jb21cL3dwLWNvbnRlbnRcL3VwbG9hZHNcLzIwMjJcLzA3XC9mb3RvLWRlLXVuLWltcGxhbnRlLmpwZyIsInNsaWRlc2hvdyI6IjZmYzRkYTFmIn0%3D\">\n\t\t\t\t\t<div class=\"e-gallery-image elementor-gallery-item__image\" data-thumbnail=\"https:\/\/www.implantes-capilares.com\/wp-content\/uploads\/2022\/07\/foto-de-un-implante.jpg\" data-width=\"800\" data-height=\"800\" aria-label=\"\" role=\"img\" ><\/div>\n\t\t\t\t\t\t\t\t\t\t\t<div class=\"elementor-gallery-item__overlay\"><\/div>\n\t\t\t\t\t\t\t\t\t\t\t\t\t\t<\/a>\n\t\t\t\t\t<\/div>\n\t\t\t\t\t<\/div>\n\t\t\t\t<\/div>\n\t\t\t\t\t<\/div>\n\t\t<\/div>\n\t\t\t\t\t<\/div>\n\t\t<\/section>\n\t\t\t\t<section data-particle_enable=\"false\" data-particle-mobile-disabled=\"false\" class=\"elementor-section elementor-top-section elementor-element elementor-element-fd6bd6d elementor-section-full_width elementor-hidden-desktop elementor-section-height-default elementor-section-height-default\" data-id=\"fd6bd6d\" data-element_type=\"section\" data-settings=\"{&quot;background_background&quot;:&quot;classic&quot;}\">\n\t\t\t\t\t\t\t<div class=\"elementor-background-overlay\"><\/div>\n\t\t\t\t\t\t\t<div class=\"elementor-container elementor-column-gap-default\">\n\t\t\t\t\t<div class=\"elementor-column elementor-col-100 elementor-top-column elementor-element elementor-element-9883871\" data-id=\"9883871\" data-element_type=\"column\">\n\t\t\t<div class=\"elementor-widget-wrap elementor-element-populated\">\n\t\t\t\t\t\t<div class=\"elementor-element elementor-element-1b5684f elementor-widget elementor-widget-heading\" data-id=\"1b5684f\" data-element_type=\"widget\" data-widget_type=\"heading.default\">\n\t\t\t\t<div class=\"elementor-widget-container\">\n\t\t\t\t\t<h2 class=\"elementor-heading-title elementor-size-default\">Clinique capillaire de l\u2019\u00e9quipe m\u00e9dicale MAY Barcelone<\/h2>\t\t\t\t<\/div>\n\t\t\t\t<\/div>\n\t\t\t\t<div class=\"elementor-element elementor-element-8470fc0 elementor-widget elementor-widget-text-editor\" data-id=\"8470fc0\" data-element_type=\"widget\" data-widget_type=\"text-editor.default\">\n\t\t\t\t<div class=\"elementor-widget-container\">\n\t\t\t\t\t\t\t\t\t<p style=\"text-align: center;\"><strong>Notre \u00e9quipe m\u00e9dicale sp\u00e9cialis\u00e9e<\/strong>, toujours \u00e0 la pointe de la technologie, s\u2019attache \u00e0 offrir les meilleures solutions r\u00e9pondant aux attentes de nos <strong>patients.<\/strong><\/p>\n\t\t\t\t\t\t\t\t<\/div>\n\t\t\t\t<\/div>\n\t\t\t\t\t<\/div>\n\t\t<\/div>\n\t\t\t\t\t<\/div>\n\t\t<\/section>\n\t\t\t\t<section data-particle_enable=\"false\" data-particle-mobile-disabled=\"false\" class=\"elementor-section elementor-top-section elementor-element elementor-element-6565534f elementor-hidden-desktop elementor-section-boxed elementor-section-height-default elementor-section-height-default\" data-id=\"6565534f\" data-element_type=\"section\">\n\t\t\t\t\t\t<div class=\"elementor-container elementor-column-gap-default\">\n\t\t\t\t\t<div class=\"elementor-column elementor-col-33 elementor-top-column elementor-element elementor-element-6ade5e0\" data-id=\"6ade5e0\" data-element_type=\"column\" data-settings=\"{&quot;background_background&quot;:&quot;classic&quot;}\">\n\t\t\t<div class=\"elementor-widget-wrap elementor-element-populated\">\n\t\t\t\t\t<div class=\"elementor-background-overlay\"><\/div>\n\t\t\t\t\t\t<div class=\"elementor-element elementor-element-29bd5d54 elementor-widget elementor-widget-image\" data-id=\"29bd5d54\" data-element_type=\"widget\" data-widget_type=\"image.default\">\n\t\t\t\t<div class=\"elementor-widget-container\">\n\t\t\t\t\t\t\t\t\t\t\t\t\t\t\t<img loading=\"lazy\" decoding=\"async\" width=\"729\" height=\"521\" src=\"https:\/\/www.implantes-capilares.com\/wp-content\/uploads\/2024\/06\/GIOAVANNA-ENRIQUEZ.png\" class=\"attachment-large size-large wp-image-19693\" alt=\"\" \/>\t\t\t\t\t\t\t\t\t\t\t\t\t\t\t<\/div>\n\t\t\t\t<\/div>\n\t\t\t\t<div class=\"elementor-element elementor-element-3e640255 elementor-align-center BTN-PLAY elementor-widget elementor-widget-button\" data-id=\"3e640255\" data-element_type=\"widget\" data-video-url=\"https:\/\/www.youtube.com\/watch?v=LYZao8DLUPA\" data-widget_type=\"button.default\">\n\t\t\t\t<div class=\"elementor-widget-container\">\n\t\t\t\t\t\t\t\t\t<div class=\"elementor-button-wrapper\">\n\t\t\t\t\t<a class=\"elementor-button elementor-size-sm\" role=\"button\">\n\t\t\t\t\t\t<span class=\"elementor-button-content-wrapper\">\n\t\t\t\t\t\t<span class=\"elementor-button-icon\">\n\t\t\t\t<i aria-hidden=\"true\" class=\"far fa-play-circle\"><\/i>\t\t\t<\/span>\n\t\t\t\t\t\t\t\t\t<span class=\"elementor-button-text\">Voir la vid\u00e9o Dr. Giovanna<\/span>\n\t\t\t\t\t<\/span>\n\t\t\t\t\t<\/a>\n\t\t\t\t<\/div>\n\t\t\t\t\t\t\t\t<\/div>\n\t\t\t\t<\/div>\n\t\t\t\t<div class=\"elementor-element elementor-element-3f3af4e elementor-widget elementor-widget-heading\" data-id=\"3f3af4e\" data-element_type=\"widget\" data-widget_type=\"heading.default\">\n\t\t\t\t<div class=\"elementor-widget-container\">\n\t\t\t\t\t<h2 class=\"elementor-heading-title elementor-size-default\">Dr. GIOVANNA HENRIQUEZ<\/h2>\t\t\t\t<\/div>\n\t\t\t\t<\/div>\n\t\t\t\t<div class=\"elementor-element elementor-element-3733d440 elementor-widget elementor-widget-text-editor\" data-id=\"3733d440\" data-element_type=\"widget\" data-widget_type=\"text-editor.default\">\n\t\t\t\t<div class=\"elementor-widget-container\">\n\t\t\t\t\t\t\t\t\t<p><strong>Coll\u00e9gial n\u00b0 61505<\/strong><\/p>\n<p>Chirurgien sp\u00e9cialis\u00e9 dans l\u2019implant capillaire<\/p>\n\t\t\t\t\t\t\t\t<\/div>\n\t\t\t\t<\/div>\n\t\t\t\t\t<\/div>\n\t\t<\/div>\n\t\t\t\t<div class=\"elementor-column elementor-col-33 elementor-top-column elementor-element elementor-element-7b5187ad\" data-id=\"7b5187ad\" data-element_type=\"column\" data-settings=\"{&quot;background_background&quot;:&quot;classic&quot;}\">\n\t\t\t<div class=\"elementor-widget-wrap elementor-element-populated\">\n\t\t\t\t\t<div class=\"elementor-background-overlay\"><\/div>\n\t\t\t\t\t\t<div class=\"elementor-element elementor-element-3feed77f elementor-widget elementor-widget-image\" data-id=\"3feed77f\" data-element_type=\"widget\" data-widget_type=\"image.default\">\n\t\t\t\t<div class=\"elementor-widget-container\">\n\t\t\t\t\t\t\t\t\t\t\t\t\t\t\t<img loading=\"lazy\" decoding=\"async\" width=\"729\" height=\"521\" src=\"https:\/\/www.implantes-capilares.com\/wp-content\/uploads\/2024\/06\/BEGONA-BARROS-2.png\" class=\"attachment-large size-large wp-image-19653\" alt=\"\" \/>\t\t\t\t\t\t\t\t\t\t\t\t\t\t\t<\/div>\n\t\t\t\t<\/div>\n\t\t\t\t<div class=\"elementor-element elementor-element-1a4b1ead elementor-align-center BTN-PLAY elementor-widget elementor-widget-button\" data-id=\"1a4b1ead\" data-element_type=\"widget\" data-video-url=\"https:\/\/www.youtube.com\/watch?v=uB1njqywCno\" data-widget_type=\"button.default\">\n\t\t\t\t<div class=\"elementor-widget-container\">\n\t\t\t\t\t\t\t\t\t<div class=\"elementor-button-wrapper\">\n\t\t\t\t\t<a class=\"elementor-button elementor-size-sm\" role=\"button\">\n\t\t\t\t\t\t<span class=\"elementor-button-content-wrapper\">\n\t\t\t\t\t\t<span class=\"elementor-button-icon\">\n\t\t\t\t<i aria-hidden=\"true\" class=\"far fa-play-circle\"><\/i>\t\t\t<\/span>\n\t\t\t\t\t\t\t\t\t<span class=\"elementor-button-text\">Voir la vid\u00e9o Dr. Bego\u00f1a <\/span>\n\t\t\t\t\t<\/span>\n\t\t\t\t\t<\/a>\n\t\t\t\t<\/div>\n\t\t\t\t\t\t\t\t<\/div>\n\t\t\t\t<\/div>\n\t\t\t\t<div class=\"elementor-element elementor-element-4f6215ae elementor-widget elementor-widget-heading\" data-id=\"4f6215ae\" data-element_type=\"widget\" data-widget_type=\"heading.default\">\n\t\t\t\t<div class=\"elementor-widget-container\">\n\t\t\t\t\t<h2 class=\"elementor-heading-title elementor-size-default\">Dr. BEGO\u00d1A BARROS<\/h2>\t\t\t\t<\/div>\n\t\t\t\t<\/div>\n\t\t\t\t<div class=\"elementor-element elementor-element-2f58e78b elementor-widget elementor-widget-text-editor\" data-id=\"2f58e78b\" data-element_type=\"widget\" data-widget_type=\"text-editor.default\">\n\t\t\t\t<div class=\"elementor-widget-container\">\n\t\t\t\t\t\t\t\t\t<p><strong>Coll\u00e9gial n\u00b0 35850<\/strong><\/p>\n<p>Chirurgien sp\u00e9cialis\u00e9 dans la greffe de cheveux<\/p>\n\t\t\t\t\t\t\t\t<\/div>\n\t\t\t\t<\/div>\n\t\t\t\t\t<\/div>\n\t\t<\/div>\n\t\t\t\t<div class=\"elementor-column elementor-col-33 elementor-top-column elementor-element elementor-element-4bd4c503\" data-id=\"4bd4c503\" data-element_type=\"column\" data-settings=\"{&quot;background_background&quot;:&quot;classic&quot;}\">\n\t\t\t<div class=\"elementor-widget-wrap elementor-element-populated\">\n\t\t\t\t\t<div class=\"elementor-background-overlay\"><\/div>\n\t\t\t\t\t\t<div class=\"elementor-element elementor-element-1a06d59e elementor-widget elementor-widget-image\" data-id=\"1a06d59e\" data-element_type=\"widget\" data-widget_type=\"image.default\">\n\t\t\t\t<div class=\"elementor-widget-container\">\n\t\t\t\t\t\t\t\t\t\t\t\t\t\t\t<img loading=\"lazy\" decoding=\"async\" width=\"729\" height=\"521\" src=\"https:\/\/www.implantes-capilares.com\/wp-content\/uploads\/2024\/06\/CHRISTIAN.png\" class=\"attachment-large size-large wp-image-19703\" alt=\"\" \/>\t\t\t\t\t\t\t\t\t\t\t\t\t\t\t<\/div>\n\t\t\t\t<\/div>\n\t\t\t\t<div class=\"elementor-element elementor-element-19ab3f4 elementor-align-center BTN-PLAY elementor-widget elementor-widget-button\" data-id=\"19ab3f4\" data-element_type=\"widget\" data-video-url=\"https:\/\/www.youtube.com\/watch?v=IG02jNJfbD4\" data-widget_type=\"button.default\">\n\t\t\t\t<div class=\"elementor-widget-container\">\n\t\t\t\t\t\t\t\t\t<div class=\"elementor-button-wrapper\">\n\t\t\t\t\t<a class=\"elementor-button elementor-size-sm\" role=\"button\">\n\t\t\t\t\t\t<span class=\"elementor-button-content-wrapper\">\n\t\t\t\t\t\t<span class=\"elementor-button-icon\">\n\t\t\t\t<i aria-hidden=\"true\" class=\"far fa-play-circle\"><\/i>\t\t\t<\/span>\n\t\t\t\t\t\t\t\t\t<span class=\"elementor-button-text\">Voir la vid\u00e9o Christophe<\/span>\n\t\t\t\t\t<\/span>\n\t\t\t\t\t<\/a>\n\t\t\t\t<\/div>\n\t\t\t\t\t\t\t\t<\/div>\n\t\t\t\t<\/div>\n\t\t\t\t<div class=\"elementor-element elementor-element-7264ea4e elementor-widget elementor-widget-heading\" data-id=\"7264ea4e\" data-element_type=\"widget\" data-widget_type=\"heading.default\">\n\t\t\t\t<div class=\"elementor-widget-container\">\n\t\t\t\t\t<h2 class=\"elementor-heading-title elementor-size-default\">CHRISTOPHE GUILLEMAT<\/h2>\t\t\t\t<\/div>\n\t\t\t\t<\/div>\n\t\t\t\t<div class=\"elementor-element elementor-element-1e914bc8 elementor-widget elementor-widget-text-editor\" data-id=\"1e914bc8\" data-element_type=\"widget\" data-widget_type=\"text-editor.default\">\n\t\t\t\t<div class=\"elementor-widget-container\">\n\t\t\t\t\t\t\t\t\t<p><strong>Ma\u00eetrise en trichologie  <\/strong><\/p>\n<p>Consultations et conseils sur les traitements capillaires<\/p>\n\t\t\t\t\t\t\t\t<\/div>\n\t\t\t\t<\/div>\n\t\t\t\t\t<\/div>\n\t\t<\/div>\n\t\t\t\t\t<\/div>\n\t\t<\/section>\n\t\t\t\t<section data-particle_enable=\"false\" data-particle-mobile-disabled=\"false\" class=\"elementor-section elementor-top-section elementor-element elementor-element-33a39ce elementor-section-full_width elementor-hidden-tablet elementor-hidden-mobile elementor-section-height-default elementor-section-height-default\" data-id=\"33a39ce\" data-element_type=\"section\" data-settings=\"{&quot;background_background&quot;:&quot;classic&quot;}\">\n\t\t\t\t\t\t\t<div class=\"elementor-background-overlay\"><\/div>\n\t\t\t\t\t\t\t<div class=\"elementor-container elementor-column-gap-default\">\n\t\t\t\t\t<div class=\"elementor-column elementor-col-100 elementor-top-column elementor-element elementor-element-5a36a18\" data-id=\"5a36a18\" data-element_type=\"column\">\n\t\t\t<div class=\"elementor-widget-wrap elementor-element-populated\">\n\t\t\t\t\t\t<div class=\"elementor-element elementor-element-7cb7ba2 elementor-widget elementor-widget-heading\" data-id=\"7cb7ba2\" data-element_type=\"widget\" data-widget_type=\"heading.default\">\n\t\t\t\t<div class=\"elementor-widget-container\">\n\t\t\t\t\t<h2 class=\"elementor-heading-title elementor-size-default\">L'\u00e9quipe m\u00e9dicale de la clinique capillaire MAY Barcelone<\/h2>\t\t\t\t<\/div>\n\t\t\t\t<\/div>\n\t\t\t\t<div class=\"elementor-element elementor-element-8e5a0b5 elementor-widget elementor-widget-text-editor\" data-id=\"8e5a0b5\" data-element_type=\"widget\" data-widget_type=\"text-editor.default\">\n\t\t\t\t<div class=\"elementor-widget-container\">\n\t\t\t\t\t\t\t\t\t<p style=\"text-align: center;\"><strong>Notre \u00e9quipe m\u00e9dicale sp\u00e9cialis\u00e9e<\/strong>, toujours \u00e0 la pointe de la technologie, s\u2019efforce toujours \u00e0 offrir les meilleures solutions r\u00e9pondant aux attentes de nos <strong>patients.<\/strong><\/p>\t\t\t\t\t\t\t\t<\/div>\n\t\t\t\t<\/div>\n\t\t\t\t\t<\/div>\n\t\t<\/div>\n\t\t\t\t\t<\/div>\n\t\t<\/section>\n\t\t\t\t<section data-particle_enable=\"false\" data-particle-mobile-disabled=\"false\" class=\"elementor-section elementor-top-section elementor-element elementor-element-481b5c elementor-section-full_width elementor-hidden-tablet elementor-hidden-mobile elementor-section-height-default elementor-section-height-default\" data-id=\"481b5c\" data-element_type=\"section\" data-settings=\"{&quot;background_background&quot;:&quot;classic&quot;}\">\n\t\t\t\t\t\t<div class=\"elementor-container elementor-column-gap-default\">\n\t\t\t\t\t<div class=\"elementor-column elementor-col-50 elementor-top-column elementor-element elementor-element-40834f43\" data-id=\"40834f43\" data-element_type=\"column\">\n\t\t\t<div class=\"elementor-widget-wrap elementor-element-populated\">\n\t\t\t\t\t\t<section data-particle_enable=\"false\" data-particle-mobile-disabled=\"false\" class=\"elementor-section elementor-inner-section elementor-element elementor-element-7b275bda elementor-section-boxed elementor-section-height-default elementor-section-height-default\" data-id=\"7b275bda\" data-element_type=\"section\">\n\t\t\t\t\t\t<div class=\"elementor-container elementor-column-gap-default\">\n\t\t\t\t\t<div class=\"elementor-column elementor-col-33 elementor-inner-column elementor-element elementor-element-3736579f\" data-id=\"3736579f\" data-element_type=\"column\" data-settings=\"{&quot;background_background&quot;:&quot;classic&quot;}\">\n\t\t\t<div class=\"elementor-widget-wrap elementor-element-populated\">\n\t\t\t\t\t<div class=\"elementor-background-overlay\"><\/div>\n\t\t\t\t\t\t<div class=\"elementor-element elementor-element-243549f5 elementor-widget elementor-widget-image\" data-id=\"243549f5\" data-element_type=\"widget\" data-widget_type=\"image.default\">\n\t\t\t\t<div class=\"elementor-widget-container\">\n\t\t\t\t\t\t\t\t\t\t\t\t\t\t\t<img loading=\"lazy\" decoding=\"async\" width=\"729\" height=\"521\" src=\"https:\/\/www.implantes-capilares.com\/wp-content\/uploads\/2024\/06\/GIOAVANNA-ENRIQUEZ.png\" class=\"attachment-large size-large wp-image-19693\" alt=\"\" \/>\t\t\t\t\t\t\t\t\t\t\t\t\t\t\t<\/div>\n\t\t\t\t<\/div>\n\t\t\t\t<div class=\"elementor-element elementor-element-125648f5 elementor-align-center BTN-PLAY elementor-widget elementor-widget-button\" data-id=\"125648f5\" data-element_type=\"widget\" data-video-url=\"https:\/\/www.youtube.com\/watch?v=LYZao8DLUPA\" data-widget_type=\"button.default\">\n\t\t\t\t<div class=\"elementor-widget-container\">\n\t\t\t\t\t\t\t\t\t<div class=\"elementor-button-wrapper\">\n\t\t\t\t\t<a class=\"elementor-button elementor-size-sm\" role=\"button\">\n\t\t\t\t\t\t<span class=\"elementor-button-content-wrapper\">\n\t\t\t\t\t\t<span class=\"elementor-button-icon\">\n\t\t\t\t<i aria-hidden=\"true\" class=\"far fa-play-circle\"><\/i>\t\t\t<\/span>\n\t\t\t\t\t\t\t\t\t<span class=\"elementor-button-text\">Voir la vid\u00e9o Dr. Giovanna<\/span>\n\t\t\t\t\t<\/span>\n\t\t\t\t\t<\/a>\n\t\t\t\t<\/div>\n\t\t\t\t\t\t\t\t<\/div>\n\t\t\t\t<\/div>\n\t\t\t\t<div class=\"elementor-element elementor-element-681c6628 elementor-widget elementor-widget-heading\" data-id=\"681c6628\" data-element_type=\"widget\" data-widget_type=\"heading.default\">\n\t\t\t\t<div class=\"elementor-widget-container\">\n\t\t\t\t\t<h2 class=\"elementor-heading-title elementor-size-default\">Dr. GIOVANNA HENRIQUEZ<\/h2>\t\t\t\t<\/div>\n\t\t\t\t<\/div>\n\t\t\t\t<div class=\"elementor-element elementor-element-84a4945 elementor-widget elementor-widget-text-editor\" data-id=\"84a4945\" data-element_type=\"widget\" data-widget_type=\"text-editor.default\">\n\t\t\t\t<div class=\"elementor-widget-container\">\n\t\t\t\t\t\t\t\t\t<p><strong>Inscription n\u00b0 61505<\/strong><\/p><p>Chirurgien sp\u00e9cialis\u00e9 dans la greffe de cheveux<\/p>\t\t\t\t\t\t\t\t<\/div>\n\t\t\t\t<\/div>\n\t\t\t\t\t<\/div>\n\t\t<\/div>\n\t\t\t\t<div class=\"elementor-column elementor-col-33 elementor-inner-column elementor-element elementor-element-34bcbb94\" data-id=\"34bcbb94\" data-element_type=\"column\" data-settings=\"{&quot;background_background&quot;:&quot;classic&quot;}\">\n\t\t\t<div class=\"elementor-widget-wrap elementor-element-populated\">\n\t\t\t\t\t<div class=\"elementor-background-overlay\"><\/div>\n\t\t\t\t\t\t<div class=\"elementor-element elementor-element-33484c8f elementor-widget elementor-widget-image\" data-id=\"33484c8f\" data-element_type=\"widget\" data-widget_type=\"image.default\">\n\t\t\t\t<div class=\"elementor-widget-container\">\n\t\t\t\t\t\t\t\t\t\t\t\t\t\t\t<img loading=\"lazy\" decoding=\"async\" width=\"729\" height=\"521\" src=\"https:\/\/www.implantes-capilares.com\/wp-content\/uploads\/2024\/06\/BEGONA-BARROS-2.png\" class=\"attachment-large size-large wp-image-19653\" alt=\"\" \/>\t\t\t\t\t\t\t\t\t\t\t\t\t\t\t<\/div>\n\t\t\t\t<\/div>\n\t\t\t\t<div class=\"elementor-element elementor-element-3accf168 elementor-align-center BTN-PLAY elementor-widget elementor-widget-button\" data-id=\"3accf168\" data-element_type=\"widget\" data-video-url=\"https:\/\/www.youtube.com\/watch?v=uB1njqywCno\" data-widget_type=\"button.default\">\n\t\t\t\t<div class=\"elementor-widget-container\">\n\t\t\t\t\t\t\t\t\t<div class=\"elementor-button-wrapper\">\n\t\t\t\t\t<a class=\"elementor-button elementor-size-sm\" role=\"button\">\n\t\t\t\t\t\t<span class=\"elementor-button-content-wrapper\">\n\t\t\t\t\t\t<span class=\"elementor-button-icon\">\n\t\t\t\t<i aria-hidden=\"true\" class=\"far fa-play-circle\"><\/i>\t\t\t<\/span>\n\t\t\t\t\t\t\t\t\t<span class=\"elementor-button-text\">Voir la vid\u00e9o Dr. Bego\u00f1a <\/span>\n\t\t\t\t\t<\/span>\n\t\t\t\t\t<\/a>\n\t\t\t\t<\/div>\n\t\t\t\t\t\t\t\t<\/div>\n\t\t\t\t<\/div>\n\t\t\t\t<div class=\"elementor-element elementor-element-2c41382 elementor-widget elementor-widget-heading\" data-id=\"2c41382\" data-element_type=\"widget\" data-widget_type=\"heading.default\">\n\t\t\t\t<div class=\"elementor-widget-container\">\n\t\t\t\t\t<h2 class=\"elementor-heading-title elementor-size-default\">Dr. Bego\u00f1a Barros<\/h2>\t\t\t\t<\/div>\n\t\t\t\t<\/div>\n\t\t\t\t<div class=\"elementor-element elementor-element-46d94fe elementor-widget elementor-widget-text-editor\" data-id=\"46d94fe\" data-element_type=\"widget\" data-widget_type=\"text-editor.default\">\n\t\t\t\t<div class=\"elementor-widget-container\">\n\t\t\t\t\t\t\t\t\t<p><strong>Inscription n\u00b0 35850<\/strong><\/p><p>Chirurgien sp\u00e9cialis\u00e9 dans la greffe de cheveux<\/p>\t\t\t\t\t\t\t\t<\/div>\n\t\t\t\t<\/div>\n\t\t\t\t\t<\/div>\n\t\t<\/div>\n\t\t\t\t<div class=\"elementor-column elementor-col-33 elementor-inner-column elementor-element elementor-element-16810897\" data-id=\"16810897\" data-element_type=\"column\" data-settings=\"{&quot;background_background&quot;:&quot;classic&quot;}\">\n\t\t\t<div class=\"elementor-widget-wrap elementor-element-populated\">\n\t\t\t\t\t<div class=\"elementor-background-overlay\"><\/div>\n\t\t\t\t\t\t<div class=\"elementor-element elementor-element-61d0c4e2 elementor-widget elementor-widget-image\" data-id=\"61d0c4e2\" data-element_type=\"widget\" data-widget_type=\"image.default\">\n\t\t\t\t<div class=\"elementor-widget-container\">\n\t\t\t\t\t\t\t\t\t\t\t\t\t\t\t<img loading=\"lazy\" decoding=\"async\" width=\"729\" height=\"521\" src=\"https:\/\/www.implantes-capilares.com\/wp-content\/uploads\/2024\/06\/CHRISTIAN.png\" class=\"attachment-large size-large wp-image-19703\" alt=\"\" \/>\t\t\t\t\t\t\t\t\t\t\t\t\t\t\t<\/div>\n\t\t\t\t<\/div>\n\t\t\t\t<div class=\"elementor-element elementor-element-40b6266b elementor-align-center BTN-PLAY elementor-widget elementor-widget-button\" data-id=\"40b6266b\" data-element_type=\"widget\" data-video-url=\"https:\/\/www.youtube.com\/watch?v=IG02jNJfbD4\" data-widget_type=\"button.default\">\n\t\t\t\t<div class=\"elementor-widget-container\">\n\t\t\t\t\t\t\t\t\t<div class=\"elementor-button-wrapper\">\n\t\t\t\t\t<a class=\"elementor-button elementor-size-sm\" role=\"button\">\n\t\t\t\t\t\t<span class=\"elementor-button-content-wrapper\">\n\t\t\t\t\t\t<span class=\"elementor-button-icon\">\n\t\t\t\t<i aria-hidden=\"true\" class=\"far fa-play-circle\"><\/i>\t\t\t<\/span>\n\t\t\t\t\t\t\t\t\t<span class=\"elementor-button-text\">Voir la vid\u00e9o Christophe<\/span>\n\t\t\t\t\t<\/span>\n\t\t\t\t\t<\/a>\n\t\t\t\t<\/div>\n\t\t\t\t\t\t\t\t<\/div>\n\t\t\t\t<\/div>\n\t\t\t\t<div class=\"elementor-element elementor-element-1728047 elementor-widget elementor-widget-heading\" data-id=\"1728047\" data-element_type=\"widget\" data-widget_type=\"heading.default\">\n\t\t\t\t<div class=\"elementor-widget-container\">\n\t\t\t\t\t<h2 class=\"elementor-heading-title elementor-size-default\">CHRISTOPHE GUILLEMAT<\/h2>\t\t\t\t<\/div>\n\t\t\t\t<\/div>\n\t\t\t\t<div class=\"elementor-element elementor-element-280c99f8 elementor-widget elementor-widget-text-editor\" data-id=\"280c99f8\" data-element_type=\"widget\" data-widget_type=\"text-editor.default\">\n\t\t\t\t<div class=\"elementor-widget-container\">\n\t\t\t\t\t\t\t\t\t<p><strong>Ma\u00eetrise en trichologie <\/strong><\/p><p>Consultations et conseils sur les traitements capillaires et pr\u00e9vention et correction de la calvitie<\/p>\t\t\t\t\t\t\t\t<\/div>\n\t\t\t\t<\/div>\n\t\t\t\t\t<\/div>\n\t\t<\/div>\n\t\t\t\t\t<\/div>\n\t\t<\/section>\n\t\t\t\t\t<\/div>\n\t\t<\/div>\n\t\t\t\t<div class=\"elementor-column elementor-col-50 elementor-top-column elementor-element elementor-element-73cc88f\" data-id=\"73cc88f\" data-element_type=\"column\">\n\t\t\t<div class=\"elementor-widget-wrap elementor-element-populated\">\n\t\t\t\t\t\t<div class=\"elementor-element elementor-element-60cb2452 elementor-widget elementor-widget-video\" data-id=\"60cb2452\" data-element_type=\"widget\" id=\"modulo-video\" data-settings=\"{&quot;youtube_url&quot;:&quot;https:\\\/\\\/www.youtube.com\\\/watch?v=LYZao8DLUPA&quot;,&quot;video_type&quot;:&quot;youtube&quot;,&quot;controls&quot;:&quot;yes&quot;}\" data-widget_type=\"video.default\">\n\t\t\t\t<div class=\"elementor-widget-container\">\n\t\t\t\t\t\t\t<div class=\"elementor-wrapper elementor-open-inline\">\n\t\t\t<div class=\"elementor-video\"><\/div>\t\t<\/div>\n\t\t\t\t\t\t<\/div>\n\t\t\t\t<\/div>\n\t\t\t\t<div class=\"elementor-element elementor-element-fa416e7 elementor-widget elementor-widget-html\" data-id=\"fa416e7\" data-element_type=\"widget\" data-widget_type=\"html.default\">\n\t\t\t\t<div class=\"elementor-widget-container\">\n\t\t\t\t\t<script>document.addEventListener('DOMContentLoaded', function() {\n    const buttons = document.querySelectorAll('[data-video-url]');\n    const videoContainer = document.getElementById('modulo-video');\n\n    buttons.forEach(button => {\n        button.addEventListener('click', function() {\n            \/\/ Obtenemos el valor del atributo 'data-video-url' del contenedor\n            const videoUrl = this.getAttribute('data-video-url');\n            \/\/console.log(videoUrl); \/\/ Para verificar que el atributo se lee correctamente\n\n            if (videoUrl) {\n                \/\/ Convertimos la URL de YouTube a formato de inserci\u00f3n\n                const embedUrl = videoUrl.replace('watch?v=', 'embed\/').split('&')[0];\n                \n                \/\/ Encuentra el iframe dentro del contenedor\n                const iframe = videoContainer.querySelector('iframe');\n                \n                \/\/ Asegura que el iframe sea encontrado\n                if (iframe) {\n                    iframe.src = embedUrl;\n                    \/\/console.log(iframe.src);\n                } else {\n                    \/\/console.log('No se encontr\u00f3 el iframe dentro del contenedor');\n                }\n            } else {\n                console.log('No se encontr\u00f3 el atributo data-video-url');\n            }\n        });\n    });\n});\n<\/script>\t\t\t\t<\/div>\n\t\t\t\t<\/div>\n\t\t\t\t\t<\/div>\n\t\t<\/div>\n\t\t\t\t\t<\/div>\n\t\t<\/section>\n\t\t\t\t<section data-particle_enable=\"false\" data-particle-mobile-disabled=\"false\" class=\"elementor-section elementor-top-section elementor-element elementor-element-683dd2b elementor-section-boxed elementor-section-height-default elementor-section-height-default\" data-id=\"683dd2b\" data-element_type=\"section\">\n\t\t\t\t\t\t<div class=\"elementor-container elementor-column-gap-default\">\n\t\t\t\t\t<div class=\"elementor-column elementor-col-100 elementor-top-column elementor-element elementor-element-037991c\" data-id=\"037991c\" data-element_type=\"column\">\n\t\t\t<div class=\"elementor-widget-wrap elementor-element-populated\">\n\t\t\t\t\t\t<div class=\"elementor-element elementor-element-bbf64e3 elementor-widget elementor-widget-heading\" data-id=\"bbf64e3\" data-element_type=\"widget\" data-widget_type=\"heading.default\">\n\t\t\t\t<div class=\"elementor-widget-container\">\n\t\t\t\t\t<h2 class=\"elementor-heading-title elementor-size-default\">Autres pages:<\/h2>\t\t\t\t<\/div>\n\t\t\t\t<\/div>\n\t\t\t\t<div class=\"elementor-element elementor-element-a044821 elementor-widget elementor-widget-shortcode\" data-id=\"a044821\" data-element_type=\"widget\" data-widget_type=\"shortcode.default\">\n\t\t\t\t<div class=\"elementor-widget-container\">\n\t\t\t\t\t\t\t<div class=\"elementor-shortcode\">    <div class=\"posts-container\">\n                    <div class=\"post-item\" style=\"float:left;\">\n                <a href=\"https:\/\/www.implantes-capilares.com\/fr\/photos-de-greffes-de-cheveux__trashed\/\">\n                    <div class=\"post-thumbnail\" style=\"background-image: url('https:\/\/www.implantes-capilares.com\/wp-content\/uploads\/2022\/03\/paciente-h10-950x1024-1.png');\"><\/div>\n                    <p>Photos de greffes de cheveux<\/p>\n                <\/a>\n            <\/div>\n                    <div class=\"post-item\" style=\"float:left;\">\n                <a href=\"https:\/\/www.implantes-capilares.com\/fr\/\">\n                    <div class=\"post-thumbnail\" style=\"background-image: url('https:\/\/www.implantes-capilares.com\/wp-content\/uploads\/2023\/03\/implantes-capilares.jpg');\"><\/div>\n                    <p>Greffe de cheveux Barcelone<\/p>\n                <\/a>\n            <\/div>\n                    <div class=\"post-item\" style=\"float:left;\">\n                <a href=\"https:\/\/www.implantes-capilares.com\/fr\/greffe-de-cheveux__trashed\/\">\n                    <div class=\"post-thumbnail\" style=\"background-image: url('https:\/\/www.implantes-capilares.com\/wp-content\/uploads\/2024\/03\/trasplante-de-cabello-1.jpg');\"><\/div>\n                    <p>Greffe de cheveux<\/p>\n                <\/a>\n            <\/div>\n            <\/div>\n\t\t<style>\n\t\t.post-item{width:33.333333333333%}\n\t\t@media (max-width: 800px) {\n    \t\t.post-item{width:100%}\n\t\t}\n\t\t.post-thumbnail {\n    \theight: 150px;\n    \twidth: 100%;\n    \tbackground-size: cover;\n    \tbackground-position: center;\n\t\t}<\/style>\n\t\t<\/div>\n\t\t\t\t\t\t<\/div>\n\t\t\t\t<\/div>\n\t\t\t\t\t<\/div>\n\t\t<\/div>\n\t\t\t\t\t<\/div>\n\t\t<\/section>\n\t\t\t\t<\/div>\n\t\t","protected":false},"excerpt":{"rendered":"<p>Avant et apr\u00e8s une greffe de cheveux. Photographies et r\u00e9sultats d\u2019un processus complet du 1er jour au 10e mois. Ici, nous vous montrons avec des images \u00e0 quoi ressemble un implant capillaire avec le processus complet du d\u00e9but jusqu&rsquo;a la fin et \u00e9crit de la main du propre patient. Nous [&hellip;]<\/p>\n","protected":false},"author":1,"featured_media":16992,"parent":0,"menu_order":48,"comment_status":"closed","ping_status":"closed","template":"elementor_header_footer","meta":{"_acf_changed":false,"footnotes":""},"class_list":["post-18854","page","type-page","status-publish","has-post-thumbnail","hentry"],"acf":[],"yoast_head":"<!-- This site is optimized with the Yoast SEO Premium plugin v20.1 (Yoast SEO v26.2) - https:\/\/yoast.com\/wordpress\/plugins\/seo\/ -->\n<title>Exp\u00e9rience d\u2019implant capillaire | Implantes capilares<\/title>\n<meta name=\"description\" content=\"Exp\u00e9rience d\u2019implant capillaire d\u2019un vrai patient \u00e0 la clinique de greffe de cheveux de Barcelone. Vous verrez leur propre t\u00e9moignage de l\u2019ensemble du processus.\" \/>\n<meta name=\"robots\" content=\"index, follow, max-snippet:-1, max-image-preview:large, max-video-preview:-1\" \/>\n<link rel=\"canonical\" href=\"https:\/\/www.implantes-capilares.com\/fr\/experience-dimplant-capillaire__trashed\/\" \/>\n<meta property=\"og:locale\" content=\"fr_FR\" \/>\n<meta property=\"og:type\" content=\"article\" \/>\n<meta property=\"og:title\" content=\"Exp\u00e9rience d\u2019implant capillaire\" \/>\n<meta property=\"og:description\" content=\"Exp\u00e9rience d\u2019implant capillaire d\u2019un vrai patient \u00e0 la clinique de greffe de cheveux de Barcelone. Vous verrez leur propre t\u00e9moignage de l\u2019ensemble du processus.\" \/>\n<meta property=\"og:url\" content=\"https:\/\/www.implantes-capilares.com\/fr\/experience-dimplant-capillaire__trashed\/\" \/>\n<meta property=\"og:site_name\" content=\"Implantes capilares\" \/>\n<meta property=\"article:publisher\" content=\"https:\/\/www.facebook.com\/grupomedicocapilar\" \/>\n<meta property=\"article:modified_time\" content=\"2025-01-04T15:41:16+00:00\" \/>\n<meta property=\"og:image\" content=\"https:\/\/www.implantes-capilares.com\/wp-content\/uploads\/2023\/04\/Recuperar-pelo.jpg\" \/>\n\t<meta property=\"og:image:width\" content=\"540\" \/>\n\t<meta property=\"og:image:height\" content=\"540\" \/>\n\t<meta property=\"og:image:type\" content=\"image\/jpeg\" \/>\n<meta name=\"twitter:label1\" content=\"Dur\u00e9e de lecture estim\u00e9e\" \/>\n\t<meta name=\"twitter:data1\" content=\"16 minutes\" \/>\n<script type=\"application\/ld+json\" class=\"yoast-schema-graph\">{\"@context\":\"https:\/\/schema.org\",\"@graph\":[{\"@type\":\"WebPage\",\"@id\":\"https:\/\/www.implantes-capilares.com\/fr\/experience-dimplant-capillaire__trashed\/\",\"url\":\"https:\/\/www.implantes-capilares.com\/fr\/experience-dimplant-capillaire__trashed\/\",\"name\":\"Exp\u00e9rience d\u2019implant capillaire | Implantes capilares\",\"isPartOf\":{\"@id\":\"https:\/\/www.implantes-capilares.com\/fr\/#website\"},\"primaryImageOfPage\":{\"@id\":\"https:\/\/www.implantes-capilares.com\/fr\/experience-dimplant-capillaire__trashed\/#primaryimage\"},\"image\":{\"@id\":\"https:\/\/www.implantes-capilares.com\/fr\/experience-dimplant-capillaire__trashed\/#primaryimage\"},\"thumbnailUrl\":\"https:\/\/www.implantes-capilares.com\/wp-content\/uploads\/2023\/04\/Recuperar-pelo.jpg\",\"datePublished\":\"2024-03-13T16:14:16+00:00\",\"dateModified\":\"2025-01-04T15:41:16+00:00\",\"description\":\"Exp\u00e9rience d\u2019implant capillaire d\u2019un vrai patient \u00e0 la clinique de greffe de cheveux de Barcelone. Vous verrez leur propre t\u00e9moignage de l\u2019ensemble du processus.\",\"breadcrumb\":{\"@id\":\"https:\/\/www.implantes-capilares.com\/fr\/experience-dimplant-capillaire__trashed\/#breadcrumb\"},\"inLanguage\":\"fr-FR\",\"potentialAction\":[{\"@type\":\"ReadAction\",\"target\":[\"https:\/\/www.implantes-capilares.com\/fr\/experience-dimplant-capillaire__trashed\/\"]}]},{\"@type\":\"ImageObject\",\"inLanguage\":\"fr-FR\",\"@id\":\"https:\/\/www.implantes-capilares.com\/fr\/experience-dimplant-capillaire__trashed\/#primaryimage\",\"url\":\"https:\/\/www.implantes-capilares.com\/wp-content\/uploads\/2023\/04\/Recuperar-pelo.jpg\",\"contentUrl\":\"https:\/\/www.implantes-capilares.com\/wp-content\/uploads\/2023\/04\/Recuperar-pelo.jpg\",\"width\":540,\"height\":540,\"caption\":\"Foto de un paciente de como pudo recuperar el pelo perdido.\"},{\"@type\":\"BreadcrumbList\",\"@id\":\"https:\/\/www.implantes-capilares.com\/fr\/experience-dimplant-capillaire__trashed\/#breadcrumb\",\"itemListElement\":[{\"@type\":\"ListItem\",\"position\":1,\"name\":\"Portada\",\"item\":\"https:\/\/www.implantes-capilares.com\/fr\/greffes-de-cheveux__trashed\/\"},{\"@type\":\"ListItem\",\"position\":2,\"name\":\"Exp\u00e9rience d\u2019implant capillaire\"}]},{\"@type\":\"WebSite\",\"@id\":\"https:\/\/www.implantes-capilares.com\/fr\/#website\",\"url\":\"https:\/\/www.implantes-capilares.com\/fr\/\",\"name\":\"Implantes capilares\",\"description\":\"Cl\u00ednica capilar especializada en implantes capilares, injertos de pelo, trasplante de cabello y tratamientos para la ca\u00edda del pelo.\",\"publisher\":{\"@id\":\"https:\/\/www.implantes-capilares.com\/fr\/#organization\"},\"alternateName\":\"Cl\u00ednica de implantes capilares\",\"potentialAction\":[{\"@type\":\"SearchAction\",\"target\":{\"@type\":\"EntryPoint\",\"urlTemplate\":\"https:\/\/www.implantes-capilares.com\/fr\/?s={search_term_string}\"},\"query-input\":{\"@type\":\"PropertyValueSpecification\",\"valueRequired\":true,\"valueName\":\"search_term_string\"}}],\"inLanguage\":\"fr-FR\"},{\"@type\":\"Organization\",\"@id\":\"https:\/\/www.implantes-capilares.com\/fr\/#organization\",\"name\":\"May cl\u00ednica m\u00e9dica capilar\",\"alternateName\":\"May\",\"url\":\"https:\/\/www.implantes-capilares.com\/fr\/\",\"logo\":{\"@type\":\"ImageObject\",\"inLanguage\":\"fr-FR\",\"@id\":\"https:\/\/www.implantes-capilares.com\/fr\/#\/schema\/logo\/image\/\",\"url\":\"https:\/\/www.implantes-capilares.com\/wp-content\/uploads\/2011\/07\/logo-web-02.png\",\"contentUrl\":\"https:\/\/www.implantes-capilares.com\/wp-content\/uploads\/2011\/07\/logo-web-02.png\",\"width\":418,\"height\":418,\"caption\":\"May cl\u00ednica m\u00e9dica capilar\"},\"image\":{\"@id\":\"https:\/\/www.implantes-capilares.com\/fr\/#\/schema\/logo\/image\/\"},\"sameAs\":[\"https:\/\/www.facebook.com\/grupomedicocapilar\",\"https:\/\/www.instagram.com\/grupomedicocapilarmay\/\",\"https:\/\/www.youtube.com\/@maygrupomedicocapilar5686\"]}]}<\/script>\n<!-- \/ Yoast SEO Premium plugin. -->","yoast_head_json":{"title":"Exp\u00e9rience d\u2019implant capillaire | Implantes capilares","description":"Exp\u00e9rience d\u2019implant capillaire d\u2019un vrai patient \u00e0 la clinique de greffe de cheveux de Barcelone. Vous verrez leur propre t\u00e9moignage de l\u2019ensemble du processus.","robots":{"index":"index","follow":"follow","max-snippet":"max-snippet:-1","max-image-preview":"max-image-preview:large","max-video-preview":"max-video-preview:-1"},"canonical":"https:\/\/www.implantes-capilares.com\/fr\/experience-dimplant-capillaire__trashed\/","og_locale":"fr_FR","og_type":"article","og_title":"Exp\u00e9rience d\u2019implant capillaire","og_description":"Exp\u00e9rience d\u2019implant capillaire d\u2019un vrai patient \u00e0 la clinique de greffe de cheveux de Barcelone. Vous verrez leur propre t\u00e9moignage de l\u2019ensemble du processus.","og_url":"https:\/\/www.implantes-capilares.com\/fr\/experience-dimplant-capillaire__trashed\/","og_site_name":"Implantes capilares","article_publisher":"https:\/\/www.facebook.com\/grupomedicocapilar","article_modified_time":"2025-01-04T15:41:16+00:00","og_image":[{"width":540,"height":540,"url":"https:\/\/www.implantes-capilares.com\/wp-content\/uploads\/2023\/04\/Recuperar-pelo.jpg","type":"image\/jpeg"}],"twitter_misc":{"Dur\u00e9e de lecture estim\u00e9e":"16 minutes"},"schema":{"@context":"https:\/\/schema.org","@graph":[{"@type":"WebPage","@id":"https:\/\/www.implantes-capilares.com\/fr\/experience-dimplant-capillaire__trashed\/","url":"https:\/\/www.implantes-capilares.com\/fr\/experience-dimplant-capillaire__trashed\/","name":"Exp\u00e9rience d\u2019implant capillaire | Implantes capilares","isPartOf":{"@id":"https:\/\/www.implantes-capilares.com\/fr\/#website"},"primaryImageOfPage":{"@id":"https:\/\/www.implantes-capilares.com\/fr\/experience-dimplant-capillaire__trashed\/#primaryimage"},"image":{"@id":"https:\/\/www.implantes-capilares.com\/fr\/experience-dimplant-capillaire__trashed\/#primaryimage"},"thumbnailUrl":"https:\/\/www.implantes-capilares.com\/wp-content\/uploads\/2023\/04\/Recuperar-pelo.jpg","datePublished":"2024-03-13T16:14:16+00:00","dateModified":"2025-01-04T15:41:16+00:00","description":"Exp\u00e9rience d\u2019implant capillaire d\u2019un vrai patient \u00e0 la clinique de greffe de cheveux de Barcelone. Vous verrez leur propre t\u00e9moignage de l\u2019ensemble du processus.","breadcrumb":{"@id":"https:\/\/www.implantes-capilares.com\/fr\/experience-dimplant-capillaire__trashed\/#breadcrumb"},"inLanguage":"fr-FR","potentialAction":[{"@type":"ReadAction","target":["https:\/\/www.implantes-capilares.com\/fr\/experience-dimplant-capillaire__trashed\/"]}]},{"@type":"ImageObject","inLanguage":"fr-FR","@id":"https:\/\/www.implantes-capilares.com\/fr\/experience-dimplant-capillaire__trashed\/#primaryimage","url":"https:\/\/www.implantes-capilares.com\/wp-content\/uploads\/2023\/04\/Recuperar-pelo.jpg","contentUrl":"https:\/\/www.implantes-capilares.com\/wp-content\/uploads\/2023\/04\/Recuperar-pelo.jpg","width":540,"height":540,"caption":"Foto de un paciente de como pudo recuperar el pelo perdido."},{"@type":"BreadcrumbList","@id":"https:\/\/www.implantes-capilares.com\/fr\/experience-dimplant-capillaire__trashed\/#breadcrumb","itemListElement":[{"@type":"ListItem","position":1,"name":"Portada","item":"https:\/\/www.implantes-capilares.com\/fr\/greffes-de-cheveux__trashed\/"},{"@type":"ListItem","position":2,"name":"Exp\u00e9rience d\u2019implant capillaire"}]},{"@type":"WebSite","@id":"https:\/\/www.implantes-capilares.com\/fr\/#website","url":"https:\/\/www.implantes-capilares.com\/fr\/","name":"Implantes capilares","description":"Cl\u00ednica capilar especializada en implantes capilares, injertos de pelo, trasplante de cabello y tratamientos para la ca\u00edda del pelo.","publisher":{"@id":"https:\/\/www.implantes-capilares.com\/fr\/#organization"},"alternateName":"Cl\u00ednica de implantes capilares","potentialAction":[{"@type":"SearchAction","target":{"@type":"EntryPoint","urlTemplate":"https:\/\/www.implantes-capilares.com\/fr\/?s={search_term_string}"},"query-input":{"@type":"PropertyValueSpecification","valueRequired":true,"valueName":"search_term_string"}}],"inLanguage":"fr-FR"},{"@type":"Organization","@id":"https:\/\/www.implantes-capilares.com\/fr\/#organization","name":"May cl\u00ednica m\u00e9dica capilar","alternateName":"May","url":"https:\/\/www.implantes-capilares.com\/fr\/","logo":{"@type":"ImageObject","inLanguage":"fr-FR","@id":"https:\/\/www.implantes-capilares.com\/fr\/#\/schema\/logo\/image\/","url":"https:\/\/www.implantes-capilares.com\/wp-content\/uploads\/2011\/07\/logo-web-02.png","contentUrl":"https:\/\/www.implantes-capilares.com\/wp-content\/uploads\/2011\/07\/logo-web-02.png","width":418,"height":418,"caption":"May cl\u00ednica m\u00e9dica capilar"},"image":{"@id":"https:\/\/www.implantes-capilares.com\/fr\/#\/schema\/logo\/image\/"},"sameAs":["https:\/\/www.facebook.com\/grupomedicocapilar","https:\/\/www.instagram.com\/grupomedicocapilarmay\/","https:\/\/www.youtube.com\/@maygrupomedicocapilar5686"]}]}},"_links":{"self":[{"href":"https:\/\/www.implantes-capilares.com\/fr\/wp-json\/wp\/v2\/pages\/18854","targetHints":{"allow":["GET"]}}],"collection":[{"href":"https:\/\/www.implantes-capilares.com\/fr\/wp-json\/wp\/v2\/pages"}],"about":[{"href":"https:\/\/www.implantes-capilares.com\/fr\/wp-json\/wp\/v2\/types\/page"}],"author":[{"embeddable":true,"href":"https:\/\/www.implantes-capilares.com\/fr\/wp-json\/wp\/v2\/users\/1"}],"replies":[{"embeddable":true,"href":"https:\/\/www.implantes-capilares.com\/fr\/wp-json\/wp\/v2\/comments?post=18854"}],"version-history":[{"count":90,"href":"https:\/\/www.implantes-capilares.com\/fr\/wp-json\/wp\/v2\/pages\/18854\/revisions"}],"predecessor-version":[{"id":23424,"href":"https:\/\/www.implantes-capilares.com\/fr\/wp-json\/wp\/v2\/pages\/18854\/revisions\/23424"}],"wp:featuredmedia":[{"embeddable":true,"href":"https:\/\/www.implantes-capilares.com\/fr\/wp-json\/wp\/v2\/media\/16992"}],"wp:attachment":[{"href":"https:\/\/www.implantes-capilares.com\/fr\/wp-json\/wp\/v2\/media?parent=18854"}],"curies":[{"name":"wp","href":"https:\/\/api.w.org\/{rel}","templated":true}]}}